{"id":3616,"date":"2021-07-01T13:06:40","date_gmt":"2021-07-01T11:06:40","guid":{"rendered":"https:\/\/weinzaepfel.fr\/?post_type=product&#038;p=3616"},"modified":"2021-12-08T18:56:02","modified_gmt":"2021-12-08T17:56:02","slug":"cremant-rose-brut-nature-2019","status":"publish","type":"product","link":"https:\/\/weinzaepfel.fr\/en\/product\/cremant-rose-brut-nature-2019\/","title":{"rendered":"Cr\u00e9mant Ros\u00e9 Brut Nature"},"content":{"rendered":"<div class=\"vc_row wpb_row vc_row-fluid vc_row-o-content-top vc_row-flex\"><div class=\"wpb_animate_when_almost_visible wpb_left-to-right left-to-right wpb_column vc_column_container vc_col-sm-6 vc_hidden-md vc_hidden-sm vc_hidden-xs\"><div class=\"vc_column-inner vc_custom_1637933584638\"><div class=\"wpb_wrapper\">\n\t<div class=\"wpb_text_column wpb_content_element\" >\n\t\t<div class=\"wpb_wrapper\">\n\t\t\t<h2>Terroir et Situation<\/h2>\n\n\t\t<\/div>\n\t<\/div>\n\n\t<div class=\"wpb_text_column wpb_content_element  vc_custom_1625141065510\" >\n\t\t<div class=\"wpb_wrapper\">\n\t\t\t<p style=\"text-align: justify;\">Vieilles vignes de Pinot noir plant\u00e9es d\u00e9but des ann\u00e9es 80 sur L\u2019Orschwillerbourg-Winckel. Vignes en pente faible situ\u00e9es \u00e0 la sortie de la ville de Soultz. La roche m\u00e8re est constitu\u00e9e de Marnes et d\u2019argiles du Lias et de l\u2019Oligoc\u00e8ne. La structure Argilo-limoneuse conf\u00e8re une bonne r\u00e9serve utile ainsi qu\u2019un volume particulier au vin.<\/p>\n\n\t\t<\/div>\n\t<\/div>\n<\/div><\/div><\/div><div class=\"wpb_animate_when_almost_visible wpb_right-to-left right-to-left wpb_column vc_column_container vc_col-sm-6 vc_hidden-md vc_hidden-sm vc_hidden-xs\"><div class=\"vc_column-inner\"><div class=\"wpb_wrapper\"><div class=\"vc_empty_space\"   style=\"height: 42px\"><span class=\"vc_empty_space_inner\"><\/span><\/div>\n\t<div  class=\"wpb_single_image wpb_content_element vc_align_left  vc_custom_1637243970116\">\n\t\t\n\t\t<figure class=\"wpb_wrapper vc_figure\">\n\t\t\t<div class=\"vc_single_image-wrapper   vc_box_border_grey\"><img loading=\"lazy\" decoding=\"async\" width=\"768\" height=\"1024\" src=\"https:\/\/weinzaepfel.fr\/wp-content\/uploads\/2021\/07\/IMG_6086-768x1024.jpg\" class=\"vc_single_image-img attachment-large\" alt=\"\" srcset=\"https:\/\/weinzaepfel.fr\/wp-content\/uploads\/2021\/07\/IMG_6086-768x1024.jpg 768w, https:\/\/weinzaepfel.fr\/wp-content\/uploads\/2021\/07\/IMG_6086-225x300.jpg 225w, https:\/\/weinzaepfel.fr\/wp-content\/uploads\/2021\/07\/IMG_6086-1152x1536.jpg 1152w, https:\/\/weinzaepfel.fr\/wp-content\/uploads\/2021\/07\/IMG_6086-1536x2048.jpg 1536w, https:\/\/weinzaepfel.fr\/wp-content\/uploads\/2021\/07\/IMG_6086-scaled.jpg 1920w\" sizes=\"(max-width: 768px) 100vw, 768px\" \/><\/div>\n\t\t<\/figure>\n\t<\/div>\n<\/div><\/div><\/div><\/div><div class=\"vc_row wpb_row vc_row-fluid vc_custom_1625136973825 vc_row-has-fill vc_row-o-content-top vc_row-flex\"><div class=\"wpb_animate_when_almost_visible wpb_left-to-right left-to-right wpb_column vc_column_container vc_col-sm-12 vc_col-lg-6 vc_col-md-6 vc_hidden-md vc_hidden-sm vc_hidden-xs\"><div class=\"vc_column-inner\"><div class=\"wpb_wrapper\"><div class=\"vc_empty_space\"   style=\"height: 142px\"><span class=\"vc_empty_space_inner\"><\/span><\/div>\n\t<div  class=\"wpb_single_image wpb_content_element vc_align_left  vc_custom_1637243976659\">\n\t\t\n\t\t<figure class=\"wpb_wrapper vc_figure\">\n\t\t\t<div class=\"vc_single_image-wrapper   vc_box_border_grey\"><img loading=\"lazy\" decoding=\"async\" width=\"768\" height=\"1024\" src=\"https:\/\/weinzaepfel.fr\/wp-content\/uploads\/2021\/07\/20200828_061442089_iOS-1-768x1024.jpg\" class=\"vc_single_image-img attachment-large\" alt=\"\" srcset=\"https:\/\/weinzaepfel.fr\/wp-content\/uploads\/2021\/07\/20200828_061442089_iOS-1-768x1024.jpg 768w, https:\/\/weinzaepfel.fr\/wp-content\/uploads\/2021\/07\/20200828_061442089_iOS-1-225x300.jpg 225w, https:\/\/weinzaepfel.fr\/wp-content\/uploads\/2021\/07\/20200828_061442089_iOS-1-1152x1536.jpg 1152w, https:\/\/weinzaepfel.fr\/wp-content\/uploads\/2021\/07\/20200828_061442089_iOS-1-1536x2048.jpg 1536w, https:\/\/weinzaepfel.fr\/wp-content\/uploads\/2021\/07\/20200828_061442089_iOS-1-scaled.jpg 1920w\" sizes=\"(max-width: 768px) 100vw, 768px\" \/><\/div>\n\t\t<\/figure>\n\t<\/div>\n<\/div><\/div><\/div><div class=\"wpb_animate_when_almost_visible wpb_right-to-left right-to-left wpb_column vc_column_container vc_col-sm-6 vc_col-lg-6 vc_col-md-6 vc_hidden-md vc_hidden-sm vc_hidden-xs\"><div class=\"vc_column-inner vc_custom_1637933590247\"><div class=\"wpb_wrapper\"><div class=\"vc_empty_space\"   style=\"height: 105px\"><span class=\"vc_empty_space_inner\"><\/span><\/div>\n\t<div class=\"wpb_text_column wpb_content_element\" >\n\t\t<div class=\"wpb_wrapper\">\n\t\t\t<h2>Culture de la vigne<\/h2>\n\n\t\t<\/div>\n\t<\/div>\n\n\t<div class=\"wpb_text_column wpb_content_element  vc_custom_1637864126627\" >\n\t\t<div class=\"wpb_wrapper\">\n\t\t\t<p style=\"text-align: justify;\">Tri sur table dans la parcelle pendant les vendanges. Les vendanges sont effectu\u00e9es manuellement pour le respect de la qualit\u00e9 du raisin.<\/p>\n<p style=\"text-align: justify;\">Conduite du vignoble de fa\u00e7on la plus responsable possible: Engrais verts, peu de passage de tracteur, etc.<\/p>\n<p style=\"text-align: justify;\">Nos vignes ont obtenu la Certification Haute Valeur Environnementale de niveau 3 et sont en conversion vers l\u2019agriculture biologique depuis 2019.<\/p>\n\n\t\t<\/div>\n\t<\/div>\n<\/div><\/div><\/div><\/div><div class=\"vc_row wpb_row vc_row-fluid vc_custom_1625136982025 vc_row-has-fill vc_row-o-content-top vc_row-flex\"><div class=\"wpb_animate_when_almost_visible wpb_left-to-right left-to-right wpb_column vc_column_container vc_col-sm-6 vc_col-lg-6 vc_col-md-6 vc_hidden-md vc_hidden-sm vc_hidden-xs\"><div class=\"vc_column-inner vc_custom_1637933607365\"><div class=\"wpb_wrapper\"><div class=\"vc_empty_space\"   style=\"height: 100px\"><span class=\"vc_empty_space_inner\"><\/span><\/div>\n\t<div class=\"wpb_text_column wpb_content_element\" >\n\t\t<div class=\"wpb_wrapper\">\n\t\t\t<h2>Vinification et \u00e9levage<\/h2>\n\n\t\t<\/div>\n\t<\/div>\n\n\t<div class=\"wpb_text_column wpb_content_element  vc_custom_1637237853417\" >\n\t\t<div class=\"wpb_wrapper\">\n\t\t\t<p style=\"text-align: justify;\">Vendang\u00e9s en jour \u00ab\u00a0fruits\u00a0\u00bb, ces pinots noir ont \u00e9t\u00e9 r\u00e9colt\u00e9s une fois la pellicule bien color\u00e9e pour extraire la couleur, lors du pressurage uniquement. Ce dernier \u00e9tant long et doux, il permet une petite mac\u00e9ration des jus au contact des pellicules. Les jus clairs sont obtenus suite \u00e0 un d\u00e9bourbage statique \u00e0 froid avec une terre de filtration. Un premier assemblage est r\u00e9alis\u00e9 avant les fermentations alcoolique et malolactique. Nous sulfitons ensuite \u00e0 3g\/hl pour prot\u00e9ger le vin. Au d\u00e9but du printemps les vins sont filtr\u00e9s et assembl\u00e9s juste avant le tirage. La prise de mousse se fait \u00e0 temp\u00e9rature id\u00e9ale dans notre ancienne cave souterraine afin de garantir des bulles tr\u00e8s fines. Une fois l\u2019\u00e9levage sur latte de 12 mois termin\u00e9, le d\u00e9gorgement cl\u00f4ture ce long processus d\u2019\u00e9laboration. Aucun sucre n&rsquo;est ajout\u00e9 lors de cette \u00e9tape, d\u2019o\u00f9 sa mention BRUT NATURE.<\/p>\n<p>Apr\u00e8s le d\u00e9gorgement, les Cr\u00e9mants reposent 6 mois afin d&rsquo;affiner l&rsquo;effervescence vigoureuse.<\/p>\n\n\t\t<\/div>\n\t<\/div>\n<\/div><\/div><\/div><div class=\"wpb_animate_when_almost_visible wpb_right-to-left right-to-left wpb_column vc_column_container vc_col-sm-12 vc_col-lg-6 vc_col-md-6 vc_hidden-md vc_hidden-sm vc_hidden-xs\"><div class=\"vc_column-inner vc_custom_1637933599980\"><div class=\"wpb_wrapper\"><div class=\"vc_empty_space\"   style=\"height: 142px\"><span class=\"vc_empty_space_inner\"><\/span><\/div>\n\t<div  class=\"wpb_single_image wpb_content_element vc_align_left  vc_custom_1637243983527\">\n\t\t\n\t\t<figure class=\"wpb_wrapper vc_figure\">\n\t\t\t<div class=\"vc_single_image-wrapper   vc_box_border_grey\"><img loading=\"lazy\" decoding=\"async\" width=\"706\" height=\"1024\" src=\"https:\/\/weinzaepfel.fr\/wp-content\/uploads\/2021\/07\/IMG_9677-scaled-e1637232173935-706x1024.jpg\" class=\"vc_single_image-img attachment-large\" alt=\"\" srcset=\"https:\/\/weinzaepfel.fr\/wp-content\/uploads\/2021\/07\/IMG_9677-scaled-e1637232173935-706x1024.jpg 706w, https:\/\/weinzaepfel.fr\/wp-content\/uploads\/2021\/07\/IMG_9677-scaled-e1637232173935-207x300.jpg 207w, https:\/\/weinzaepfel.fr\/wp-content\/uploads\/2021\/07\/IMG_9677-scaled-e1637232173935-768x1114.jpg 768w, https:\/\/weinzaepfel.fr\/wp-content\/uploads\/2021\/07\/IMG_9677-scaled-e1637232173935-1058x1536.jpg 1058w, https:\/\/weinzaepfel.fr\/wp-content\/uploads\/2021\/07\/IMG_9677-scaled-e1637232173935-1411x2048.jpg 1411w, https:\/\/weinzaepfel.fr\/wp-content\/uploads\/2021\/07\/IMG_9677-scaled-e1637232173935.jpg 1689w\" sizes=\"(max-width: 706px) 100vw, 706px\" \/><\/div>\n\t\t<\/figure>\n\t<\/div>\n<\/div><\/div><\/div><\/div><div class=\"vc_row wpb_row vc_row-fluid vc_row-o-content-top vc_row-flex\"><div class=\"wpb_animate_when_almost_visible wpb_left-to-right left-to-right wpb_column vc_column_container vc_col-sm-12 vc_hidden-lg\"><div class=\"vc_column-inner vc_custom_1637933613118\"><div class=\"wpb_wrapper\"><div class=\"vc_empty_space\"   style=\"height: 20px\"><span class=\"vc_empty_space_inner\"><\/span><\/div>\n\t<div class=\"wpb_text_column wpb_content_element\" >\n\t\t<div class=\"wpb_wrapper\">\n\t\t\t<h2>Terroir et Situation<\/h2>\n\n\t\t<\/div>\n\t<\/div>\n\n\t<div  class=\"wpb_single_image wpb_content_element vc_align_left  vc_custom_1637243970116\">\n\t\t\n\t\t<figure class=\"wpb_wrapper vc_figure\">\n\t\t\t<div class=\"vc_single_image-wrapper   vc_box_border_grey\"><img loading=\"lazy\" decoding=\"async\" width=\"768\" height=\"1024\" src=\"https:\/\/weinzaepfel.fr\/wp-content\/uploads\/2021\/07\/IMG_6086-768x1024.jpg\" class=\"vc_single_image-img attachment-large\" alt=\"\" srcset=\"https:\/\/weinzaepfel.fr\/wp-content\/uploads\/2021\/07\/IMG_6086-768x1024.jpg 768w, https:\/\/weinzaepfel.fr\/wp-content\/uploads\/2021\/07\/IMG_6086-225x300.jpg 225w, https:\/\/weinzaepfel.fr\/wp-content\/uploads\/2021\/07\/IMG_6086-1152x1536.jpg 1152w, https:\/\/weinzaepfel.fr\/wp-content\/uploads\/2021\/07\/IMG_6086-1536x2048.jpg 1536w, https:\/\/weinzaepfel.fr\/wp-content\/uploads\/2021\/07\/IMG_6086-scaled.jpg 1920w\" sizes=\"(max-width: 768px) 100vw, 768px\" \/><\/div>\n\t\t<\/figure>\n\t<\/div>\n<div class=\"vc_empty_space\"   style=\"height: 15px\"><span class=\"vc_empty_space_inner\"><\/span><\/div>\n\t<div class=\"wpb_text_column wpb_content_element  vc_custom_1625141065510\" >\n\t\t<div class=\"wpb_wrapper\">\n\t\t\t<p style=\"text-align: justify;\">Vieilles vignes de Pinot noir plant\u00e9es d\u00e9but des ann\u00e9es 80 sur L\u2019Orschwillerbourg-Winckel. Vignes en pente faible situ\u00e9es \u00e0 la sortie de la ville de Soultz. La roche m\u00e8re est constitu\u00e9e de Marnes et d\u2019argiles du Lias et de l\u2019Oligoc\u00e8ne. La structure Argilo-limoneuse conf\u00e8re une bonne r\u00e9serve utile ainsi qu\u2019un volume particulier au vin.<\/p>\n\n\t\t<\/div>\n\t<\/div>\n<\/div><\/div><\/div><\/div><div class=\"vc_row wpb_row vc_row-fluid vc_custom_1625136973825 vc_row-has-fill vc_row-o-content-top vc_row-flex\"><div class=\"wpb_column vc_column_container vc_col-sm-12 vc_hidden-lg\"><div class=\"vc_column-inner\"><div class=\"wpb_wrapper\"><div class=\"vc_empty_space\"   style=\"height: 50px\"><span class=\"vc_empty_space_inner\"><\/span><\/div>\n\t<div class=\"wpb_text_column wpb_content_element\" >\n\t\t<div class=\"wpb_wrapper\">\n\t\t\t<h2>Culture de la vigne<\/h2>\n\n\t\t<\/div>\n\t<\/div>\n\n\t<div  class=\"wpb_single_image wpb_content_element vc_align_left  vc_custom_1637243976659\">\n\t\t\n\t\t<figure class=\"wpb_wrapper vc_figure\">\n\t\t\t<div class=\"vc_single_image-wrapper   vc_box_border_grey\"><img loading=\"lazy\" decoding=\"async\" width=\"768\" height=\"1024\" src=\"https:\/\/weinzaepfel.fr\/wp-content\/uploads\/2021\/07\/20200828_061442089_iOS-1-768x1024.jpg\" class=\"vc_single_image-img attachment-large\" alt=\"\" srcset=\"https:\/\/weinzaepfel.fr\/wp-content\/uploads\/2021\/07\/20200828_061442089_iOS-1-768x1024.jpg 768w, https:\/\/weinzaepfel.fr\/wp-content\/uploads\/2021\/07\/20200828_061442089_iOS-1-225x300.jpg 225w, https:\/\/weinzaepfel.fr\/wp-content\/uploads\/2021\/07\/20200828_061442089_iOS-1-1152x1536.jpg 1152w, https:\/\/weinzaepfel.fr\/wp-content\/uploads\/2021\/07\/20200828_061442089_iOS-1-1536x2048.jpg 1536w, https:\/\/weinzaepfel.fr\/wp-content\/uploads\/2021\/07\/20200828_061442089_iOS-1-scaled.jpg 1920w\" sizes=\"(max-width: 768px) 100vw, 768px\" \/><\/div>\n\t\t<\/figure>\n\t<\/div>\n<div class=\"vc_empty_space\"   style=\"height: 15px\"><span class=\"vc_empty_space_inner\"><\/span><\/div>\n\t<div class=\"wpb_text_column wpb_content_element  vc_custom_1637864126627\" >\n\t\t<div class=\"wpb_wrapper\">\n\t\t\t<p style=\"text-align: justify;\">Tri sur table dans la parcelle pendant les vendanges. Les vendanges sont effectu\u00e9es manuellement pour le respect de la qualit\u00e9 du raisin.<\/p>\n<p style=\"text-align: justify;\">Conduite du vignoble de fa\u00e7on la plus responsable possible: Engrais verts, peu de passage de tracteur, etc.<\/p>\n<p style=\"text-align: justify;\">Nos vignes ont obtenu la Certification Haute Valeur Environnementale de niveau 3 et sont en conversion vers l\u2019agriculture biologique depuis 2019.<\/p>\n\n\t\t<\/div>\n\t<\/div>\n<\/div><\/div><\/div><\/div><div class=\"vc_row wpb_row vc_row-fluid vc_custom_1625136982025 vc_row-has-fill vc_row-o-content-top vc_row-flex\"><div class=\"wpb_column vc_column_container vc_col-sm-12 vc_hidden-lg\"><div class=\"vc_column-inner\"><div class=\"wpb_wrapper\"><div class=\"vc_empty_space\"   style=\"height: 50px\"><span class=\"vc_empty_space_inner\"><\/span><\/div>\n\t<div class=\"wpb_text_column wpb_content_element\" >\n\t\t<div class=\"wpb_wrapper\">\n\t\t\t<h2>Vinification et \u00e9levage<\/h2>\n\n\t\t<\/div>\n\t<\/div>\n\n\t<div  class=\"wpb_single_image wpb_content_element vc_align_left  vc_custom_1637243983527\">\n\t\t\n\t\t<figure class=\"wpb_wrapper vc_figure\">\n\t\t\t<div class=\"vc_single_image-wrapper   vc_box_border_grey\"><img loading=\"lazy\" decoding=\"async\" width=\"706\" height=\"1024\" src=\"https:\/\/weinzaepfel.fr\/wp-content\/uploads\/2021\/07\/IMG_9677-scaled-e1637232173935-706x1024.jpg\" class=\"vc_single_image-img attachment-large\" alt=\"\" srcset=\"https:\/\/weinzaepfel.fr\/wp-content\/uploads\/2021\/07\/IMG_9677-scaled-e1637232173935-706x1024.jpg 706w, https:\/\/weinzaepfel.fr\/wp-content\/uploads\/2021\/07\/IMG_9677-scaled-e1637232173935-207x300.jpg 207w, https:\/\/weinzaepfel.fr\/wp-content\/uploads\/2021\/07\/IMG_9677-scaled-e1637232173935-768x1114.jpg 768w, https:\/\/weinzaepfel.fr\/wp-content\/uploads\/2021\/07\/IMG_9677-scaled-e1637232173935-1058x1536.jpg 1058w, https:\/\/weinzaepfel.fr\/wp-content\/uploads\/2021\/07\/IMG_9677-scaled-e1637232173935-1411x2048.jpg 1411w, https:\/\/weinzaepfel.fr\/wp-content\/uploads\/2021\/07\/IMG_9677-scaled-e1637232173935.jpg 1689w\" sizes=\"(max-width: 706px) 100vw, 706px\" \/><\/div>\n\t\t<\/figure>\n\t<\/div>\n<div class=\"vc_empty_space\"   style=\"height: 15px\"><span class=\"vc_empty_space_inner\"><\/span><\/div>\n\t<div class=\"wpb_text_column wpb_content_element  vc_custom_1637237853417\" >\n\t\t<div class=\"wpb_wrapper\">\n\t\t\t<p style=\"text-align: justify;\">Vendang\u00e9s en jour \u00ab\u00a0fruits\u00a0\u00bb, ces pinots noir ont \u00e9t\u00e9 r\u00e9colt\u00e9s une fois la pellicule bien color\u00e9e pour extraire la couleur, lors du pressurage uniquement. Ce dernier \u00e9tant long et doux, il permet une petite mac\u00e9ration des jus au contact des pellicules. Les jus clairs sont obtenus suite \u00e0 un d\u00e9bourbage statique \u00e0 froid avec une terre de filtration. Un premier assemblage est r\u00e9alis\u00e9 avant les fermentations alcoolique et malolactique. Nous sulfitons ensuite \u00e0 3g\/hl pour prot\u00e9ger le vin. Au d\u00e9but du printemps les vins sont filtr\u00e9s et assembl\u00e9s juste avant le tirage. La prise de mousse se fait \u00e0 temp\u00e9rature id\u00e9ale dans notre ancienne cave souterraine afin de garantir des bulles tr\u00e8s fines. Une fois l\u2019\u00e9levage sur latte de 12 mois termin\u00e9, le d\u00e9gorgement cl\u00f4ture ce long processus d\u2019\u00e9laboration. Aucun sucre n&rsquo;est ajout\u00e9 lors de cette \u00e9tape, d\u2019o\u00f9 sa mention BRUT NATURE.<\/p>\n<p>Apr\u00e8s le d\u00e9gorgement, les Cr\u00e9mants reposent 6 mois afin d&rsquo;affiner l&rsquo;effervescence vigoureuse.<\/p>\n\n\t\t<\/div>\n\t<\/div>\n<\/div><\/div><\/div><\/div><div class=\"vc_row wpb_row vc_row-fluid vc_custom_1637933279237 vc_row-has-fill\"><div class=\"wpb_animate_when_almost_visible wpb_left-to-right left-to-right wpb_column vc_column_container vc_col-sm-12 vc_hidden-lg vc_hidden-md vc_hidden-sm vc_col-has-fill\"><div class=\"vc_column-inner vc_custom_1636134315859\"><div class=\"wpb_wrapper\">\n\t<div class=\"wpb_text_column wpb_content_element\" >\n\t\t<div class=\"wpb_wrapper\">\n\t\t\t<h1 style=\"text-align: center; font-size: 60px;\"><span style=\"color: #808080;\">D\u00e9gustation<\/span><\/h1>\n\n\t\t<\/div>\n\t<\/div>\n\n\t<div  class=\"wpb_single_image wpb_content_element vc_align_center\">\n\t\t\n\t\t<figure class=\"wpb_wrapper vc_figure\">\n\t\t\t<div class=\"vc_single_image-wrapper   vc_box_border_grey\"><img loading=\"lazy\" decoding=\"async\" width=\"133\" height=\"105\" src=\"https:\/\/weinzaepfel.fr\/wp-content\/uploads\/2021\/11\/a_03.png\" class=\"vc_single_image-img attachment-medium\" alt=\"\" \/><\/div>\n\t\t<\/figure>\n\t<\/div>\n\n\t<div class=\"wpb_text_column wpb_content_element\" >\n\t\t<div class=\"wpb_wrapper\">\n\t\t\t<p style=\"text-align: justify;\">Ce cr\u00e9mant offre une couleur rose dor\u00e9e rehauss\u00e9e par une l\u00e9g\u00e8re teinte cuivr\u00e9e. Les bulles sont fines et forment un cordon dynamique persistant. La mousse cr\u00e9meuse enveloppe son ensemble.<\/p>\n\n\t\t<\/div>\n\t<\/div>\n<\/div><\/div><\/div><div class=\"wpb_column vc_column_container vc_col-sm-12 vc_hidden-lg vc_hidden-md vc_hidden-sm\"><div class=\"vc_column-inner\"><div class=\"wpb_wrapper\"><div class=\"vc_empty_space\"   style=\"height: 32px\"><span class=\"vc_empty_space_inner\"><\/span><\/div>\n\t<div  class=\"wpb_single_image wpb_content_element vc_align_center\">\n\t\t\n\t\t<figure class=\"wpb_wrapper vc_figure\">\n\t\t\t<div class=\"vc_single_image-wrapper   vc_box_border_grey\"><img loading=\"lazy\" decoding=\"async\" width=\"125\" height=\"151\" src=\"https:\/\/weinzaepfel.fr\/wp-content\/uploads\/2021\/11\/a_07.png\" class=\"vc_single_image-img attachment-medium\" alt=\"\" \/><\/div>\n\t\t<\/figure>\n\t<\/div>\n\n\t<div class=\"wpb_text_column wpb_content_element\" >\n\t\t<div class=\"wpb_wrapper\">\n\t\t\t<p style=\"text-align: justify;\">Un cr\u00e9mant gourmand aux ar\u00f4mes dominants de fraise des bois.<\/p>\n\n\t\t<\/div>\n\t<\/div>\n<\/div><\/div><\/div><div class=\"wpb_column vc_column_container vc_col-sm-12 vc_hidden-lg vc_hidden-md vc_hidden-sm\"><div class=\"vc_column-inner\"><div class=\"wpb_wrapper\"><div class=\"vc_empty_space\"   style=\"height: 32px\"><span class=\"vc_empty_space_inner\"><\/span><\/div>\n\t<div  class=\"wpb_single_image wpb_content_element vc_align_center\">\n\t\t\n\t\t<figure class=\"wpb_wrapper vc_figure\">\n\t\t\t<div class=\"vc_single_image-wrapper   vc_box_border_grey\"><img loading=\"lazy\" decoding=\"async\" width=\"133\" height=\"108\" src=\"https:\/\/weinzaepfel.fr\/wp-content\/uploads\/2021\/11\/a_10.png\" class=\"vc_single_image-img attachment-medium\" alt=\"\" \/><\/div>\n\t\t<\/figure>\n\t<\/div>\n\n\t<div class=\"wpb_text_column wpb_content_element\" >\n\t\t<div class=\"wpb_wrapper\">\n\t\t\t<p style=\"text-align: justify;\">Un fruit\u00e9 intense et une acidit\u00e9 vive se conjuguent de fa\u00e7on harmonieuse pour vous proposer une bouche riche et exaltante. La gourmandise est port\u00e9e par des notes de fraise des bois ainsi qu\u2019une texture croquante.<\/p>\n\n\t\t<\/div>\n\t<\/div>\n<\/div><\/div><\/div><div class=\"wpb_column vc_column_container vc_col-sm-12 vc_hidden-lg vc_hidden-md vc_hidden-sm\"><div class=\"vc_column-inner\"><div class=\"wpb_wrapper\"><div class=\"vc_empty_space\"   style=\"height: 380px\"><span class=\"vc_empty_space_inner\"><\/span><\/div><\/div><\/div><\/div><\/div><div class=\"vc_row wpb_row vc_row-fluid vc_custom_1636134256641\"><div class=\"wpb_column vc_column_container vc_col-sm-4 vc_col-has-fill\"><div class=\"vc_column-inner vc_custom_1636132099713\"><div class=\"wpb_wrapper\"><\/div><\/div><\/div><div class=\"wpb_animate_when_almost_visible wpb_bottom-to-top bottom-to-top wpb_column vc_column_container vc_col-sm-4 vc_hidden-xs vc_col-has-fill\"><div class=\"vc_column-inner vc_custom_1637933175158\"><div class=\"wpb_wrapper\"><div class=\"vc_empty_space\"   style=\"height: 122px\"><span class=\"vc_empty_space_inner\"><\/span><\/div>\n\t<div  class=\"wpb_single_image wpb_content_element vc_align_center\">\n\t\t\n\t\t<figure class=\"wpb_wrapper vc_figure\">\n\t\t\t<div class=\"vc_single_image-wrapper   vc_box_border_grey\"><img loading=\"lazy\" decoding=\"async\" width=\"125\" height=\"151\" src=\"https:\/\/weinzaepfel.fr\/wp-content\/uploads\/2021\/11\/a_07.png\" class=\"vc_single_image-img attachment-medium\" alt=\"\" \/><\/div>\n\t\t<\/figure>\n\t<\/div>\n\n\t<div class=\"wpb_text_column wpb_content_element\" >\n\t\t<div class=\"wpb_wrapper\">\n\t\t\t<p>Un cr\u00e9mant gourmand aux ar\u00f4mes dominants de fraise des bois.<\/p>\n\n\t\t<\/div>\n\t<\/div>\n<\/div><\/div><\/div><div class=\"wpb_column vc_column_container vc_col-sm-4 vc_col-has-fill\"><div class=\"vc_column-inner vc_custom_1636132146199\"><div class=\"wpb_wrapper\"><\/div><\/div><\/div><\/div><div class=\"vc_row wpb_row vc_row-fluid\"><div class=\"wpb_column vc_column_container vc_col-sm-12 vc_hidden-xs\"><div class=\"vc_column-inner\"><div class=\"wpb_wrapper\">\n\t<div class=\"wpb_text_column wpb_content_element  vc_custom_1636132157631\" >\n\t\t<div class=\"wpb_wrapper\">\n\t\t\t<h1 style=\"text-align: center; font-size: 120px;\"><span style=\"color: #808080;\">D\u00e9gustation<\/span><\/h1>\n\n\t\t<\/div>\n\t<\/div>\n<\/div><\/div><\/div><\/div><div class=\"vc_row wpb_row vc_row-fluid vc_custom_1636133137811 vc_row-has-fill\"><div class=\"wpb_column vc_column_container vc_col-sm-4 vc_hidden-xs vc_col-has-fill\"><div class=\"vc_column-inner vc_custom_1637244202987\"><div class=\"wpb_wrapper\"><div class=\"vc_empty_space\"   style=\"height: 32px\"><span class=\"vc_empty_space_inner\"><\/span><\/div>\n\t<div  class=\"wpb_single_image wpb_content_element vc_align_center\">\n\t\t\n\t\t<figure class=\"wpb_wrapper vc_figure\">\n\t\t\t<div class=\"vc_single_image-wrapper   vc_box_border_grey\"><img loading=\"lazy\" decoding=\"async\" width=\"133\" height=\"105\" src=\"https:\/\/weinzaepfel.fr\/wp-content\/uploads\/2021\/11\/a_03.png\" class=\"vc_single_image-img attachment-medium\" alt=\"\" \/><\/div>\n\t\t<\/figure>\n\t<\/div>\n\n\t<div class=\"wpb_text_column wpb_content_element\" >\n\t\t<div class=\"wpb_wrapper\">\n\t\t\t<p style=\"text-align: justify;\">Ce cr\u00e9mant offre une couleur rose dor\u00e9e rehauss\u00e9e par une l\u00e9g\u00e8re teinte cuivr\u00e9e. Les bulles sont fines et forment un cordon dynamique persistant. La mousse cr\u00e9meuse enveloppe son ensemble.<\/p>\n\n\t\t<\/div>\n\t<\/div>\n<\/div><\/div><\/div><div class=\"wpb_column vc_column_container vc_col-sm-4\"><div class=\"vc_column-inner\"><div class=\"wpb_wrapper\"><\/div><\/div><\/div><div class=\"wpb_column vc_column_container vc_col-sm-4 vc_hidden-xs vc_col-has-fill\"><div class=\"vc_column-inner vc_custom_1637244219054\"><div class=\"wpb_wrapper\"><div class=\"vc_empty_space\"   style=\"height: 32px\"><span class=\"vc_empty_space_inner\"><\/span><\/div>\n\t<div  class=\"wpb_single_image wpb_content_element vc_align_center\">\n\t\t\n\t\t<figure class=\"wpb_wrapper vc_figure\">\n\t\t\t<div class=\"vc_single_image-wrapper   vc_box_border_grey\"><img loading=\"lazy\" decoding=\"async\" width=\"133\" height=\"108\" src=\"https:\/\/weinzaepfel.fr\/wp-content\/uploads\/2021\/11\/a_10.png\" class=\"vc_single_image-img attachment-medium\" alt=\"\" \/><\/div>\n\t\t<\/figure>\n\t<\/div>\n\n\t<div class=\"wpb_text_column wpb_content_element\" >\n\t\t<div class=\"wpb_wrapper\">\n\t\t\t<p style=\"text-align: justify;\">Un fruit\u00e9 intense et une acidit\u00e9 vive se conjuguent de fa\u00e7on harmonieuse pour vous proposer une bouche riche et exaltante. La gourmandise est port\u00e9e par des notes de fraise des bois ainsi qu\u2019une texture croquante.<\/p>\n\n\t\t<\/div>\n\t<\/div>\n<\/div><\/div><\/div><\/div><div class=\"vc_row wpb_row vc_row-fluid\"><div class=\"wpb_column vc_column_container vc_col-sm-12\"><div class=\"vc_column-inner\"><div class=\"wpb_wrapper\"><div class=\"vc_empty_space\"   style=\"height: 32px\"><span class=\"vc_empty_space_inner\"><\/span><\/div>\n<div class=\"vc-zigzag-wrapper vc-zigzag-align-center\"><div class=\"vc-zigzag-inner\" style=\"width: 100%;min-height: 14px;background: 0 repeat-x url(&#039;data:image\/svg+xml;utf-8,%3C%3Fxml%20version%3D%221.0%22%20encoding%3D%22utf-8%22%3F%3E%3C%21DOCTYPE%20svg%20PUBLIC%20%22-%2F%2FW3C%2F%2FDTD%20SVG%201.1%2F%2FEN%22%20%22http%3A%2F%2Fwww.w3.org%2FGraphics%2FSVG%2F1.1%2FDTD%2Fsvg11.dtd%22%3E%3Csvg%20width%3D%2214px%22%20height%3D%2212px%22%20viewBox%3D%220%200%2018%2015%22%20version%3D%221.1%22%20xmlns%3D%22http%3A%2F%2Fwww.w3.org%2F2000%2Fsvg%22%20xmlns%3Axlink%3D%22http%3A%2F%2Fwww.w3.org%2F1999%2Fxlink%22%3E%3Cpolygon%20id%3D%22Combined-Shape%22%20fill%3D%22%23cec2ab%22%20points%3D%228.98762301%200%200%209.12771969%200%2014.519983%209%205.40479869%2018%2014.519983%2018%209.12771969%22%3E%3C%2Fpolygon%3E%3C%2Fsvg%3E&#039;);\"><\/div><\/div>\n\t<div class=\"wpb_text_column wpb_content_element  vc_custom_1637232424185\" >\n\t\t<div class=\"wpb_wrapper\">\n\t\t\t<h3 style=\"text-align: center;\"><span style=\"color: #b0976d;\">Id\u00e9e d\u2019accord<\/span><\/h3>\n<p style=\"text-align: center;\"><strong>Un ros\u00e9 Brut Nature parfait pour vos ap\u00e9ritifs.<br \/>\nLes ar\u00f4mes de fraise des bois seront sublim\u00e9s par un toast \u00e0 la figue et au fromage de brebis.<\/strong><\/p>\n<h3 style=\"text-align: center;\"><span style=\"color: #b0976d;\">Optimum de d\u00e9gustation<\/span><\/h3>\n<p style=\"text-align: center;\">Potentiel de garde de 5 ans.<br \/>\nL\u00e9g\u00e8re pr\u00e9cipitation tartrique, ne pas conserver au froid longtemps (r\u00e9frig\u00e9rateur). Ceci n&rsquo;alt\u00e8re en rien la qualit\u00e9 du vin.<\/p>\n<p style=\"text-align: center;\">Mettre au frais 2h avant le service. L\u2019optimal \u00e9tant de 10-12 \u00b0C.<\/p>\n\n\t\t<\/div>\n\t<\/div>\n\n<div class=\"vc-zigzag-wrapper vc-zigzag-align-center\"><div class=\"vc-zigzag-inner\" style=\"width: 100%;min-height: 14px;background: 0 repeat-x url(&#039;data:image\/svg+xml;utf-8,%3C%3Fxml%20version%3D%221.0%22%20encoding%3D%22utf-8%22%3F%3E%3C%21DOCTYPE%20svg%20PUBLIC%20%22-%2F%2FW3C%2F%2FDTD%20SVG%201.1%2F%2FEN%22%20%22http%3A%2F%2Fwww.w3.org%2FGraphics%2FSVG%2F1.1%2FDTD%2Fsvg11.dtd%22%3E%3Csvg%20width%3D%2214px%22%20height%3D%2212px%22%20viewBox%3D%220%200%2018%2015%22%20version%3D%221.1%22%20xmlns%3D%22http%3A%2F%2Fwww.w3.org%2F2000%2Fsvg%22%20xmlns%3Axlink%3D%22http%3A%2F%2Fwww.w3.org%2F1999%2Fxlink%22%3E%3Cpolygon%20id%3D%22Combined-Shape%22%20fill%3D%22%23cec2ab%22%20points%3D%228.98762301%200%200%209.12771969%200%2014.519983%209%205.40479869%2018%2014.519983%2018%209.12771969%22%3E%3C%2Fpolygon%3E%3C%2Fsvg%3E&#039;);\"><\/div><\/div><\/div><\/div><\/div><\/div><div data-vc-full-width=\"true\" data-vc-full-width-init=\"false\" data-vc-stretch-content=\"true\" class=\"vc_row wpb_row vc_row-fluid vc_custom_1624287233712 vc_row-has-fill vc_row-o-content-top vc_row-flex\"><div class=\"wpb_column vc_column_container vc_col-sm-12\"><div class=\"vc_column-inner\"><div class=\"wpb_wrapper\"><div class=\"vc_empty_space\"   style=\"height: 30px\"><span class=\"vc_empty_space_inner\"><\/span><\/div><\/div><\/div><\/div><\/div><div class=\"vc_row-full-width vc_clearfix\"><\/div><div data-vc-full-width=\"true\" data-vc-full-width-init=\"false\" class=\"vc_row wpb_row vc_row-fluid vc_custom_1624974449111 vc_row-has-fill vc_row-o-content-top vc_row-flex\"><div class=\"wpb_column vc_column_container vc_col-sm-3\"><div class=\"vc_column-inner\"><div class=\"wpb_wrapper\">\n\t<div  class=\"wpb_single_image wpb_content_element vc_align_left\">\n\t\t\n\t\t<figure class=\"wpb_wrapper vc_figure\">\n\t\t\t<div class=\"vc_single_image-wrapper   vc_box_border_grey\"><img loading=\"lazy\" decoding=\"async\" width=\"160\" height=\"86\" src=\"https:\/\/weinzaepfel.fr\/wp-content\/uploads\/2021\/06\/logoWEINZ160.png\" class=\"vc_single_image-img attachment-full\" alt=\"\" \/><\/div>\n\t\t<\/figure>\n\t<\/div>\n\n\t<div class=\"wpb_text_column wpb_content_element\" >\n\t\t<div class=\"wpb_wrapper\">\n\t\t\t<p><span style=\"color: #ffffff;\">3 Rue de la Chapelle, 68360 Soultz-Haut-Rhin<\/span><\/p>\n\n\t\t<\/div>\n\t<\/div>\n<\/div><\/div><\/div><div class=\"wpb_column vc_column_container vc_col-sm-3\"><div class=\"vc_column-inner vc_custom_1624871888116\"><div class=\"wpb_wrapper\">\n\t<div class=\"wpb_text_column wpb_content_element\" >\n\t\t<div class=\"wpb_wrapper\">\n\t\t\t<p style=\"text-align: left;\"><span style=\"color: #ffffff;\"><strong>Contact<\/strong><br \/>\n<\/span><\/p>\n\n\t\t<\/div>\n\t<\/div>\n\n\t<div  class=\"wpb_single_image wpb_content_element vc_align_left\">\n\t\t\n\t\t<figure class=\"wpb_wrapper vc_figure\">\n\t\t\t<a href=\"tel:+33686653618\" target=\"_self\" class=\"vc_single_image-wrapper   vc_box_border_grey\"><img loading=\"lazy\" decoding=\"async\" width=\"224\" height=\"38\" src=\"https:\/\/weinzaepfel.fr\/wp-content\/uploads\/2021\/06\/tle.jpg\" class=\"vc_single_image-img attachment-full\" alt=\"\" \/><\/a>\n\t\t<\/figure>\n\t<\/div>\n\n\t<div  class=\"wpb_single_image wpb_content_element vc_align_left\">\n\t\t\n\t\t<figure class=\"wpb_wrapper vc_figure\">\n\t\t\t<div class=\"vc_single_image-wrapper   vc_box_border_grey\"><img loading=\"lazy\" decoding=\"async\" width=\"224\" height=\"38\" src=\"https:\/\/weinzaepfel.fr\/wp-content\/uploads\/2021\/06\/mail.jpg\" class=\"vc_single_image-img attachment-full\" alt=\"\" \/><\/div>\n\t\t<\/figure>\n\t<\/div>\n<\/div><\/div><\/div><div class=\"wpb_column vc_column_container vc_col-sm-3\"><div class=\"vc_column-inner\"><div class=\"wpb_wrapper\">\n\t<div class=\"wpb_text_column wpb_content_element\" >\n\t\t<div class=\"wpb_wrapper\">\n\t\t\t<p><span style=\"color: #ffffff;\"><strong>Schedule <\/strong><\/span><\/p>\n\n\t\t<\/div>\n\t<\/div>\n\n\t<div class=\"wpb_text_column wpb_content_element\" >\n\t\t<div class=\"wpb_wrapper\">\n\t\t\t<p><span style=\"color: #ffffff;\">Ouvert de 8h \u00e0 20h tous les jours<\/span><\/p>\n<p>&nbsp;<\/p>\n<p><em><span style=\"color: #ffffff;\">Weekends by appointment<\/span><\/em><\/p>\n\n\t\t<\/div>\n\t<\/div>\n<\/div><\/div><\/div><div class=\"wpb_column vc_column_container vc_col-sm-3\"><div class=\"vc_column-inner\"><div class=\"wpb_wrapper\">\n\t<div  class=\"wpb_single_image wpb_content_element vc_align_left\">\n\t\t\n\t\t<figure class=\"wpb_wrapper vc_figure\">\n\t\t\t<a href=\"https:\/\/www.facebook.com\/domaineweinzaepfel\" target=\"_blank\" class=\"vc_single_image-wrapper   vc_box_border_grey\"><img loading=\"lazy\" decoding=\"async\" width=\"200\" height=\"79\" src=\"https:\/\/weinzaepfel.fr\/wp-content\/uploads\/2021\/06\/suiveznousfacebook.jpg\" class=\"vc_single_image-img attachment-large\" alt=\"\" \/><\/a>\n\t\t<\/figure>\n\t<\/div>\n\n\t<div  class=\"wpb_single_image wpb_content_element vc_align_left\">\n\t\t\n\t\t<figure class=\"wpb_wrapper vc_figure\">\n\t\t\t<a href=\"https:\/\/www.facebook.com\/domaineweinzaepfel\" target=\"_self\" class=\"vc_single_image-wrapper   vc_box_border_grey\"><img loading=\"lazy\" decoding=\"async\" width=\"200\" height=\"79\" src=\"https:\/\/weinzaepfel.fr\/wp-content\/uploads\/2021\/06\/suiveznousurinsta.jpg\" class=\"vc_single_image-img attachment-large\" alt=\"\" \/><\/a>\n\t\t<\/figure>\n\t<\/div>\n<\/div><\/div><\/div><\/div><div class=\"vc_row-full-width vc_clearfix\"><\/div><div data-vc-full-width=\"true\" data-vc-full-width-init=\"false\" data-vc-stretch-content=\"true\" class=\"vc_row wpb_row vc_row-fluid vc_custom_1624287233712 vc_row-has-fill vc_row-o-content-top vc_row-flex\"><div class=\"wpb_column vc_column_container vc_col-sm-12\"><div class=\"vc_column-inner\"><div class=\"wpb_wrapper\"><div class=\"vc_empty_space\"   style=\"height: 30px\"><span class=\"vc_empty_space_inner\"><\/span><\/div><\/div><\/div><\/div><\/div><div class=\"vc_row-full-width vc_clearfix\"><\/div>","protected":false},"excerpt":{"rendered":"<h4><em>Un cr\u00e9mant de s\u00e9duction alliant fra\u00eecheur et finesse.<\/em><\/h4>","protected":false},"featured_media":4436,"template":"","meta":[],"product_cat":[39],"product_tag":[43,40,42,41,44],"class_list":["post-3616","product","type-product","status-publish","has-post-thumbnail","hentry","product_cat-cremant-2","product_tag-alsace","product_tag-brut","product_tag-cremant","product_tag-nature","product_tag-rose"],"_links":{"self":[{"href":"https:\/\/weinzaepfel.fr\/en\/wp-json\/wp\/v2\/product\/3616"}],"collection":[{"href":"https:\/\/weinzaepfel.fr\/en\/wp-json\/wp\/v2\/product"}],"about":[{"href":"https:\/\/weinzaepfel.fr\/en\/wp-json\/wp\/v2\/types\/product"}],"wp:featuredmedia":[{"embeddable":true,"href":"https:\/\/weinzaepfel.fr\/en\/wp-json\/wp\/v2\/media\/4436"}],"wp:attachment":[{"href":"https:\/\/weinzaepfel.fr\/en\/wp-json\/wp\/v2\/media?parent=3616"}],"wp:term":[{"taxonomy":"product_cat","embeddable":true,"href":"https:\/\/weinzaepfel.fr\/en\/wp-json\/wp\/v2\/product_cat?post=3616"},{"taxonomy":"product_tag","embeddable":true,"href":"https:\/\/weinzaepfel.fr\/en\/wp-json\/wp\/v2\/product_tag?post=3616"}],"curies":[{"name":"wp","href":"https:\/\/api.w.org\/{rel}","templated":true}]}}