{"id":4395,"date":"2021-11-16T21:07:06","date_gmt":"2021-11-16T20:07:06","guid":{"rendered":"https:\/\/weinzaepfel.fr\/?post_type=product&#038;p=4395"},"modified":"2021-12-08T11:42:59","modified_gmt":"2021-12-08T10:42:59","slug":"magnum-riesling-w","status":"publish","type":"product","link":"https:\/\/weinzaepfel.fr\/en\/product\/magnum-riesling-w\/","title":{"rendered":"Magnum Riesling W"},"content":{"rendered":"<div class=\"vc_row wpb_row vc_row-fluid vc_row-o-content-top vc_row-flex\"><div class=\"wpb_animate_when_almost_visible wpb_left-to-right left-to-right wpb_column vc_column_container vc_col-sm-6 vc_hidden-md vc_hidden-sm vc_hidden-xs\"><div class=\"vc_column-inner vc_custom_1637940156497\"><div class=\"wpb_wrapper\">\n\t<div class=\"wpb_text_column wpb_content_element\" >\n\t\t<div class=\"wpb_wrapper\">\n\t\t\t<h2>Terroir et Situation<\/h2>\n\n\t\t<\/div>\n\t<\/div>\n\n\t<div class=\"wpb_text_column wpb_content_element  vc_custom_1625138692468\" >\n\t\t<div class=\"wpb_wrapper\">\n\t\t\t<p style=\"text-align: justify;\">Fleuron de la gamme, ce riesling est issu de nos plus vieilles vignes de s\u00e9lections massales. Deux parcelles plant\u00e9es dans les ann\u00e9es 40 et 50 composent ce riesling. Nous s\u00e9lectionnons tout au long de l\u2019ann\u00e9e les plus belles grappes. Les rendements tr\u00e8s faibles de 38hl\/ha permettent une expression forte du terroir. Ce vin est un assemblage du Finckennest et du Mittelbourg. Les terroirs relativement similaires sont expos\u00e9s au sud. Toute la richesse du sol brun calcaire sur Marnes et conglom\u00e9rats argileux de l\u2019Oligoc\u00e8ne se d\u00e9voile dans ce vin.<\/p>\n\n\t\t<\/div>\n\t<\/div>\n<\/div><\/div><\/div><div class=\"wpb_animate_when_almost_visible wpb_right-to-left right-to-left wpb_column vc_column_container vc_col-sm-6 vc_hidden-md vc_hidden-sm vc_hidden-xs\"><div class=\"vc_column-inner\"><div class=\"wpb_wrapper\"><div class=\"vc_empty_space\"   style=\"height: 42px\"><span class=\"vc_empty_space_inner\"><\/span><\/div>\n\t<div  class=\"wpb_single_image wpb_content_element vc_align_left  vc_custom_1637216225595\">\n\t\t\n\t\t<figure class=\"wpb_wrapper vc_figure\">\n\t\t\t<div class=\"vc_single_image-wrapper   vc_box_border_grey\"><img loading=\"lazy\" decoding=\"async\" width=\"1920\" height=\"1080\" src=\"https:\/\/weinzaepfel.fr\/wp-content\/uploads\/2021\/11\/Mittelbourg-1.png\" class=\"vc_single_image-img attachment-full\" alt=\"\" srcset=\"https:\/\/weinzaepfel.fr\/wp-content\/uploads\/2021\/11\/Mittelbourg-1.png 1920w, https:\/\/weinzaepfel.fr\/wp-content\/uploads\/2021\/11\/Mittelbourg-1-300x169.png 300w, https:\/\/weinzaepfel.fr\/wp-content\/uploads\/2021\/11\/Mittelbourg-1-1024x576.png 1024w, https:\/\/weinzaepfel.fr\/wp-content\/uploads\/2021\/11\/Mittelbourg-1-768x432.png 768w, https:\/\/weinzaepfel.fr\/wp-content\/uploads\/2021\/11\/Mittelbourg-1-1536x864.png 1536w\" sizes=\"(max-width: 1920px) 100vw, 1920px\" \/><\/div>\n\t\t<\/figure>\n\t<\/div>\n<\/div><\/div><\/div><\/div><div class=\"vc_row wpb_row vc_row-fluid vc_custom_1625136973825 vc_row-has-fill vc_row-o-content-top vc_row-flex\"><div class=\"wpb_animate_when_almost_visible wpb_left-to-right left-to-right wpb_column vc_column_container vc_col-sm-12 vc_col-lg-6 vc_col-md-6 vc_hidden-md vc_hidden-sm vc_hidden-xs\"><div class=\"vc_column-inner\"><div class=\"wpb_wrapper\"><div class=\"vc_empty_space\"   style=\"height: 142px\"><span class=\"vc_empty_space_inner\"><\/span><\/div>\n\t<div  class=\"wpb_single_image wpb_content_element vc_align_left  vc_custom_1637216333460\">\n\t\t\n\t\t<figure class=\"wpb_wrapper vc_figure\">\n\t\t\t<div class=\"vc_single_image-wrapper   vc_box_border_grey\"><img loading=\"lazy\" decoding=\"async\" width=\"1440\" height=\"1800\" src=\"https:\/\/weinzaepfel.fr\/wp-content\/uploads\/2021\/07\/GEJJ4257.jpg\" class=\"vc_single_image-img attachment-full\" alt=\"\" srcset=\"https:\/\/weinzaepfel.fr\/wp-content\/uploads\/2021\/07\/GEJJ4257.jpg 1440w, https:\/\/weinzaepfel.fr\/wp-content\/uploads\/2021\/07\/GEJJ4257-240x300.jpg 240w, https:\/\/weinzaepfel.fr\/wp-content\/uploads\/2021\/07\/GEJJ4257-819x1024.jpg 819w, https:\/\/weinzaepfel.fr\/wp-content\/uploads\/2021\/07\/GEJJ4257-768x960.jpg 768w, https:\/\/weinzaepfel.fr\/wp-content\/uploads\/2021\/07\/GEJJ4257-1229x1536.jpg 1229w\" sizes=\"(max-width: 1440px) 100vw, 1440px\" \/><\/div>\n\t\t<\/figure>\n\t<\/div>\n<\/div><\/div><\/div><div class=\"wpb_column vc_column_container vc_col-sm-6 vc_col-lg-6 vc_col-md-6 vc_hidden-md vc_hidden-sm vc_hidden-xs\"><div class=\"vc_column-inner vc_custom_1637940163542\"><div class=\"wpb_wrapper\"><div class=\"vc_empty_space\"   style=\"height: 110px\"><span class=\"vc_empty_space_inner\"><\/span><\/div>\n\t<div class=\"wpb_text_column wpb_content_element\" >\n\t\t<div class=\"wpb_wrapper\">\n\t\t\t<h2>Culture de la vigne<\/h2>\n\n\t\t<\/div>\n\t<\/div>\n\n\t<div class=\"wpb_text_column wpb_content_element\" >\n\t\t<div class=\"wpb_wrapper\">\n\t\t\t<p style=\"text-align: justify;\">S\u00e9lection des raisins tout au long de l\u2019ann\u00e9e : Taille, suppression des doublons, vendange en vert, tri sur table dans la parcelle pendant les vendanges. Les vendanges sont effectu\u00e9es manuellement pour le respect de la qualit\u00e9 du raisin.<\/p>\n<p style=\"text-align: justify;\">Conduite du vignoble de fa\u00e7on la plus responsable possible: Engrais verts, peu de passage de tracteur, etc.<\/p>\n<p style=\"text-align: justify;\">Nos vignes ont obtenu la Certification Haute Valeur Environnementale de niveau 3 et sont en conversion vers l\u2019agriculture biologique depuis 2019.<\/p>\n\n\t\t<\/div>\n\t<\/div>\n<\/div><\/div><\/div><\/div><div class=\"vc_row wpb_row vc_row-fluid vc_custom_1625136982025 vc_row-has-fill vc_row-o-content-top vc_row-flex\"><div class=\"wpb_animate_when_almost_visible wpb_left-to-right left-to-right wpb_column vc_column_container vc_col-sm-6 vc_col-lg-6 vc_col-md-6 vc_hidden-md vc_hidden-sm vc_hidden-xs\"><div class=\"vc_column-inner vc_custom_1637940179703\"><div class=\"wpb_wrapper\"><div class=\"vc_empty_space\"   style=\"height: 115px\"><span class=\"vc_empty_space_inner\"><\/span><\/div>\n\t<div class=\"title-subtitle-box\" style=\" text-align: left;\">\n\t\t<h1 style=\" font-style: normal;\">Vinification et \u00e9levage<\/h1>\n\t<\/div> \n\t<div class=\"wpb_text_column wpb_content_element\" >\n\t\t<div class=\"wpb_wrapper\">\n\t\t\t<p style=\"text-align: justify;\">La vendange en maturit\u00e9 tardive a permis d\u2019obtenir des grandes concentrations. Des ar\u00f4mes confitur\u00e9s ont marqu\u00e9 les jus d\u00e8s le pressurage. Le d\u00e9bourbage statique \u00e0 froid avec une terre de filtration permet d\u2019obtenir des jus clairs. La vinification s\u2019est faite sans souffre jusqu&rsquo;\u00e0 l&rsquo;\u00e9levage sur lie fines. L\u2019\u00e9levage en cuve inox pendant 6 mois permet de garder les ar\u00f4mes typiques du riesling.<\/p>\n\n\t\t<\/div>\n\t<\/div>\n<\/div><\/div><\/div><div class=\"wpb_animate_when_almost_visible wpb_right-to-left right-to-left wpb_column vc_column_container vc_col-sm-12 vc_col-lg-6 vc_col-md-6 vc_hidden-md vc_hidden-sm vc_hidden-xs\"><div class=\"vc_column-inner\"><div class=\"wpb_wrapper\"><div class=\"vc_empty_space\"   style=\"height: 142px\"><span class=\"vc_empty_space_inner\"><\/span><\/div>\n\t<div  class=\"wpb_single_image wpb_content_element vc_align_left  vc_custom_1637216888487\">\n\t\t\n\t\t<figure class=\"wpb_wrapper vc_figure\">\n\t\t\t<div class=\"vc_single_image-wrapper   vc_box_border_grey\"><img loading=\"lazy\" decoding=\"async\" width=\"1124\" height=\"1124\" src=\"https:\/\/weinzaepfel.fr\/wp-content\/uploads\/2021\/11\/IMG_5532.jpg\" class=\"vc_single_image-img attachment-full\" alt=\"\" srcset=\"https:\/\/weinzaepfel.fr\/wp-content\/uploads\/2021\/11\/IMG_5532.jpg 1124w, https:\/\/weinzaepfel.fr\/wp-content\/uploads\/2021\/11\/IMG_5532-140x140.jpg 140w, https:\/\/weinzaepfel.fr\/wp-content\/uploads\/2021\/11\/IMG_5532-300x300.jpg 300w, https:\/\/weinzaepfel.fr\/wp-content\/uploads\/2021\/11\/IMG_5532-1024x1024.jpg 1024w, https:\/\/weinzaepfel.fr\/wp-content\/uploads\/2021\/11\/IMG_5532-150x150.jpg 150w, https:\/\/weinzaepfel.fr\/wp-content\/uploads\/2021\/11\/IMG_5532-768x768.jpg 768w\" sizes=\"(max-width: 1124px) 100vw, 1124px\" \/><\/div>\n\t\t<\/figure>\n\t<\/div>\n<\/div><\/div><\/div><\/div><div class=\"vc_row wpb_row vc_row-fluid vc_row-o-content-top vc_row-flex\"><div class=\"wpb_animate_when_almost_visible wpb_left-to-right left-to-right wpb_column vc_column_container vc_col-sm-12 vc_hidden-lg\"><div class=\"vc_column-inner vc_custom_1637940007686\"><div class=\"wpb_wrapper\"><div class=\"vc_empty_space\"   style=\"height: 20px\"><span class=\"vc_empty_space_inner\"><\/span><\/div>\n\t<div class=\"wpb_text_column wpb_content_element\" >\n\t\t<div class=\"wpb_wrapper\">\n\t\t\t<h2>Terroir et Situation<\/h2>\n\n\t\t<\/div>\n\t<\/div>\n\n\t<div  class=\"wpb_single_image wpb_content_element vc_align_left  vc_custom_1637216225595\">\n\t\t\n\t\t<figure class=\"wpb_wrapper vc_figure\">\n\t\t\t<div class=\"vc_single_image-wrapper   vc_box_border_grey\"><img loading=\"lazy\" decoding=\"async\" width=\"1920\" height=\"1080\" src=\"https:\/\/weinzaepfel.fr\/wp-content\/uploads\/2021\/11\/Mittelbourg-1.png\" class=\"vc_single_image-img attachment-full\" alt=\"\" srcset=\"https:\/\/weinzaepfel.fr\/wp-content\/uploads\/2021\/11\/Mittelbourg-1.png 1920w, https:\/\/weinzaepfel.fr\/wp-content\/uploads\/2021\/11\/Mittelbourg-1-300x169.png 300w, https:\/\/weinzaepfel.fr\/wp-content\/uploads\/2021\/11\/Mittelbourg-1-1024x576.png 1024w, https:\/\/weinzaepfel.fr\/wp-content\/uploads\/2021\/11\/Mittelbourg-1-768x432.png 768w, https:\/\/weinzaepfel.fr\/wp-content\/uploads\/2021\/11\/Mittelbourg-1-1536x864.png 1536w\" sizes=\"(max-width: 1920px) 100vw, 1920px\" \/><\/div>\n\t\t<\/figure>\n\t<\/div>\n<div class=\"vc_empty_space\"   style=\"height: 15px\"><span class=\"vc_empty_space_inner\"><\/span><\/div>\n\t<div class=\"wpb_text_column wpb_content_element  vc_custom_1625138692468\" >\n\t\t<div class=\"wpb_wrapper\">\n\t\t\t<p style=\"text-align: justify;\">Fleuron de la gamme, ce riesling est issu de nos plus vieilles vignes de s\u00e9lections massales. Deux parcelles plant\u00e9es dans les ann\u00e9es 40 et 50 composent ce riesling. Nous s\u00e9lectionnons tout au long de l\u2019ann\u00e9e les plus belles grappes. Les rendements tr\u00e8s faibles de 38hl\/ha permettent une expression forte du terroir. Ce vin est un assemblage du Finckennest et du Mittelbourg. Les terroirs relativement similaires sont expos\u00e9s au sud. Toute la richesse du sol brun calcaire sur Marnes et conglom\u00e9rats argileux de l\u2019Oligoc\u00e8ne se d\u00e9voile dans ce vin.<\/p>\n\n\t\t<\/div>\n\t<\/div>\n<\/div><\/div><\/div><\/div><div class=\"vc_row wpb_row vc_row-fluid vc_custom_1625136973825 vc_row-has-fill vc_row-o-content-top vc_row-flex\"><div class=\"wpb_column vc_column_container vc_col-sm-12 vc_hidden-lg\"><div class=\"vc_column-inner\"><div class=\"wpb_wrapper\"><div class=\"vc_empty_space\"   style=\"height: 50px\"><span class=\"vc_empty_space_inner\"><\/span><\/div>\n\t<div class=\"wpb_text_column wpb_content_element\" >\n\t\t<div class=\"wpb_wrapper\">\n\t\t\t<h2>Culture de la vigne<\/h2>\n\n\t\t<\/div>\n\t<\/div>\n\n\t<div  class=\"wpb_single_image wpb_content_element vc_align_left  vc_custom_1637216333460\">\n\t\t\n\t\t<figure class=\"wpb_wrapper vc_figure\">\n\t\t\t<div class=\"vc_single_image-wrapper   vc_box_border_grey\"><img loading=\"lazy\" decoding=\"async\" width=\"1440\" height=\"1800\" src=\"https:\/\/weinzaepfel.fr\/wp-content\/uploads\/2021\/07\/GEJJ4257.jpg\" class=\"vc_single_image-img attachment-full\" alt=\"\" srcset=\"https:\/\/weinzaepfel.fr\/wp-content\/uploads\/2021\/07\/GEJJ4257.jpg 1440w, https:\/\/weinzaepfel.fr\/wp-content\/uploads\/2021\/07\/GEJJ4257-240x300.jpg 240w, https:\/\/weinzaepfel.fr\/wp-content\/uploads\/2021\/07\/GEJJ4257-819x1024.jpg 819w, https:\/\/weinzaepfel.fr\/wp-content\/uploads\/2021\/07\/GEJJ4257-768x960.jpg 768w, https:\/\/weinzaepfel.fr\/wp-content\/uploads\/2021\/07\/GEJJ4257-1229x1536.jpg 1229w\" sizes=\"(max-width: 1440px) 100vw, 1440px\" \/><\/div>\n\t\t<\/figure>\n\t<\/div>\n<div class=\"vc_empty_space\"   style=\"height: 15px\"><span class=\"vc_empty_space_inner\"><\/span><\/div>\n\t<div class=\"wpb_text_column wpb_content_element\" >\n\t\t<div class=\"wpb_wrapper\">\n\t\t\t<p style=\"text-align: justify;\">S\u00e9lection des raisins tout au long de l\u2019ann\u00e9e : Taille, suppression des doublons, vendange en vert, tri sur table dans la parcelle pendant les vendanges. Les vendanges sont effectu\u00e9es manuellement pour le respect de la qualit\u00e9 du raisin.<\/p>\n<p style=\"text-align: justify;\">Conduite du vignoble de fa\u00e7on la plus responsable possible: Engrais verts, peu de passage de tracteur, etc.<\/p>\n<p style=\"text-align: justify;\">Nos vignes ont obtenu la Certification Haute Valeur Environnementale de niveau 3 et sont en conversion vers l\u2019agriculture biologique depuis 2019.<\/p>\n\n\t\t<\/div>\n\t<\/div>\n<\/div><\/div><\/div><\/div><div class=\"vc_row wpb_row vc_row-fluid vc_custom_1625136982025 vc_row-has-fill vc_row-o-content-top vc_row-flex\"><div class=\"wpb_column vc_column_container vc_col-sm-12 vc_hidden-lg\"><div class=\"vc_column-inner\"><div class=\"wpb_wrapper\"><div class=\"vc_empty_space\"   style=\"height: 50px\"><span class=\"vc_empty_space_inner\"><\/span><\/div>\n\t<div class=\"title-subtitle-box\" style=\" text-align: left;\">\n\t\t<h1 style=\" font-style: normal;\">Vinification et \u00e9levage<\/h1>\n\t<\/div> \n\t<div  class=\"wpb_single_image wpb_content_element vc_align_left  vc_custom_1637216888487\">\n\t\t\n\t\t<figure class=\"wpb_wrapper vc_figure\">\n\t\t\t<div class=\"vc_single_image-wrapper   vc_box_border_grey\"><img loading=\"lazy\" decoding=\"async\" width=\"1124\" height=\"1124\" src=\"https:\/\/weinzaepfel.fr\/wp-content\/uploads\/2021\/11\/IMG_5532.jpg\" class=\"vc_single_image-img attachment-full\" alt=\"\" srcset=\"https:\/\/weinzaepfel.fr\/wp-content\/uploads\/2021\/11\/IMG_5532.jpg 1124w, https:\/\/weinzaepfel.fr\/wp-content\/uploads\/2021\/11\/IMG_5532-140x140.jpg 140w, https:\/\/weinzaepfel.fr\/wp-content\/uploads\/2021\/11\/IMG_5532-300x300.jpg 300w, https:\/\/weinzaepfel.fr\/wp-content\/uploads\/2021\/11\/IMG_5532-1024x1024.jpg 1024w, https:\/\/weinzaepfel.fr\/wp-content\/uploads\/2021\/11\/IMG_5532-150x150.jpg 150w, https:\/\/weinzaepfel.fr\/wp-content\/uploads\/2021\/11\/IMG_5532-768x768.jpg 768w\" sizes=\"(max-width: 1124px) 100vw, 1124px\" \/><\/div>\n\t\t<\/figure>\n\t<\/div>\n<div class=\"vc_empty_space\"   style=\"height: 15px\"><span class=\"vc_empty_space_inner\"><\/span><\/div>\n\t<div class=\"wpb_text_column wpb_content_element\" >\n\t\t<div class=\"wpb_wrapper\">\n\t\t\t<p style=\"text-align: justify;\">La vendange en maturit\u00e9 tardive a permis d\u2019obtenir des grandes concentrations. Des ar\u00f4mes confitur\u00e9s ont marqu\u00e9 les jus d\u00e8s le pressurage. Le d\u00e9bourbage statique \u00e0 froid avec une terre de filtration permet d\u2019obtenir des jus clairs. La vinification s\u2019est faite sans souffre jusqu&rsquo;\u00e0 l&rsquo;\u00e9levage sur lie fines. L\u2019\u00e9levage en cuve inox pendant 6 mois permet de garder les ar\u00f4mes typiques du riesling.<\/p>\n\n\t\t<\/div>\n\t<\/div>\n<\/div><\/div><\/div><\/div><div class=\"vc_row wpb_row vc_row-fluid vc_custom_1637939756689 vc_row-has-fill\"><div class=\"wpb_animate_when_almost_visible wpb_left-to-right left-to-right wpb_column vc_column_container vc_col-sm-12 vc_hidden-lg vc_hidden-md vc_hidden-sm vc_col-has-fill\"><div class=\"vc_column-inner vc_custom_1637939748767\"><div class=\"wpb_wrapper\"><div class=\"vc_empty_space\"   style=\"height: 32px\"><span class=\"vc_empty_space_inner\"><\/span><\/div>\n\t<div class=\"wpb_text_column wpb_content_element\" >\n\t\t<div class=\"wpb_wrapper\">\n\t\t\t<h1 style=\"text-align: center; font-size: 70px;\"><span style=\"color: #808080;\">D\u00e9gustation<\/span><\/h1>\n\n\t\t<\/div>\n\t<\/div>\n\n\t<div  class=\"wpb_single_image wpb_content_element vc_align_center\">\n\t\t\n\t\t<figure class=\"wpb_wrapper vc_figure\">\n\t\t\t<div class=\"vc_single_image-wrapper   vc_box_border_grey\"><img loading=\"lazy\" decoding=\"async\" width=\"133\" height=\"105\" src=\"https:\/\/weinzaepfel.fr\/wp-content\/uploads\/2021\/11\/a_03.png\" class=\"vc_single_image-img attachment-medium\" alt=\"\" \/><\/div>\n\t\t<\/figure>\n\t<\/div>\n\n\t<div class=\"wpb_text_column wpb_content_element\" >\n\t\t<div class=\"wpb_wrapper\">\n\t\t\t<p style=\"text-align: left;\">Une couleur or blanc tr\u00e8s brillante parsem\u00e9e de reflets or.<\/p>\n\n\t\t<\/div>\n\t<\/div>\n<\/div><\/div><\/div><div class=\"wpb_column vc_column_container vc_col-sm-12 vc_hidden-lg vc_hidden-md vc_hidden-sm\"><div class=\"vc_column-inner\"><div class=\"wpb_wrapper\"><div class=\"vc_empty_space\"   style=\"height: 32px\"><span class=\"vc_empty_space_inner\"><\/span><\/div>\n\t<div  class=\"wpb_single_image wpb_content_element vc_align_center\">\n\t\t\n\t\t<figure class=\"wpb_wrapper vc_figure\">\n\t\t\t<div class=\"vc_single_image-wrapper   vc_box_border_grey\"><img loading=\"lazy\" decoding=\"async\" width=\"125\" height=\"151\" src=\"https:\/\/weinzaepfel.fr\/wp-content\/uploads\/2021\/11\/a_07.png\" class=\"vc_single_image-img attachment-medium\" alt=\"\" \/><\/div>\n\t\t<\/figure>\n\t<\/div>\n\n\t<div class=\"wpb_text_column wpb_content_element\" >\n\t\t<div class=\"wpb_wrapper\">\n\t\t\t<p style=\"text-align: justify;\">Nez explosif de saveurs. \u00c9vocation premi\u00e8re de clou de girofle et de poivre. Le deuxi\u00e8me nez symbolise la fra\u00eecheur, il est charm\u00e9 par le zeste de citron et le tilleul.<\/p>\n\n\t\t<\/div>\n\t<\/div>\n<\/div><\/div><\/div><div class=\"wpb_column vc_column_container vc_col-sm-12 vc_hidden-lg vc_hidden-md vc_hidden-sm\"><div class=\"vc_column-inner\"><div class=\"wpb_wrapper\"><div class=\"vc_empty_space\"   style=\"height: 32px\"><span class=\"vc_empty_space_inner\"><\/span><\/div>\n\t<div  class=\"wpb_single_image wpb_content_element vc_align_center\">\n\t\t\n\t\t<figure class=\"wpb_wrapper vc_figure\">\n\t\t\t<div class=\"vc_single_image-wrapper   vc_box_border_grey\"><img loading=\"lazy\" decoding=\"async\" width=\"133\" height=\"108\" src=\"https:\/\/weinzaepfel.fr\/wp-content\/uploads\/2021\/11\/a_10.png\" class=\"vc_single_image-img attachment-medium\" alt=\"\" \/><\/div>\n\t\t<\/figure>\n\t<\/div>\n\n\t<div class=\"wpb_text_column wpb_content_element\" >\n\t\t<div class=\"wpb_wrapper\">\n\t\t\t<p style=\"text-align: justify;\">La douceur signe le palais. En milieu de bouche, ce grand vin blanc de gastronomie est sublim\u00e9 par une acidit\u00e9 franche et des ar\u00f4mes zest\u00e9s. Une finale ass\u00e9chante accompagn\u00e9e de l\u00e9gers tanins, et salivante avec une sensation de salinit\u00e9.<\/p>\n<p style=\"text-align: justify;\">Une bouche extr\u00eamement complexe et raffin\u00e9e qui \u00e9voluera avec le temps. Sensation vibrante et \u00e9nergie vertigineuse.<\/p>\n\n\t\t<\/div>\n\t<\/div>\n<\/div><\/div><\/div><div class=\"wpb_column vc_column_container vc_col-sm-12 vc_hidden-lg vc_hidden-md vc_hidden-sm\"><div class=\"vc_column-inner\"><div class=\"wpb_wrapper\"><div class=\"vc_empty_space\"   style=\"height: 380px\"><span class=\"vc_empty_space_inner\"><\/span><\/div><\/div><\/div><\/div><\/div><div class=\"vc_row wpb_row vc_row-fluid vc_custom_1636134256641\"><div class=\"wpb_column vc_column_container vc_col-sm-4 vc_col-has-fill\"><div class=\"vc_column-inner vc_custom_1636132099713\"><div class=\"wpb_wrapper\"><\/div><\/div><\/div><div class=\"wpb_animate_when_almost_visible wpb_bottom-to-top bottom-to-top wpb_column vc_column_container vc_col-sm-4 vc_hidden-xs vc_col-has-fill\"><div class=\"vc_column-inner vc_custom_1636133633065\"><div class=\"wpb_wrapper\"><div class=\"vc_empty_space\"   style=\"height: 122px\"><span class=\"vc_empty_space_inner\"><\/span><\/div>\n\t<div  class=\"wpb_single_image wpb_content_element vc_align_center\">\n\t\t\n\t\t<figure class=\"wpb_wrapper vc_figure\">\n\t\t\t<div class=\"vc_single_image-wrapper   vc_box_border_grey\"><img loading=\"lazy\" decoding=\"async\" width=\"125\" height=\"151\" src=\"https:\/\/weinzaepfel.fr\/wp-content\/uploads\/2021\/11\/a_07.png\" class=\"vc_single_image-img attachment-medium\" alt=\"\" \/><\/div>\n\t\t<\/figure>\n\t<\/div>\n\n\t<div class=\"wpb_text_column wpb_content_element\" >\n\t\t<div class=\"wpb_wrapper\">\n\t\t\t<p>Nez explosif de saveurs. \u00c9vocation premi\u00e8re de clou de girofle et de poivre. Le deuxi\u00e8me nez symbolise la fra\u00eecheur, il est charm\u00e9 par le zeste de citron et le tilleul.<\/p>\n\n\t\t<\/div>\n\t<\/div>\n<\/div><\/div><\/div><div class=\"wpb_column vc_column_container vc_col-sm-4 vc_col-has-fill\"><div class=\"vc_column-inner vc_custom_1636132146199\"><div class=\"wpb_wrapper\"><\/div><\/div><\/div><\/div><div class=\"vc_row wpb_row vc_row-fluid\"><div class=\"wpb_column vc_column_container vc_col-sm-12 vc_hidden-xs\"><div class=\"vc_column-inner\"><div class=\"wpb_wrapper\">\n\t<div class=\"wpb_text_column wpb_content_element  vc_custom_1636132157631\" >\n\t\t<div class=\"wpb_wrapper\">\n\t\t\t<h1 style=\"text-align: center; font-size: 120px;\"><span style=\"color: #808080;\">D\u00e9gustation<\/span><\/h1>\n\n\t\t<\/div>\n\t<\/div>\n<\/div><\/div><\/div><\/div><div class=\"vc_row wpb_row vc_row-fluid vc_custom_1636133137811 vc_row-has-fill\"><div class=\"wpb_column vc_column_container vc_col-sm-4 vc_hidden-xs vc_col-has-fill\"><div class=\"vc_column-inner vc_custom_1637702086821\"><div class=\"wpb_wrapper\"><div class=\"vc_empty_space\"   style=\"height: 32px\"><span class=\"vc_empty_space_inner\"><\/span><\/div>\n\t<div  class=\"wpb_single_image wpb_content_element vc_align_center\">\n\t\t\n\t\t<figure class=\"wpb_wrapper vc_figure\">\n\t\t\t<div class=\"vc_single_image-wrapper   vc_box_border_grey\"><img loading=\"lazy\" decoding=\"async\" width=\"133\" height=\"105\" src=\"https:\/\/weinzaepfel.fr\/wp-content\/uploads\/2021\/11\/a_03.png\" class=\"vc_single_image-img attachment-medium\" alt=\"\" \/><\/div>\n\t\t<\/figure>\n\t<\/div>\n\n\t<div class=\"wpb_text_column wpb_content_element\" >\n\t\t<div class=\"wpb_wrapper\">\n\t\t\t<p style=\"text-align: left;\">Une couleur or blanc tr\u00e8s brillante parsem\u00e9e de reflets or.<\/p>\n\n\t\t<\/div>\n\t<\/div>\n<\/div><\/div><\/div><div class=\"wpb_column vc_column_container vc_col-sm-4\"><div class=\"vc_column-inner\"><div class=\"wpb_wrapper\"><\/div><\/div><\/div><div class=\"wpb_column vc_column_container vc_col-sm-4 vc_hidden-xs vc_col-has-fill\"><div class=\"vc_column-inner vc_custom_1637702093428\"><div class=\"wpb_wrapper\"><div class=\"vc_empty_space\"   style=\"height: 32px\"><span class=\"vc_empty_space_inner\"><\/span><\/div>\n\t<div  class=\"wpb_single_image wpb_content_element vc_align_center\">\n\t\t\n\t\t<figure class=\"wpb_wrapper vc_figure\">\n\t\t\t<div class=\"vc_single_image-wrapper   vc_box_border_grey\"><img loading=\"lazy\" decoding=\"async\" width=\"133\" height=\"108\" src=\"https:\/\/weinzaepfel.fr\/wp-content\/uploads\/2021\/11\/a_10.png\" class=\"vc_single_image-img attachment-medium\" alt=\"\" \/><\/div>\n\t\t<\/figure>\n\t<\/div>\n\n\t<div class=\"wpb_text_column wpb_content_element\" >\n\t\t<div class=\"wpb_wrapper\">\n\t\t\t<p style=\"text-align: justify;\">La douceur signe le palais. En milieu de bouche, ce grand vin blanc de gastronomie est sublim\u00e9 par une acidit\u00e9 franche et des ar\u00f4mes zest\u00e9s. Une finale ass\u00e9chante accompagn\u00e9e de l\u00e9gers tanins, et salivante avec une sensation de salinit\u00e9.<\/p>\n<p style=\"text-align: justify;\">Une bouche extr\u00eamement complexe et raffin\u00e9e qui \u00e9voluera avec le temps. Sensation vibrante et \u00e9nergie vertigineuse.<\/p>\n\n\t\t<\/div>\n\t<\/div>\n<\/div><\/div><\/div><\/div><div class=\"vc_row wpb_row vc_row-fluid\"><div class=\"wpb_column vc_column_container vc_col-sm-12\"><div class=\"vc_column-inner\"><div class=\"wpb_wrapper\">\n<div class=\"vc-zigzag-wrapper vc-zigzag-align-center\"><div class=\"vc-zigzag-inner\" style=\"width: 100%;min-height: 14px;background: 0 repeat-x url(&#039;data:image\/svg+xml;utf-8,%3C%3Fxml%20version%3D%221.0%22%20encoding%3D%22utf-8%22%3F%3E%3C%21DOCTYPE%20svg%20PUBLIC%20%22-%2F%2FW3C%2F%2FDTD%20SVG%201.1%2F%2FEN%22%20%22http%3A%2F%2Fwww.w3.org%2FGraphics%2FSVG%2F1.1%2FDTD%2Fsvg11.dtd%22%3E%3Csvg%20width%3D%2214px%22%20height%3D%2212px%22%20viewBox%3D%220%200%2018%2015%22%20version%3D%221.1%22%20xmlns%3D%22http%3A%2F%2Fwww.w3.org%2F2000%2Fsvg%22%20xmlns%3Axlink%3D%22http%3A%2F%2Fwww.w3.org%2F1999%2Fxlink%22%3E%3Cpolygon%20id%3D%22Combined-Shape%22%20fill%3D%22%23cec2ab%22%20points%3D%228.98762301%200%200%209.12771969%200%2014.519983%209%205.40479869%2018%2014.519983%2018%209.12771969%22%3E%3C%2Fpolygon%3E%3C%2Fsvg%3E&#039;);\"><\/div><\/div>\n\t<div class=\"wpb_text_column wpb_content_element  vc_custom_1637216402888\" >\n\t\t<div class=\"wpb_wrapper\">\n\t\t\t<h3 style=\"text-align: center;\"><span style=\"color: #b0976d;\">Id\u00e9e d\u2019accord<\/span><\/h3>\n<p style=\"text-align: center;\"><strong>Ce vin est \u00e0 son apog\u00e9e lorsqu\u2019il est accompagn\u00e9 de poissons. Laissez-vous tenter par un Baeckeoffe aux cinq Poissons.<\/strong><\/p>\n<h3 style=\"text-align: center;\"><span style=\"color: #b0976d;\">Optimum de d\u00e9gustation<\/span><\/h3>\n<p style=\"text-align: center;\">A d\u00e9guster d\u00e8s \u00e0 pr\u00e9sent \u00e0 10 &#8211; 12\u00b0C. Potentiel de garde : 25 ans<\/p>\n\n\t\t<\/div>\n\t<\/div>\n\n<div class=\"vc-zigzag-wrapper vc-zigzag-align-center\"><div class=\"vc-zigzag-inner\" style=\"width: 100%;min-height: 14px;background: 0 repeat-x url(&#039;data:image\/svg+xml;utf-8,%3C%3Fxml%20version%3D%221.0%22%20encoding%3D%22utf-8%22%3F%3E%3C%21DOCTYPE%20svg%20PUBLIC%20%22-%2F%2FW3C%2F%2FDTD%20SVG%201.1%2F%2FEN%22%20%22http%3A%2F%2Fwww.w3.org%2FGraphics%2FSVG%2F1.1%2FDTD%2Fsvg11.dtd%22%3E%3Csvg%20width%3D%2214px%22%20height%3D%2212px%22%20viewBox%3D%220%200%2018%2015%22%20version%3D%221.1%22%20xmlns%3D%22http%3A%2F%2Fwww.w3.org%2F2000%2Fsvg%22%20xmlns%3Axlink%3D%22http%3A%2F%2Fwww.w3.org%2F1999%2Fxlink%22%3E%3Cpolygon%20id%3D%22Combined-Shape%22%20fill%3D%22%23cec2ab%22%20points%3D%228.98762301%200%200%209.12771969%200%2014.519983%209%205.40479869%2018%2014.519983%2018%209.12771969%22%3E%3C%2Fpolygon%3E%3C%2Fsvg%3E&#039;);\"><\/div><\/div><div class=\"vc_empty_space\"   style=\"height: 32px\"><span class=\"vc_empty_space_inner\"><\/span><\/div><\/div><\/div><\/div><\/div><div data-vc-full-width=\"true\" data-vc-full-width-init=\"false\" data-vc-stretch-content=\"true\" class=\"vc_row wpb_row vc_row-fluid vc_custom_1624287233712 vc_row-has-fill vc_row-o-content-top vc_row-flex\"><div class=\"wpb_column vc_column_container vc_col-sm-12\"><div class=\"vc_column-inner\"><div class=\"wpb_wrapper\"><div class=\"vc_empty_space\"   style=\"height: 30px\"><span class=\"vc_empty_space_inner\"><\/span><\/div><\/div><\/div><\/div><\/div><div class=\"vc_row-full-width vc_clearfix\"><\/div><div data-vc-full-width=\"true\" data-vc-full-width-init=\"false\" class=\"vc_row wpb_row vc_row-fluid vc_custom_1624974449111 vc_row-has-fill vc_row-o-content-top vc_row-flex\"><div class=\"wpb_column vc_column_container vc_col-sm-3\"><div class=\"vc_column-inner\"><div class=\"wpb_wrapper\">\n\t<div  class=\"wpb_single_image wpb_content_element vc_align_left\">\n\t\t\n\t\t<figure class=\"wpb_wrapper vc_figure\">\n\t\t\t<div class=\"vc_single_image-wrapper   vc_box_border_grey\"><img loading=\"lazy\" decoding=\"async\" width=\"160\" height=\"86\" src=\"https:\/\/weinzaepfel.fr\/wp-content\/uploads\/2021\/06\/logoWEINZ160.png\" class=\"vc_single_image-img attachment-full\" alt=\"\" \/><\/div>\n\t\t<\/figure>\n\t<\/div>\n\n\t<div class=\"wpb_text_column wpb_content_element\" >\n\t\t<div class=\"wpb_wrapper\">\n\t\t\t<p><span style=\"color: #ffffff;\">3 Rue de la Chapelle, 68360 Soultz-Haut-Rhin<\/span><\/p>\n\n\t\t<\/div>\n\t<\/div>\n<\/div><\/div><\/div><div class=\"wpb_column vc_column_container vc_col-sm-3\"><div class=\"vc_column-inner vc_custom_1624871888116\"><div class=\"wpb_wrapper\">\n\t<div class=\"wpb_text_column wpb_content_element\" >\n\t\t<div class=\"wpb_wrapper\">\n\t\t\t<p style=\"text-align: left;\"><span style=\"color: #ffffff;\"><strong>Contact<\/strong><br \/>\n<\/span><\/p>\n\n\t\t<\/div>\n\t<\/div>\n\n\t<div  class=\"wpb_single_image wpb_content_element vc_align_left\">\n\t\t\n\t\t<figure class=\"wpb_wrapper vc_figure\">\n\t\t\t<a href=\"tel:+33686653618\" target=\"_self\" class=\"vc_single_image-wrapper   vc_box_border_grey\"><img loading=\"lazy\" decoding=\"async\" width=\"224\" height=\"38\" src=\"https:\/\/weinzaepfel.fr\/wp-content\/uploads\/2021\/06\/tle.jpg\" class=\"vc_single_image-img attachment-full\" alt=\"\" \/><\/a>\n\t\t<\/figure>\n\t<\/div>\n\n\t<div  class=\"wpb_single_image wpb_content_element vc_align_left\">\n\t\t\n\t\t<figure class=\"wpb_wrapper vc_figure\">\n\t\t\t<div class=\"vc_single_image-wrapper   vc_box_border_grey\"><img loading=\"lazy\" decoding=\"async\" width=\"224\" height=\"38\" src=\"https:\/\/weinzaepfel.fr\/wp-content\/uploads\/2021\/06\/mail.jpg\" class=\"vc_single_image-img attachment-full\" alt=\"\" \/><\/div>\n\t\t<\/figure>\n\t<\/div>\n<\/div><\/div><\/div><div class=\"wpb_column vc_column_container vc_col-sm-3\"><div class=\"vc_column-inner\"><div class=\"wpb_wrapper\">\n\t<div class=\"wpb_text_column wpb_content_element\" >\n\t\t<div class=\"wpb_wrapper\">\n\t\t\t<p><span style=\"color: #ffffff;\"><strong>Schedule <\/strong><\/span><\/p>\n\n\t\t<\/div>\n\t<\/div>\n\n\t<div class=\"wpb_text_column wpb_content_element\" >\n\t\t<div class=\"wpb_wrapper\">\n\t\t\t<p><span style=\"color: #ffffff;\">Ouvert de 8h \u00e0 20h tous les jours<\/span><\/p>\n<p>&nbsp;<\/p>\n<p><em><span style=\"color: #ffffff;\">Weekends by appointment<\/span><\/em><\/p>\n\n\t\t<\/div>\n\t<\/div>\n<\/div><\/div><\/div><div class=\"wpb_column vc_column_container vc_col-sm-3\"><div class=\"vc_column-inner\"><div class=\"wpb_wrapper\">\n\t<div  class=\"wpb_single_image wpb_content_element vc_align_left\">\n\t\t\n\t\t<figure class=\"wpb_wrapper vc_figure\">\n\t\t\t<a href=\"https:\/\/www.facebook.com\/domaineweinzaepfel\" target=\"_blank\" class=\"vc_single_image-wrapper   vc_box_border_grey\"><img loading=\"lazy\" decoding=\"async\" width=\"200\" height=\"79\" src=\"https:\/\/weinzaepfel.fr\/wp-content\/uploads\/2021\/06\/suiveznousfacebook.jpg\" class=\"vc_single_image-img attachment-large\" alt=\"\" \/><\/a>\n\t\t<\/figure>\n\t<\/div>\n\n\t<div  class=\"wpb_single_image wpb_content_element vc_align_left\">\n\t\t\n\t\t<figure class=\"wpb_wrapper vc_figure\">\n\t\t\t<a href=\"https:\/\/www.facebook.com\/domaineweinzaepfel\" target=\"_self\" class=\"vc_single_image-wrapper   vc_box_border_grey\"><img loading=\"lazy\" decoding=\"async\" width=\"200\" height=\"79\" src=\"https:\/\/weinzaepfel.fr\/wp-content\/uploads\/2021\/06\/suiveznousurinsta.jpg\" class=\"vc_single_image-img attachment-large\" alt=\"\" \/><\/a>\n\t\t<\/figure>\n\t<\/div>\n<\/div><\/div><\/div><\/div><div class=\"vc_row-full-width vc_clearfix\"><\/div><div data-vc-full-width=\"true\" data-vc-full-width-init=\"false\" data-vc-stretch-content=\"true\" class=\"vc_row wpb_row vc_row-fluid vc_custom_1624287233712 vc_row-has-fill vc_row-o-content-top vc_row-flex\"><div class=\"wpb_column vc_column_container vc_col-sm-12\"><div class=\"vc_column-inner\"><div class=\"wpb_wrapper\"><div class=\"vc_empty_space\"   style=\"height: 30px\"><span class=\"vc_empty_space_inner\"><\/span><\/div><\/div><\/div><\/div><\/div><div class=\"vc_row-full-width vc_clearfix\"><\/div>","protected":false},"excerpt":{"rendered":"<h4><em>Blanc par excellence, richesse hors normes. Vignes quasi centenaires.<\/em><\/h4>","protected":false},"featured_media":4429,"template":"","meta":[],"product_cat":[47,35,46],"product_tag":[43,45],"class_list":["post-4395","product","type-product","status-publish","has-post-thumbnail","hentry","product_cat-magnum","product_cat-riesling","product_cat-vins-blancs","product_tag-alsace","product_tag-blanc"],"_links":{"self":[{"href":"https:\/\/weinzaepfel.fr\/en\/wp-json\/wp\/v2\/product\/4395"}],"collection":[{"href":"https:\/\/weinzaepfel.fr\/en\/wp-json\/wp\/v2\/product"}],"about":[{"href":"https:\/\/weinzaepfel.fr\/en\/wp-json\/wp\/v2\/types\/product"}],"wp:featuredmedia":[{"embeddable":true,"href":"https:\/\/weinzaepfel.fr\/en\/wp-json\/wp\/v2\/media\/4429"}],"wp:attachment":[{"href":"https:\/\/weinzaepfel.fr\/en\/wp-json\/wp\/v2\/media?parent=4395"}],"wp:term":[{"taxonomy":"product_cat","embeddable":true,"href":"https:\/\/weinzaepfel.fr\/en\/wp-json\/wp\/v2\/product_cat?post=4395"},{"taxonomy":"product_tag","embeddable":true,"href":"https:\/\/weinzaepfel.fr\/en\/wp-json\/wp\/v2\/product_tag?post=4395"}],"curies":[{"name":"wp","href":"https:\/\/api.w.org\/{rel}","templated":true}]}}