{"id":4757,"date":"2023-06-22T17:15:33","date_gmt":"2023-06-22T15:15:33","guid":{"rendered":"https:\/\/weinzaepfel.fr\/?post_type=product&#038;p=4757"},"modified":"2025-09-01T20:27:03","modified_gmt":"2025-09-01T18:27:03","slug":"orange-nature","status":"publish","type":"product","link":"https:\/\/weinzaepfel.fr\/en\/product\/orange-nature\/","title":{"rendered":"Orange Nature 2023"},"content":{"rendered":"<div class=\"vc_row wpb_row vc_row-fluid vc_row-o-content-top vc_row-flex\"><div class=\"wpb_animate_when_almost_visible wpb_left-to-right left-to-right wpb_column vc_column_container vc_col-sm-6 vc_hidden-md vc_hidden-sm vc_hidden-xs\"><div class=\"vc_column-inner vc_custom_1637932358338\"><div class=\"wpb_wrapper\">\n\t<div class=\"wpb_text_column wpb_content_element\" >\n\t\t<div class=\"wpb_wrapper\">\n\t\t\t<h2>Terroir et Situation<\/h2>\n\n\t\t<\/div>\n\t<\/div>\n\n\t<div class=\"wpb_text_column wpb_content_element  vc_custom_1688406880529\" >\n\t\t<div class=\"wpb_wrapper\">\n\t\t\t<p style=\"text-align: justify;\">Ce vin de mac\u00e9ration est issu de diff\u00e9rentes parcelles au c\u0153ur du lieu-dit Mittelbourg, sur la partie pentue.\u00a0 Les vignes de trois parcelles sont \u00e2g\u00e9es de 75 ans.<\/p>\n<p>L\u2019exposition au Sud ainsi que la diminution des raisins permet d\u2019obtenir une maturit\u00e9 pr\u00e9coce. Avoisinent les 30 \u00e0 50 cm, cette strate de texture limono-argilo-sableuse est \u00e0 la fois fertile et caillouteuse. L\u2019ensemble repose sur des conglom\u00e9rats argileux de l\u2019oligoc\u00e8ne et de nombreux cailloux calcaires. Consid\u00e9r\u00e9 comme un v\u00e9ritable lieu d\u2019encrage racinaire, la roche calcaire sous-jacente est une ressource importante de min\u00e9raux pour la vigne qui marque les vins d\u2019une trame min\u00e9rale saline.<\/p>\n<p>La richesse solaire, ainsi que la ventilation forte de ce cru, en font un atout majeur \u00e0 l\u2019\u00e9laboration de vins d\u2019une grande richesse.\u00a0L\u2019\u00e9nergie de ce\u00a0terroir\u00a0est propice \u00e0 de longues gardes.<\/p>\n\n\t\t<\/div>\n\t<\/div>\n<\/div><\/div><\/div><div class=\"wpb_animate_when_almost_visible wpb_right-to-left right-to-left wpb_column vc_column_container vc_col-sm-6 vc_hidden-md vc_hidden-sm vc_hidden-xs\"><div class=\"vc_column-inner\"><div class=\"wpb_wrapper\"><div class=\"vc_empty_space\"   style=\"height: 42px\"><span class=\"vc_empty_space_inner\"><\/span><\/div>\n\t<div  class=\"wpb_single_image wpb_content_element vc_align_left  vc_custom_1688409893869\">\n\t\t\n\t\t<figure class=\"wpb_wrapper vc_figure\">\n\t\t\t<div class=\"vc_single_image-wrapper   vc_box_border_grey\"><img loading=\"lazy\" decoding=\"async\" width=\"1978\" height=\"2560\" src=\"https:\/\/weinzaepfel.fr\/wp-content\/uploads\/2023\/06\/Vignes-40-scaled.jpg\" class=\"vc_single_image-img attachment-full\" alt=\"\" srcset=\"https:\/\/weinzaepfel.fr\/wp-content\/uploads\/2023\/06\/Vignes-40-scaled.jpg 1978w, https:\/\/weinzaepfel.fr\/wp-content\/uploads\/2023\/06\/Vignes-40-232x300.jpg 232w, https:\/\/weinzaepfel.fr\/wp-content\/uploads\/2023\/06\/Vignes-40-791x1024.jpg 791w, https:\/\/weinzaepfel.fr\/wp-content\/uploads\/2023\/06\/Vignes-40-768x994.jpg 768w, https:\/\/weinzaepfel.fr\/wp-content\/uploads\/2023\/06\/Vignes-40-1187x1536.jpg 1187w, https:\/\/weinzaepfel.fr\/wp-content\/uploads\/2023\/06\/Vignes-40-1582x2048.jpg 1582w, https:\/\/weinzaepfel.fr\/wp-content\/uploads\/2023\/06\/Vignes-40-9x12.jpg 9w\" sizes=\"(max-width: 1978px) 100vw, 1978px\" \/><\/div>\n\t\t<\/figure>\n\t<\/div>\n<\/div><\/div><\/div><\/div><div class=\"vc_row wpb_row vc_row-fluid vc_custom_1625136973825 vc_row-has-fill vc_row-o-content-top vc_row-flex\"><div class=\"wpb_animate_when_almost_visible wpb_left-to-right left-to-right wpb_column vc_column_container vc_col-sm-12 vc_col-lg-6 vc_col-md-6 vc_hidden-md vc_hidden-sm vc_hidden-xs\"><div class=\"vc_column-inner\"><div class=\"wpb_wrapper\"><div class=\"vc_empty_space\"   style=\"height: 142px\"><span class=\"vc_empty_space_inner\"><\/span><\/div>\n\t<div  class=\"wpb_single_image wpb_content_element vc_align_left  vc_custom_1687546954542\">\n\t\t\n\t\t<figure class=\"wpb_wrapper vc_figure\">\n\t\t\t<div class=\"vc_single_image-wrapper   vc_box_border_grey\"><img loading=\"lazy\" decoding=\"async\" width=\"1829\" height=\"2560\" src=\"https:\/\/weinzaepfel.fr\/wp-content\/uploads\/2023\/06\/vignes-1-scaled.jpg\" class=\"vc_single_image-img attachment-full\" alt=\"\" srcset=\"https:\/\/weinzaepfel.fr\/wp-content\/uploads\/2023\/06\/vignes-1-scaled.jpg 1829w, https:\/\/weinzaepfel.fr\/wp-content\/uploads\/2023\/06\/vignes-1-214x300.jpg 214w, https:\/\/weinzaepfel.fr\/wp-content\/uploads\/2023\/06\/vignes-1-731x1024.jpg 731w, https:\/\/weinzaepfel.fr\/wp-content\/uploads\/2023\/06\/vignes-1-768x1075.jpg 768w, https:\/\/weinzaepfel.fr\/wp-content\/uploads\/2023\/06\/vignes-1-1097x1536.jpg 1097w, https:\/\/weinzaepfel.fr\/wp-content\/uploads\/2023\/06\/vignes-1-1463x2048.jpg 1463w, https:\/\/weinzaepfel.fr\/wp-content\/uploads\/2023\/06\/vignes-1-9x12.jpg 9w\" sizes=\"(max-width: 1829px) 100vw, 1829px\" \/><\/div>\n\t\t<\/figure>\n\t<\/div>\n<\/div><\/div><\/div><div class=\"wpb_column vc_column_container vc_col-sm-6 vc_col-lg-6 vc_col-md-6 vc_hidden-md vc_hidden-sm vc_hidden-xs\"><div class=\"vc_column-inner vc_custom_1637932365520\"><div class=\"wpb_wrapper\"><div class=\"vc_empty_space\"   style=\"height: 105px\"><span class=\"vc_empty_space_inner\"><\/span><\/div>\n\t<div class=\"wpb_text_column wpb_content_element\" >\n\t\t<div class=\"wpb_wrapper\">\n\t\t\t<h2>Culture de la vigne<\/h2>\n\n\t\t<\/div>\n\t<\/div>\n\n\t<div class=\"wpb_text_column wpb_content_element\" >\n\t\t<div class=\"wpb_wrapper\">\n\t\t\t<p>Notre vignoble est certifi\u00e9 en Agriculture biologique depuis 2022. Nos pratiques sont dict\u00e9es par les cycles lunaires.<\/p>\n<p>Nous semons chaque ann\u00e9e des couverts v\u00e9g\u00e9taux en alternance avec une rang\u00e9e d\u2019herbes naturelles. Le travail du sol s\u2019effectue uniquement au niveau du cavaillon (le cavaillon est une bande de 30 cm situ\u00e9e sous la rang\u00e9e de vigne). La conduite responsable du vignoble est notre priorit\u00e9. Nous apportons particuli\u00e8rement d\u2019attention au d\u00e9veloppement de la vigne, \u00e0 son adaptation aux conditions climatiques, afin d\u2019effectuer les travaux en ad\u00e9quation.<\/p>\n<p>Les diff\u00e9rentes s\u00e9lections sont r\u00e9alis\u00e9es tout au long de l\u2019ann\u00e9e\u00a0: Une taille m\u00e9ticuleuse et respectueuse des flux de s\u00e8ve, la suppression des doublons au printemps, une vendange en vert pour limiter le nombre de raisins et enfin un tri sur table effectu\u00e9 directement au vignoble pendant les vendanges. Notons que les vendanges sont faites \u00e0 la main pour conserver l\u2019int\u00e9grit\u00e9 du raisin.<\/p>\n<p>Tous ces \u00e9tapes sont cruciales pour conserver la puret\u00e9 aromatique et favoriser la concentration des raisins.<\/p>\n<p>Le rendement de ce vin est de 40 hl\/ha.<\/p>\n\n\t\t<\/div>\n\t<\/div>\n<\/div><\/div><\/div><\/div><div class=\"vc_row wpb_row vc_row-fluid vc_custom_1625136982025 vc_row-has-fill vc_row-o-content-top vc_row-flex\"><div class=\"wpb_animate_when_almost_visible wpb_left-to-right left-to-right wpb_column vc_column_container vc_col-sm-6 vc_col-lg-6 vc_col-md-6 vc_hidden-md vc_hidden-sm vc_hidden-xs\"><div class=\"vc_column-inner vc_custom_1637932381790\"><div class=\"wpb_wrapper\"><div class=\"vc_empty_space\"   style=\"height: 100px\"><span class=\"vc_empty_space_inner\"><\/span><\/div>\n\t<div class=\"title-subtitle-box\" style=\" text-align: left;\">\n\t\t<h1 style=\" font-style: normal;\">Vinification et \u00e9levage<\/h1>\n\t<\/div> \n\t<div class=\"wpb_text_column wpb_content_element\" >\n\t\t<div class=\"wpb_wrapper\">\n\t\t\t<p><span style=\"text-align: justify;\">Le vin orange est un vin de mac\u00e9ration. Trois c\u00e9pages sont r\u00e9colt\u00e9s \u00e0 maturit\u00e9 optimale, \u00e9rafl\u00e9s et mis dans une cuve. Le contact du jus et de la pruine permet d&rsquo;obtenir cette couleur, plus ou moins intense en fonction de l&rsquo;extraction.\u00a0 <\/span><\/p>\n<p><span style=\"text-align: justify;\">La vinification s\u2019est faite sans soufre, aucun intrant n&rsquo;est ajout\u00e9. La fermentation alcoolique est op\u00e9r\u00e9e spontan\u00e9ment par le biais d&rsquo;un pied de cuve. Elle garantit un vin de qualit\u00e9 et donne la signature du terroir au vin. La diversit\u00e9 des souches de levures apporte une complexit\u00e9 des ar\u00f4mes du vin.<\/span><\/p>\n<p>Toutes les \u00e9tapes sont dict\u00e9es par la lune.<\/p>\n\n\t\t<\/div>\n\t<\/div>\n<\/div><\/div><\/div><div class=\"wpb_animate_when_almost_visible wpb_right-to-left right-to-left wpb_column vc_column_container vc_col-sm-12 vc_col-lg-6 vc_col-md-6 vc_hidden-md vc_hidden-sm vc_hidden-xs\"><div class=\"vc_column-inner\"><div class=\"wpb_wrapper\"><div class=\"vc_empty_space\"   style=\"height: 142px\"><span class=\"vc_empty_space_inner\"><\/span><\/div>\n\t<div  class=\"wpb_single_image wpb_content_element vc_align_left  vc_custom_1687547053588\">\n\t\t\n\t\t<figure class=\"wpb_wrapper vc_figure\">\n\t\t\t<div class=\"vc_single_image-wrapper   vc_box_border_grey\"><img loading=\"lazy\" decoding=\"async\" width=\"1920\" height=\"2560\" src=\"https:\/\/weinzaepfel.fr\/wp-content\/uploads\/2023\/06\/maceration-orange-scaled.jpg\" class=\"vc_single_image-img attachment-full\" alt=\"\" srcset=\"https:\/\/weinzaepfel.fr\/wp-content\/uploads\/2023\/06\/maceration-orange-scaled.jpg 1920w, https:\/\/weinzaepfel.fr\/wp-content\/uploads\/2023\/06\/maceration-orange-225x300.jpg 225w, https:\/\/weinzaepfel.fr\/wp-content\/uploads\/2023\/06\/maceration-orange-768x1024.jpg 768w, https:\/\/weinzaepfel.fr\/wp-content\/uploads\/2023\/06\/maceration-orange-1152x1536.jpg 1152w, https:\/\/weinzaepfel.fr\/wp-content\/uploads\/2023\/06\/maceration-orange-1536x2048.jpg 1536w, https:\/\/weinzaepfel.fr\/wp-content\/uploads\/2023\/06\/maceration-orange-9x12.jpg 9w\" sizes=\"(max-width: 1920px) 100vw, 1920px\" \/><\/div>\n\t\t<\/figure>\n\t<\/div>\n<\/div><\/div><\/div><\/div><div class=\"vc_row wpb_row vc_row-fluid vc_row-o-content-top vc_row-flex\"><div class=\"wpb_animate_when_almost_visible wpb_left-to-right left-to-right wpb_column vc_column_container vc_col-sm-12 vc_hidden-lg\"><div class=\"vc_column-inner vc_custom_1637932234141\"><div class=\"wpb_wrapper\"><div class=\"vc_empty_space\"   style=\"height: 20px\"><span class=\"vc_empty_space_inner\"><\/span><\/div>\n\t<div class=\"wpb_text_column wpb_content_element\" >\n\t\t<div class=\"wpb_wrapper\">\n\t\t\t<h2>Terroir et Situation<\/h2>\n\n\t\t<\/div>\n\t<\/div>\n\n\t<div  class=\"wpb_single_image wpb_content_element vc_align_left  vc_custom_1637224220550\">\n\t\t\n\t\t<figure class=\"wpb_wrapper vc_figure\">\n\t\t\t<div class=\"vc_single_image-wrapper   vc_box_border_grey\"><img loading=\"lazy\" decoding=\"async\" width=\"1920\" height=\"993\" src=\"https:\/\/weinzaepfel.fr\/wp-content\/uploads\/2021\/11\/Mittelbourg-e1637224153193.png\" class=\"vc_single_image-img attachment-full\" alt=\"\" srcset=\"https:\/\/weinzaepfel.fr\/wp-content\/uploads\/2021\/11\/Mittelbourg-e1637224153193.png 1920w, https:\/\/weinzaepfel.fr\/wp-content\/uploads\/2021\/11\/Mittelbourg-e1637224153193-300x155.png 300w, https:\/\/weinzaepfel.fr\/wp-content\/uploads\/2021\/11\/Mittelbourg-e1637224153193-1024x530.png 1024w, https:\/\/weinzaepfel.fr\/wp-content\/uploads\/2021\/11\/Mittelbourg-e1637224153193-768x397.png 768w, https:\/\/weinzaepfel.fr\/wp-content\/uploads\/2021\/11\/Mittelbourg-e1637224153193-1536x794.png 1536w\" sizes=\"(max-width: 1920px) 100vw, 1920px\" \/><\/div>\n\t\t<\/figure>\n\t<\/div>\n<div class=\"vc_empty_space\"   style=\"height: 15px\"><span class=\"vc_empty_space_inner\"><\/span><\/div>\n\t<div class=\"wpb_text_column wpb_content_element  vc_custom_1688406953040\" >\n\t\t<div class=\"wpb_wrapper\">\n\t\t\t<p style=\"text-align: justify;\">Ce vin de mac\u00e9ration est issu de diff\u00e9rentes parcelles au c\u0153ur du lieu-dit Mittelbourg, sur la partie pentue.\u00a0 Les vignes de trois parcelles sont \u00e2g\u00e9es de 75 ans.<\/p>\n<p>L\u2019exposition au Sud ainsi que la diminution des raisins permet d\u2019obtenir une maturit\u00e9 pr\u00e9coce. Avoisinent les 30 \u00e0 50 cm, cette strate de texture limono-argilo-sableuse est \u00e0 la fois fertile et caillouteuse. L\u2019ensemble repose sur des conglom\u00e9rats argileux de l\u2019oligoc\u00e8ne et de nombreux cailloux calcaires. Consid\u00e9r\u00e9 comme un v\u00e9ritable lieu d\u2019encrage racinaire, la roche calcaire sous-jacente est une ressource importante de min\u00e9raux pour la vigne qui marque les vins d\u2019une trame min\u00e9rale saline.<\/p>\n<p>La richesse solaire, ainsi que la ventilation forte de ce cru, en font un atout majeur \u00e0 l\u2019\u00e9laboration de vins d\u2019une grande richesse.\u00a0L\u2019\u00e9nergie de ce\u00a0terroir\u00a0est propice \u00e0 de longues gardes.<\/p>\n\n\t\t<\/div>\n\t<\/div>\n<\/div><\/div><\/div><\/div><div class=\"vc_row wpb_row vc_row-fluid vc_custom_1625136973825 vc_row-has-fill vc_row-o-content-top vc_row-flex\"><div class=\"wpb_column vc_column_container vc_col-sm-12 vc_hidden-lg\"><div class=\"vc_column-inner\"><div class=\"wpb_wrapper\"><div class=\"vc_empty_space\"   style=\"height: 20px\"><span class=\"vc_empty_space_inner\"><\/span><\/div>\n\t<div class=\"wpb_text_column wpb_content_element\" >\n\t\t<div class=\"wpb_wrapper\">\n\t\t\t<h2>Culture de la vigne<\/h2>\n\n\t\t<\/div>\n\t<\/div>\n\n\t<div  class=\"wpb_single_image wpb_content_element vc_align_left  vc_custom_1687547087990\">\n\t\t\n\t\t<figure class=\"wpb_wrapper vc_figure\">\n\t\t\t<div class=\"vc_single_image-wrapper   vc_box_border_grey\"><img loading=\"lazy\" decoding=\"async\" width=\"1829\" height=\"2560\" src=\"https:\/\/weinzaepfel.fr\/wp-content\/uploads\/2023\/06\/vignes-1-scaled.jpg\" class=\"vc_single_image-img attachment-full\" alt=\"\" srcset=\"https:\/\/weinzaepfel.fr\/wp-content\/uploads\/2023\/06\/vignes-1-scaled.jpg 1829w, https:\/\/weinzaepfel.fr\/wp-content\/uploads\/2023\/06\/vignes-1-214x300.jpg 214w, https:\/\/weinzaepfel.fr\/wp-content\/uploads\/2023\/06\/vignes-1-731x1024.jpg 731w, https:\/\/weinzaepfel.fr\/wp-content\/uploads\/2023\/06\/vignes-1-768x1075.jpg 768w, https:\/\/weinzaepfel.fr\/wp-content\/uploads\/2023\/06\/vignes-1-1097x1536.jpg 1097w, https:\/\/weinzaepfel.fr\/wp-content\/uploads\/2023\/06\/vignes-1-1463x2048.jpg 1463w, https:\/\/weinzaepfel.fr\/wp-content\/uploads\/2023\/06\/vignes-1-9x12.jpg 9w\" sizes=\"(max-width: 1829px) 100vw, 1829px\" \/><\/div>\n\t\t<\/figure>\n\t<\/div>\n<div class=\"vc_empty_space\"   style=\"height: 15px\"><span class=\"vc_empty_space_inner\"><\/span><\/div>\n\t<div class=\"wpb_text_column wpb_content_element\" >\n\t\t<div class=\"wpb_wrapper\">\n\t\t\t<p>Notre vignoble est certifi\u00e9 en Agriculture biologique depuis 2022. Nos pratiques sont dict\u00e9es par les cycles lunaires.<\/p>\n<p>Nous semons chaque ann\u00e9e des couverts v\u00e9g\u00e9taux en alternance avec une rang\u00e9e d\u2019herbes naturelles. Le travail du sol s\u2019effectue uniquement au niveau du cavaillon (le cavaillon est une bande de 30 cm situ\u00e9e sous la rang\u00e9e de vigne). La conduite responsable du vignoble est notre priorit\u00e9. Nous apportons particuli\u00e8rement d\u2019attention au d\u00e9veloppement de la vigne, \u00e0 son adaptation aux conditions climatiques, afin d\u2019effectuer les travaux en ad\u00e9quation.<\/p>\n<p>Les diff\u00e9rentes s\u00e9lections sont r\u00e9alis\u00e9es tout au long de l\u2019ann\u00e9e\u00a0: Une taille m\u00e9ticuleuse et respectueuse des flux de s\u00e8ve, la suppression des doublons au printemps, une vendange en vert pour limiter le nombre de raisins et enfin un tri sur table effectu\u00e9 directement au vignoble pendant les vendanges. Notons que les vendanges sont faites \u00e0 la main pour conserver l\u2019int\u00e9grit\u00e9 du raisin.<\/p>\n<p>Tous ces \u00e9tapes sont cruciales pour conserver la puret\u00e9 aromatique et favoriser la concentration des raisins.<\/p>\n<p>Le rendement de ce vin est de 40 hl\/ha.<\/p>\n\n\t\t<\/div>\n\t<\/div>\n<\/div><\/div><\/div><\/div><div class=\"vc_row wpb_row vc_row-fluid vc_custom_1625136982025 vc_row-has-fill vc_row-o-content-top vc_row-flex\"><div class=\"wpb_column vc_column_container vc_col-sm-12 vc_hidden-lg\"><div class=\"vc_column-inner\"><div class=\"wpb_wrapper\"><div class=\"vc_empty_space\"   style=\"height: 20px\"><span class=\"vc_empty_space_inner\"><\/span><\/div>\n\t<div class=\"title-subtitle-box\" style=\" text-align: left;\">\n\t\t<h1 style=\" font-style: normal;\">Vinification et \u00e9levage<\/h1>\n\t<\/div> \n\t<div  class=\"wpb_single_image wpb_content_element vc_align_left  vc_custom_1687547119684\">\n\t\t\n\t\t<figure class=\"wpb_wrapper vc_figure\">\n\t\t\t<div class=\"vc_single_image-wrapper   vc_box_border_grey\"><img loading=\"lazy\" decoding=\"async\" width=\"1920\" height=\"2560\" src=\"https:\/\/weinzaepfel.fr\/wp-content\/uploads\/2023\/06\/maceration-orange-scaled.jpg\" class=\"vc_single_image-img attachment-full\" alt=\"\" srcset=\"https:\/\/weinzaepfel.fr\/wp-content\/uploads\/2023\/06\/maceration-orange-scaled.jpg 1920w, https:\/\/weinzaepfel.fr\/wp-content\/uploads\/2023\/06\/maceration-orange-225x300.jpg 225w, https:\/\/weinzaepfel.fr\/wp-content\/uploads\/2023\/06\/maceration-orange-768x1024.jpg 768w, https:\/\/weinzaepfel.fr\/wp-content\/uploads\/2023\/06\/maceration-orange-1152x1536.jpg 1152w, https:\/\/weinzaepfel.fr\/wp-content\/uploads\/2023\/06\/maceration-orange-1536x2048.jpg 1536w, https:\/\/weinzaepfel.fr\/wp-content\/uploads\/2023\/06\/maceration-orange-9x12.jpg 9w\" sizes=\"(max-width: 1920px) 100vw, 1920px\" \/><\/div>\n\t\t<\/figure>\n\t<\/div>\n<div class=\"vc_empty_space\"   style=\"height: 15px\"><span class=\"vc_empty_space_inner\"><\/span><\/div>\n\t<div class=\"wpb_text_column wpb_content_element\" >\n\t\t<div class=\"wpb_wrapper\">\n\t\t\t<p><span style=\"text-align: justify;\">Le vin orange est un vin de mac\u00e9ration. Trois c\u00e9pages sont r\u00e9colt\u00e9s \u00e0 maturit\u00e9 optimale, \u00e9rafl\u00e9s et mis dans une cuve. Le contact du jus et de la pruine permet d&rsquo;obtenir cette couleur, plus ou moins intense en fonction de l&rsquo;extraction.\u00a0 <\/span><\/p>\n<p><span style=\"text-align: justify;\">La vinification s\u2019est faite sans soufre, aucun intrant n&rsquo;est ajout\u00e9. La fermentation alcoolique est op\u00e9r\u00e9e spontan\u00e9ment par le biais d&rsquo;un pied de cuve. Elle garantit un vin de qualit\u00e9 et donne la signature du terroir au vin. La diversit\u00e9 des souches de levures apporte une complexit\u00e9 des ar\u00f4mes du vin.<\/span><\/p>\n<p>Toutes les \u00e9tapes sont dict\u00e9es par la lune.<\/p>\n\n\t\t<\/div>\n\t<\/div>\n<\/div><\/div><\/div><\/div><div class=\"vc_row wpb_row vc_row-fluid vc_custom_1637932007381 vc_row-has-fill\"><div class=\"wpb_animate_when_almost_visible wpb_left-to-right left-to-right wpb_column vc_column_container vc_col-sm-12 vc_hidden-lg vc_hidden-md vc_hidden-sm vc_col-has-fill\"><div class=\"vc_column-inner vc_custom_1637932105880\"><div class=\"wpb_wrapper\">\n\t<div class=\"wpb_text_column wpb_content_element\" >\n\t\t<div class=\"wpb_wrapper\">\n\t\t\t<h1 style=\"text-align: center; font-size: 60px;\"><span style=\"color: #808080;\">D\u00e9gustation<\/span><\/h1>\n\n\t\t<\/div>\n\t<\/div>\n<div class=\"vc_empty_space\"   style=\"height: 32px\"><span class=\"vc_empty_space_inner\"><\/span><\/div>\n\t<div  class=\"wpb_single_image wpb_content_element vc_align_center\">\n\t\t\n\t\t<figure class=\"wpb_wrapper vc_figure\">\n\t\t\t<div class=\"vc_single_image-wrapper   vc_box_border_grey\"><img loading=\"lazy\" decoding=\"async\" width=\"133\" height=\"105\" src=\"https:\/\/weinzaepfel.fr\/wp-content\/uploads\/2021\/11\/a_03.png\" class=\"vc_single_image-img attachment-medium\" alt=\"\" \/><\/div>\n\t\t<\/figure>\n\t<\/div>\n\n\t<div class=\"wpb_text_column wpb_content_element\" >\n\t\t<div class=\"wpb_wrapper\">\n\t\t\t<p style=\"text-align: left;\">Une couleur orange intense bouleversant les codes. Robe lumineuse parsem\u00e9e de reflets cuivr\u00e9s.<\/p>\n\n\t\t<\/div>\n\t<\/div>\n<\/div><\/div><\/div><div class=\"wpb_column vc_column_container vc_col-sm-12 vc_hidden-lg vc_hidden-md vc_hidden-sm\"><div class=\"vc_column-inner\"><div class=\"wpb_wrapper\"><div class=\"vc_empty_space\"   style=\"height: 32px\"><span class=\"vc_empty_space_inner\"><\/span><\/div>\n\t<div  class=\"wpb_single_image wpb_content_element vc_align_center\">\n\t\t\n\t\t<figure class=\"wpb_wrapper vc_figure\">\n\t\t\t<div class=\"vc_single_image-wrapper   vc_box_border_grey\"><img loading=\"lazy\" decoding=\"async\" width=\"125\" height=\"151\" src=\"https:\/\/weinzaepfel.fr\/wp-content\/uploads\/2021\/11\/a_07.png\" class=\"vc_single_image-img attachment-medium\" alt=\"\" \/><\/div>\n\t\t<\/figure>\n\t<\/div>\n\n\t<div class=\"wpb_text_column wpb_content_element\" >\n\t\t<div class=\"wpb_wrapper\">\n\t\t\t<p style=\"text-align: justify;\"><span class=\"WdYUQQ text-decoration-none text-strikethrough-none\">Dans l&rsquo;esprit de ses trois c\u00e9pages, l&rsquo;aromatique est \u00e9poustouflant. Cette ann\u00e9e, une touche de Sylvaner a \u00e9t\u00e9 ajout\u00e9 procurant une tonalit\u00e9 fraiche \u00e0 ce vin de caract\u00e8re. Il nous immerge vers des ar\u00f4mes d&rsquo;abricot confit, de zeste d&rsquo;orange et d&rsquo;\u00e9pices.<\/span><\/p>\n\n\t\t<\/div>\n\t<\/div>\n<\/div><\/div><\/div><div class=\"wpb_column vc_column_container vc_col-sm-12 vc_hidden-lg vc_hidden-md vc_hidden-sm\"><div class=\"vc_column-inner\"><div class=\"wpb_wrapper\"><div class=\"vc_empty_space\"   style=\"height: 32px\"><span class=\"vc_empty_space_inner\"><\/span><\/div>\n\t<div  class=\"wpb_single_image wpb_content_element vc_align_center\">\n\t\t\n\t\t<figure class=\"wpb_wrapper vc_figure\">\n\t\t\t<div class=\"vc_single_image-wrapper   vc_box_border_grey\"><img loading=\"lazy\" decoding=\"async\" width=\"133\" height=\"108\" src=\"https:\/\/weinzaepfel.fr\/wp-content\/uploads\/2021\/11\/a_10.png\" class=\"vc_single_image-img attachment-medium\" alt=\"\" \/><\/div>\n\t\t<\/figure>\n\t<\/div>\n\n\t<div class=\"wpb_text_column wpb_content_element\" >\n\t\t<div class=\"wpb_wrapper\">\n\t\t\t<p style=\"text-align: justify;\">La douceur signe le palais. En milieu de bouche, une acidit\u00e9 \u00e9quilibr\u00e9e viens sublimer le parlais. La finale douce est accompagn\u00e9e de l\u00e9gers tanins.<\/p>\n<p style=\"text-align: justify;\">Une bouche extr\u00eamement complexe et raffin\u00e9e.<\/p>\n<p>Un mill\u00e9sime solaire et des raisins parfaitement sains offrent une symbiose entre maturit\u00e9 et fra\u00eecheur.<\/p>\n\n\t\t<\/div>\n\t<\/div>\n<\/div><\/div><\/div><div class=\"wpb_column vc_column_container vc_col-sm-12 vc_hidden-lg vc_hidden-md vc_hidden-sm\"><div class=\"vc_column-inner\"><div class=\"wpb_wrapper\"><div class=\"vc_empty_space\"   style=\"height: 380px\"><span class=\"vc_empty_space_inner\"><\/span><\/div><\/div><\/div><\/div><\/div><div class=\"vc_row wpb_row vc_row-fluid vc_custom_1636134256641\"><div class=\"wpb_column vc_column_container vc_col-sm-4 vc_col-has-fill\"><div class=\"vc_column-inner vc_custom_1636132099713\"><div class=\"wpb_wrapper\"><\/div><\/div><\/div><div class=\"wpb_animate_when_almost_visible wpb_bottom-to-top bottom-to-top wpb_column vc_column_container vc_col-sm-4 vc_hidden-xs vc_col-has-fill\"><div class=\"vc_column-inner vc_custom_1636133633065\"><div class=\"wpb_wrapper\"><div class=\"vc_empty_space\"   style=\"height: 122px\"><span class=\"vc_empty_space_inner\"><\/span><\/div>\n\t<div  class=\"wpb_single_image wpb_content_element vc_align_center\">\n\t\t\n\t\t<figure class=\"wpb_wrapper vc_figure\">\n\t\t\t<div class=\"vc_single_image-wrapper   vc_box_border_grey\"><img loading=\"lazy\" decoding=\"async\" width=\"125\" height=\"151\" src=\"https:\/\/weinzaepfel.fr\/wp-content\/uploads\/2021\/11\/a_07.png\" class=\"vc_single_image-img attachment-medium\" alt=\"\" \/><\/div>\n\t\t<\/figure>\n\t<\/div>\n\n\t<div class=\"wpb_text_column wpb_content_element\" >\n\t\t<div class=\"wpb_wrapper\">\n\t\t\t<p><span class=\"WdYUQQ text-decoration-none text-strikethrough-none\">Dans l&rsquo;esprit de ses trois c\u00e9pages, l&rsquo;aromatique est \u00e9poustouflant. Cette ann\u00e9e, une touche de Sylvaner a \u00e9t\u00e9 ajout\u00e9 procurant une tonalit\u00e9 fraiche \u00e0 ce vin de caract\u00e8re. Il nous immerge vers des ar\u00f4mes d&rsquo;abricot confit, de zeste d&rsquo;orange et d&rsquo;\u00e9pices.<\/span><\/p>\n\n\t\t<\/div>\n\t<\/div>\n<\/div><\/div><\/div><div class=\"wpb_column vc_column_container vc_col-sm-4 vc_col-has-fill\"><div class=\"vc_column-inner vc_custom_1636132146199\"><div class=\"wpb_wrapper\"><\/div><\/div><\/div><\/div><div class=\"vc_row wpb_row vc_row-fluid\"><div class=\"wpb_column vc_column_container vc_col-sm-12 vc_hidden-xs\"><div class=\"vc_column-inner\"><div class=\"wpb_wrapper\">\n\t<div class=\"wpb_text_column wpb_content_element  vc_custom_1636132157631\" >\n\t\t<div class=\"wpb_wrapper\">\n\t\t\t<h1 style=\"text-align: center; font-size: 120px;\"><span style=\"color: #808080;\">D\u00e9gustation<\/span><\/h1>\n\n\t\t<\/div>\n\t<\/div>\n<\/div><\/div><\/div><\/div><div class=\"vc_row wpb_row vc_row-fluid vc_custom_1636133137811 vc_row-has-fill\"><div class=\"wpb_column vc_column_container vc_col-sm-4 vc_hidden-xs vc_col-has-fill\"><div class=\"vc_column-inner vc_custom_1637865096213\"><div class=\"wpb_wrapper\"><div class=\"vc_empty_space\"   style=\"height: 32px\"><span class=\"vc_empty_space_inner\"><\/span><\/div>\n\t<div  class=\"wpb_single_image wpb_content_element vc_align_center\">\n\t\t\n\t\t<figure class=\"wpb_wrapper vc_figure\">\n\t\t\t<div class=\"vc_single_image-wrapper   vc_box_border_grey\"><img loading=\"lazy\" decoding=\"async\" width=\"133\" height=\"105\" src=\"https:\/\/weinzaepfel.fr\/wp-content\/uploads\/2021\/11\/a_03.png\" class=\"vc_single_image-img attachment-medium\" alt=\"\" \/><\/div>\n\t\t<\/figure>\n\t<\/div>\n\n\t<div class=\"wpb_text_column wpb_content_element\" >\n\t\t<div class=\"wpb_wrapper\">\n\t\t\t<p style=\"text-align: left;\">Une couleur orange intense bouleversant les codes. Robe lumineuse parsem\u00e9e de reflets cuivr\u00e9s.<\/p>\n\n\t\t<\/div>\n\t<\/div>\n<\/div><\/div><\/div><div class=\"wpb_column vc_column_container vc_col-sm-4\"><div class=\"vc_column-inner\"><div class=\"wpb_wrapper\"><\/div><\/div><\/div><div class=\"wpb_column vc_column_container vc_col-sm-4 vc_hidden-xs vc_col-has-fill\"><div class=\"vc_column-inner vc_custom_1637865104631\"><div class=\"wpb_wrapper\"><div class=\"vc_empty_space\"   style=\"height: 32px\"><span class=\"vc_empty_space_inner\"><\/span><\/div>\n\t<div  class=\"wpb_single_image wpb_content_element vc_align_center\">\n\t\t\n\t\t<figure class=\"wpb_wrapper vc_figure\">\n\t\t\t<div class=\"vc_single_image-wrapper   vc_box_border_grey\"><img loading=\"lazy\" decoding=\"async\" width=\"133\" height=\"108\" src=\"https:\/\/weinzaepfel.fr\/wp-content\/uploads\/2021\/11\/a_10.png\" class=\"vc_single_image-img attachment-medium\" alt=\"\" \/><\/div>\n\t\t<\/figure>\n\t<\/div>\n\n\t<div class=\"wpb_text_column wpb_content_element\" >\n\t\t<div class=\"wpb_wrapper\">\n\t\t\t<p style=\"text-align: justify;\">La douceur signe le palais. En milieu de bouche, une acidit\u00e9 \u00e9quilibr\u00e9e viens sublimer le parlais. La finale douce est accompagn\u00e9e de l\u00e9gers tanins.<\/p>\n<p style=\"text-align: justify;\">Une bouche extr\u00eamement complexe et raffin\u00e9e.<\/p>\n<p>Un mill\u00e9sime solaire et des raisins parfaitement sains offrent une symbiose entre maturit\u00e9 et fra\u00eecheur.<\/p>\n\n\t\t<\/div>\n\t<\/div>\n<\/div><\/div><\/div><\/div><div class=\"vc_row wpb_row vc_row-fluid\"><div class=\"wpb_column vc_column_container vc_col-sm-12\"><div class=\"vc_column-inner\"><div class=\"wpb_wrapper\"><div class=\"vc_empty_space\"   style=\"height: 32px\"><span class=\"vc_empty_space_inner\"><\/span><\/div>\n<div class=\"vc-zigzag-wrapper vc-zigzag-align-center\"><div class=\"vc-zigzag-inner\" style=\"width: 100%;min-height: 14px;background: 0 repeat-x url(&#039;data:image\/svg+xml;utf-8,%3C%3Fxml%20version%3D%221.0%22%20encoding%3D%22utf-8%22%3F%3E%3C%21DOCTYPE%20svg%20PUBLIC%20%22-%2F%2FW3C%2F%2FDTD%20SVG%201.1%2F%2FEN%22%20%22http%3A%2F%2Fwww.w3.org%2FGraphics%2FSVG%2F1.1%2FDTD%2Fsvg11.dtd%22%3E%3Csvg%20width%3D%2214px%22%20height%3D%2212px%22%20viewBox%3D%220%200%2018%2015%22%20version%3D%221.1%22%20xmlns%3D%22http%3A%2F%2Fwww.w3.org%2F2000%2Fsvg%22%20xmlns%3Axlink%3D%22http%3A%2F%2Fwww.w3.org%2F1999%2Fxlink%22%3E%3Cpolygon%20id%3D%22Combined-Shape%22%20fill%3D%22%23cec2ab%22%20points%3D%228.98762301%200%200%209.12771969%200%2014.519983%209%205.40479869%2018%2014.519983%2018%209.12771969%22%3E%3C%2Fpolygon%3E%3C%2Fsvg%3E&#039;);\"><\/div><\/div>\n\t<div class=\"wpb_text_column wpb_content_element  vc_custom_1688391397264\" >\n\t\t<div class=\"wpb_wrapper\">\n\t\t\t<h3 style=\"text-align: center;\"><span style=\"color: #b0976d;\">Id\u00e9e d\u2019accord<\/span><\/h3>\n<p style=\"text-align: center;\"><strong>Ce vin est \u00e0 son apog\u00e9e lorsqu\u2019il est accompagn\u00e9 de mets asiatiques. Sa complexit\u00e9 offre une diversit\u00e9 d&rsquo;accords comme les entr\u00e9es, les viandes, les poissons, les fromages et les desserts.<\/strong><\/p>\n<h3 style=\"text-align: center;\"><span style=\"color: #b0976d;\">Optimum de d\u00e9gustation<\/span><\/h3>\n<p style=\"text-align: center;\">A d\u00e9guster d\u00e8s \u00e0 pr\u00e9sent \u00e0 10 &#8211; 12\u00b0C. Potentiel de garde : 5 ans<\/p>\n\n\t\t<\/div>\n\t<\/div>\n\n<div class=\"vc-zigzag-wrapper vc-zigzag-align-center\"><div class=\"vc-zigzag-inner\" style=\"width: 100%;min-height: 14px;background: 0 repeat-x url(&#039;data:image\/svg+xml;utf-8,%3C%3Fxml%20version%3D%221.0%22%20encoding%3D%22utf-8%22%3F%3E%3C%21DOCTYPE%20svg%20PUBLIC%20%22-%2F%2FW3C%2F%2FDTD%20SVG%201.1%2F%2FEN%22%20%22http%3A%2F%2Fwww.w3.org%2FGraphics%2FSVG%2F1.1%2FDTD%2Fsvg11.dtd%22%3E%3Csvg%20width%3D%2214px%22%20height%3D%2212px%22%20viewBox%3D%220%200%2018%2015%22%20version%3D%221.1%22%20xmlns%3D%22http%3A%2F%2Fwww.w3.org%2F2000%2Fsvg%22%20xmlns%3Axlink%3D%22http%3A%2F%2Fwww.w3.org%2F1999%2Fxlink%22%3E%3Cpolygon%20id%3D%22Combined-Shape%22%20fill%3D%22%23cec2ab%22%20points%3D%228.98762301%200%200%209.12771969%200%2014.519983%209%205.40479869%2018%2014.519983%2018%209.12771969%22%3E%3C%2Fpolygon%3E%3C%2Fsvg%3E&#039;);\"><\/div><\/div><\/div><\/div><\/div><\/div><div data-vc-full-width=\"true\" data-vc-full-width-init=\"false\" data-vc-stretch-content=\"true\" class=\"vc_row wpb_row vc_row-fluid vc_custom_1624287233712 vc_row-has-fill vc_row-o-content-top vc_row-flex\"><div class=\"wpb_column vc_column_container vc_col-sm-12\"><div class=\"vc_column-inner\"><div class=\"wpb_wrapper\"><div class=\"vc_empty_space\"   style=\"height: 30px\"><span class=\"vc_empty_space_inner\"><\/span><\/div><\/div><\/div><\/div><\/div><div class=\"vc_row-full-width vc_clearfix\"><\/div><div data-vc-full-width=\"true\" data-vc-full-width-init=\"false\" class=\"vc_row wpb_row vc_row-fluid vc_custom_1624974449111 vc_row-has-fill vc_row-o-content-top vc_row-flex\"><div class=\"wpb_column vc_column_container vc_col-sm-3\"><div class=\"vc_column-inner\"><div class=\"wpb_wrapper\">\n\t<div  class=\"wpb_single_image wpb_content_element vc_align_left\">\n\t\t\n\t\t<figure class=\"wpb_wrapper vc_figure\">\n\t\t\t<div class=\"vc_single_image-wrapper   vc_box_border_grey\"><img loading=\"lazy\" decoding=\"async\" width=\"160\" height=\"86\" src=\"https:\/\/weinzaepfel.fr\/wp-content\/uploads\/2021\/06\/logoWEINZ160.png\" class=\"vc_single_image-img attachment-full\" alt=\"\" \/><\/div>\n\t\t<\/figure>\n\t<\/div>\n\n\t<div class=\"wpb_text_column wpb_content_element\" >\n\t\t<div class=\"wpb_wrapper\">\n\t\t\t<p><span style=\"color: #ffffff;\">3 Rue de la Chapelle, 68360 Soultz-Haut-Rhin<\/span><\/p>\n\n\t\t<\/div>\n\t<\/div>\n<\/div><\/div><\/div><div class=\"wpb_column vc_column_container vc_col-sm-3\"><div class=\"vc_column-inner vc_custom_1624871888116\"><div class=\"wpb_wrapper\">\n\t<div class=\"wpb_text_column wpb_content_element\" >\n\t\t<div class=\"wpb_wrapper\">\n\t\t\t<p style=\"text-align: left;\"><span style=\"color: #ffffff;\"><strong>Contact<\/strong><br \/>\n<\/span><\/p>\n\n\t\t<\/div>\n\t<\/div>\n\n\t<div  class=\"wpb_single_image wpb_content_element vc_align_left\">\n\t\t\n\t\t<figure class=\"wpb_wrapper vc_figure\">\n\t\t\t<a href=\"tel:+33686653618\" target=\"_self\" class=\"vc_single_image-wrapper   vc_box_border_grey\"><img loading=\"lazy\" decoding=\"async\" width=\"224\" height=\"38\" src=\"https:\/\/weinzaepfel.fr\/wp-content\/uploads\/2021\/06\/tle.jpg\" class=\"vc_single_image-img attachment-full\" alt=\"\" \/><\/a>\n\t\t<\/figure>\n\t<\/div>\n\n\t<div  class=\"wpb_single_image wpb_content_element vc_align_left\">\n\t\t\n\t\t<figure class=\"wpb_wrapper vc_figure\">\n\t\t\t<div class=\"vc_single_image-wrapper   vc_box_border_grey\"><img loading=\"lazy\" decoding=\"async\" width=\"224\" height=\"38\" src=\"https:\/\/weinzaepfel.fr\/wp-content\/uploads\/2021\/06\/mail.jpg\" class=\"vc_single_image-img attachment-full\" alt=\"\" \/><\/div>\n\t\t<\/figure>\n\t<\/div>\n<\/div><\/div><\/div><div class=\"wpb_column vc_column_container vc_col-sm-3\"><div class=\"vc_column-inner\"><div class=\"wpb_wrapper\">\n\t<div class=\"wpb_text_column wpb_content_element\" >\n\t\t<div class=\"wpb_wrapper\">\n\t\t\t<p><span style=\"color: #ffffff;\"><strong>Schedule <\/strong><\/span><\/p>\n\n\t\t<\/div>\n\t<\/div>\n\n\t<div class=\"wpb_text_column wpb_content_element\" >\n\t\t<div class=\"wpb_wrapper\">\n\t\t\t<p><span style=\"color: #ffffff;\">Ouvert de 8h \u00e0 20h tous les jours<\/span><\/p>\n<p>&nbsp;<\/p>\n<p><em><span style=\"color: #ffffff;\">Weekends by appointment<\/span><\/em><\/p>\n\n\t\t<\/div>\n\t<\/div>\n<\/div><\/div><\/div><div class=\"wpb_column vc_column_container vc_col-sm-3\"><div class=\"vc_column-inner\"><div class=\"wpb_wrapper\">\n\t<div  class=\"wpb_single_image wpb_content_element vc_align_left\">\n\t\t\n\t\t<figure class=\"wpb_wrapper vc_figure\">\n\t\t\t<a href=\"https:\/\/www.facebook.com\/domaineweinzaepfel\" target=\"_blank\" class=\"vc_single_image-wrapper   vc_box_border_grey\"><img loading=\"lazy\" decoding=\"async\" width=\"200\" height=\"79\" src=\"https:\/\/weinzaepfel.fr\/wp-content\/uploads\/2021\/06\/suiveznousfacebook.jpg\" class=\"vc_single_image-img attachment-large\" alt=\"\" \/><\/a>\n\t\t<\/figure>\n\t<\/div>\n\n\t<div  class=\"wpb_single_image wpb_content_element vc_align_left\">\n\t\t\n\t\t<figure class=\"wpb_wrapper vc_figure\">\n\t\t\t<a href=\"https:\/\/www.facebook.com\/domaineweinzaepfel\" target=\"_self\" class=\"vc_single_image-wrapper   vc_box_border_grey\"><img loading=\"lazy\" decoding=\"async\" width=\"200\" height=\"79\" src=\"https:\/\/weinzaepfel.fr\/wp-content\/uploads\/2021\/06\/suiveznousurinsta.jpg\" class=\"vc_single_image-img attachment-large\" alt=\"\" \/><\/a>\n\t\t<\/figure>\n\t<\/div>\n<\/div><\/div><\/div><\/div><div class=\"vc_row-full-width vc_clearfix\"><\/div><div data-vc-full-width=\"true\" data-vc-full-width-init=\"false\" data-vc-stretch-content=\"true\" class=\"vc_row wpb_row vc_row-fluid vc_custom_1624287233712 vc_row-has-fill vc_row-o-content-top vc_row-flex\"><div class=\"wpb_column vc_column_container vc_col-sm-12\"><div class=\"vc_column-inner\"><div class=\"wpb_wrapper\"><div class=\"vc_empty_space\"   style=\"height: 30px\"><span class=\"vc_empty_space_inner\"><\/span><\/div><\/div><\/div><\/div><\/div><div class=\"vc_row-full-width vc_clearfix\"><\/div>","protected":false},"excerpt":{"rendered":"<h4><span class=\"WdYUQQ text-decoration-none text-strikethrough-none\">Cuv\u00e9e enivrante par sa typicit\u00e9 et sa complexit\u00e9 aromatique. Vin d&rsquo;une grande puret\u00e9.<\/span><\/h4>","protected":false},"featured_media":4758,"template":"","meta":[],"product_cat":[53],"product_tag":[43,51],"class_list":["post-4757","product","type-product","status-publish","has-post-thumbnail","hentry","product_cat-vin-orange","product_tag-alsace","product_tag-assemblage"],"_links":{"self":[{"href":"https:\/\/weinzaepfel.fr\/en\/wp-json\/wp\/v2\/product\/4757"}],"collection":[{"href":"https:\/\/weinzaepfel.fr\/en\/wp-json\/wp\/v2\/product"}],"about":[{"href":"https:\/\/weinzaepfel.fr\/en\/wp-json\/wp\/v2\/types\/product"}],"wp:featuredmedia":[{"embeddable":true,"href":"https:\/\/weinzaepfel.fr\/en\/wp-json\/wp\/v2\/media\/4758"}],"wp:attachment":[{"href":"https:\/\/weinzaepfel.fr\/en\/wp-json\/wp\/v2\/media?parent=4757"}],"wp:term":[{"taxonomy":"product_cat","embeddable":true,"href":"https:\/\/weinzaepfel.fr\/en\/wp-json\/wp\/v2\/product_cat?post=4757"},{"taxonomy":"product_tag","embeddable":true,"href":"https:\/\/weinzaepfel.fr\/en\/wp-json\/wp\/v2\/product_tag?post=4757"}],"curies":[{"name":"wp","href":"https:\/\/api.w.org\/{rel}","templated":true}]}}