{"id":4776,"date":"2023-06-22T19:53:51","date_gmt":"2023-06-22T17:53:51","guid":{"rendered":"https:\/\/weinzaepfel.fr\/?post_type=product&#038;p=4776"},"modified":"2025-10-20T15:49:39","modified_gmt":"2025-10-20T13:49:39","slug":"lieu-dit-finkennest","status":"publish","type":"product","link":"https:\/\/weinzaepfel.fr\/en\/product\/lieu-dit-finkennest\/","title":{"rendered":"Pinot Noir Lieu-dit Finkennest 2023"},"content":{"rendered":"<div class=\"vc_row wpb_row vc_row-fluid vc_row-o-content-top vc_row-flex\"><div class=\"wpb_animate_when_almost_visible wpb_left-to-right left-to-right wpb_column vc_column_container vc_col-sm-6 vc_hidden-md vc_hidden-sm vc_hidden-xs\"><div class=\"vc_column-inner vc_custom_1637932737231\"><div class=\"wpb_wrapper\">\n\t<div class=\"wpb_text_column wpb_content_element\" >\n\t\t<div class=\"wpb_wrapper\">\n\t\t\t<h2>Terroir et Situation<\/h2>\n\n\t\t<\/div>\n\t<\/div>\n\n\t<div class=\"wpb_text_column wpb_content_element  vc_custom_1702651206582\" >\n\t\t<div class=\"wpb_wrapper\">\n\t\t\t<p style=\"text-align: justify;\">Le domaine a la chance de poss\u00e9der le MONOPOLE des terres de ce Cru depuis maintenant 30 ans.<\/p>\n<p style=\"text-align: justify;\">Il faut se balader sur la colline du Mittelbourg pour comprendre les nuances qu\u2019apportent les diff\u00e9rents reliefs de ce cru. Le Finkennest jouxte la partie haute du Mittelbourg n\u00e9anmoins les vins diff\u00e8rent pleinement. La parcelle de Pinot noir Finkennest est situ\u00e9e \u00e0 l\u2019extr\u00e9mit\u00e9 gauche du Lieu-dit. Elle se situe en partie sommital o\u00f9 de puissants courants d\u2019air acc\u00e9l\u00e8rent la maturation des baies. Les acidit\u00e9s sont pr\u00e9serv\u00e9es ; ce qui donne \u00e0 ce Cru des grandes aptitudes \u00e0 la garde.<\/p>\n<p style=\"text-align: justify;\">L\u2019exposition au Sud et l\u2019orientation des rang \u00e0 l\u2019Ouest apportent un bon compromis entre richesse solaire et fraicheur aromatique.<\/p>\n<p style=\"text-align: justify;\">Le sous-sol est constitu\u00e9 de marnes et conglom\u00e9rat argileux de l\u2019Oligoc\u00e8ne. La roche-m\u00e8re marque intens\u00e9ment de son empreinte saline. En surface, les sols sont compos\u00e9s d\u2019argiles et de pierres diff\u00e9rentes\u00a0: pierres calcaire, cailloux gr\u00e9seux, nombreux sont les diff\u00e9rents alluvions qui composent la terre. La couleur rouge\u00e2tre de la terre t\u00e9moigne de la pr\u00e9sence des nombreux oxydes ferreux.<\/p>\n<p style=\"text-align: justify;\">Ce terroir majoritairement Argilo-calcaire est en tout point favorable \u00e0 l\u2019expression profonde du Pinot Noir.<\/p>\n\n\t\t<\/div>\n\t<\/div>\n<\/div><\/div><\/div><div class=\"wpb_animate_when_almost_visible wpb_right-to-left right-to-left wpb_column vc_column_container vc_col-sm-6 vc_hidden-md vc_hidden-sm vc_hidden-xs\"><div class=\"vc_column-inner\"><div class=\"wpb_wrapper\"><div class=\"vc_empty_space\"   style=\"height: 100px\"><span class=\"vc_empty_space_inner\"><\/span><\/div>\n\t<div  class=\"wpb_single_image wpb_content_element vc_align_left  vc_custom_1702650376371\">\n\t\t\n\t\t<figure class=\"wpb_wrapper vc_figure\">\n\t\t\t<div class=\"vc_single_image-wrapper   vc_box_border_grey\"><img loading=\"lazy\" decoding=\"async\" width=\"3992\" height=\"2992\" src=\"https:\/\/weinzaepfel.fr\/wp-content\/uploads\/2023\/06\/DJI_0050.png\" class=\"vc_single_image-img attachment-full\" alt=\"\" srcset=\"https:\/\/weinzaepfel.fr\/wp-content\/uploads\/2023\/06\/DJI_0050.png 3992w, https:\/\/weinzaepfel.fr\/wp-content\/uploads\/2023\/06\/DJI_0050-300x225.png 300w, https:\/\/weinzaepfel.fr\/wp-content\/uploads\/2023\/06\/DJI_0050-1024x767.png 1024w, https:\/\/weinzaepfel.fr\/wp-content\/uploads\/2023\/06\/DJI_0050-768x576.png 768w, https:\/\/weinzaepfel.fr\/wp-content\/uploads\/2023\/06\/DJI_0050-1536x1151.png 1536w, https:\/\/weinzaepfel.fr\/wp-content\/uploads\/2023\/06\/DJI_0050-2048x1535.png 2048w, https:\/\/weinzaepfel.fr\/wp-content\/uploads\/2023\/06\/DJI_0050-16x12.png 16w\" sizes=\"(max-width: 3992px) 100vw, 3992px\" \/><\/div>\n\t\t<\/figure>\n\t<\/div>\n<\/div><\/div><\/div><\/div><div class=\"vc_row wpb_row vc_row-fluid vc_custom_1625136973825 vc_row-has-fill vc_row-o-content-top vc_row-flex\"><div class=\"wpb_animate_when_almost_visible wpb_left-to-right left-to-right wpb_column vc_column_container vc_col-sm-12 vc_col-lg-6 vc_col-md-6 vc_hidden-md vc_hidden-sm vc_hidden-xs\"><div class=\"vc_column-inner vc_custom_1637932756746\"><div class=\"wpb_wrapper\"><div class=\"vc_empty_space\"   style=\"height: 142px\"><span class=\"vc_empty_space_inner\"><\/span><\/div>\n\t<div  class=\"wpb_single_image wpb_content_element vc_align_left  vc_custom_1692178829469\">\n\t\t\n\t\t<figure class=\"wpb_wrapper vc_figure\">\n\t\t\t<div class=\"vc_single_image-wrapper   vc_box_border_grey\"><img loading=\"lazy\" decoding=\"async\" width=\"1828\" height=\"2560\" src=\"https:\/\/weinzaepfel.fr\/wp-content\/uploads\/2023\/06\/Vignes-13-scaled.jpg\" class=\"vc_single_image-img attachment-full\" alt=\"\" srcset=\"https:\/\/weinzaepfel.fr\/wp-content\/uploads\/2023\/06\/Vignes-13-scaled.jpg 1828w, https:\/\/weinzaepfel.fr\/wp-content\/uploads\/2023\/06\/Vignes-13-214x300.jpg 214w, https:\/\/weinzaepfel.fr\/wp-content\/uploads\/2023\/06\/Vignes-13-731x1024.jpg 731w, https:\/\/weinzaepfel.fr\/wp-content\/uploads\/2023\/06\/Vignes-13-768x1075.jpg 768w, https:\/\/weinzaepfel.fr\/wp-content\/uploads\/2023\/06\/Vignes-13-1097x1536.jpg 1097w, https:\/\/weinzaepfel.fr\/wp-content\/uploads\/2023\/06\/Vignes-13-1463x2048.jpg 1463w, https:\/\/weinzaepfel.fr\/wp-content\/uploads\/2023\/06\/Vignes-13-9x12.jpg 9w\" sizes=\"(max-width: 1828px) 100vw, 1828px\" \/><\/div>\n\t\t<\/figure>\n\t<\/div>\n<\/div><\/div><\/div><div class=\"wpb_animate_when_almost_visible wpb_right-to-left right-to-left wpb_column vc_column_container vc_col-sm-12 vc_col-lg-6 vc_col-md-6 vc_hidden-md vc_hidden-sm vc_hidden-xs\"><div class=\"vc_column-inner vc_custom_1637932748878\"><div class=\"wpb_wrapper\"><div class=\"vc_empty_space\"   style=\"height: 52px\"><span class=\"vc_empty_space_inner\"><\/span><\/div>\n\t<div class=\"wpb_text_column wpb_content_element\" >\n\t\t<div class=\"wpb_wrapper\">\n\t\t\t<h2>Culture de la vigne<\/h2>\n\n\t\t<\/div>\n\t<\/div>\n\n\t<div class=\"wpb_text_column wpb_content_element\" >\n\t\t<div class=\"wpb_wrapper\">\n\t\t\t<p style=\"text-align: justify;\">Nous avons plant\u00e9 cette parcelle de Pinot noir au d\u00e9but des ann\u00e9es 60. Depuis ce temps les racines se sont d\u00e9velopp\u00e9s en profondeur pour y chercher les min\u00e9raux. Nous semons chaque ann\u00e9e des couverts v\u00e9g\u00e9taux en alternance avec une rang\u00e9e d\u2019herbes naturelles. Le travail du sol s\u2019effectue uniquement au niveau du cavaillon (le cavaillon est une bande de 30 cm situ\u00e9e sous la rang\u00e9e de vigne). La conduite responsable du vignoble est notre priorit\u00e9. Nous apportons particuli\u00e8rement d\u2019attention au d\u00e9veloppement de la vigne, \u00e0 son adaptation aux conditions climatiques afin d\u2019effectuer les travaux en ad\u00e9quation.<\/p>\n<p style=\"text-align: justify;\">Les diff\u00e9rentes s\u00e9lections sont r\u00e9alis\u00e9es tout au long de l\u2019ann\u00e9e\u00a0: Une taille m\u00e9ticuleuse et respectueuse des flux de s\u00e8ve, la suppression des doublons au printemps, une vendange en vert pour limiter le nombre de raisins et enfin un tri sur table effectu\u00e9 directement au vignoble pendant les vendanges. Notons que les vendanges sont faites \u00e0 la main pour conserver l\u2019int\u00e9grit\u00e9 du raisin.<\/p>\n<p style=\"text-align: justify;\">Tous ces \u00e9tapes sont cruciales pour conserver la puret\u00e9 aromatique et favoriser la concentration des raisins.<\/p>\n<p style=\"text-align: justify;\">Notre vignoble est certifi\u00e9 en Agriculture biologique depuis 2022. Nos pratiques sont dict\u00e9es par les cycles lunaires. Le rendement de ce vin est de 38 hl\/ha.<\/p>\n\n\t\t<\/div>\n\t<\/div>\n<\/div><\/div><\/div><\/div><div class=\"vc_row wpb_row vc_row-fluid vc_custom_1625136982025 vc_row-has-fill vc_row-o-content-top vc_row-flex\"><div class=\"wpb_animate_when_almost_visible wpb_left-to-right left-to-right wpb_column vc_column_container vc_col-sm-12 vc_col-lg-6 vc_col-md-6 vc_hidden-md vc_hidden-sm vc_hidden-xs\"><div class=\"vc_column-inner vc_custom_1637932768686\"><div class=\"wpb_wrapper\"><div class=\"vc_empty_space\"   style=\"height: 142px\"><span class=\"vc_empty_space_inner\"><\/span><\/div>\n\t<div class=\"title-subtitle-box\" style=\" text-align: left;\">\n\t\t<h1 style=\" font-style: normal;\">Vinification et \u00e9levage<\/h1>\n\t<\/div> \n\t<div class=\"wpb_text_column wpb_content_element\" >\n\t\t<div class=\"wpb_wrapper\">\n\t\t\t<p style=\"text-align: justify;\">D\u00e9but septembre, nous avons vendang\u00e9s manuellement et tri\u00e9s m\u00e9ticuleusement dans les vignes. Erafl\u00e9s \u00e0 100%, le contact entre le jus et les peaux d\u00e9bute \u00e0 froid. Cette mac\u00e9ration pr\u00e9-fermentaire de 7 jours apporte l\u00e9g\u00e8ret\u00e9 ainsi que des ar\u00f4mes de fruits fraichement cueillis. La mac\u00e9ration se poursuit une quinzaine de jours en parall\u00e8le de la fermentation spontan\u00e9e. Les pigeages et les remontages s\u2019effectuent quotidiennement pour extraire les tannins soyeux des p\u00e9pins. Enfin un temps sous marcs compl\u00e8te l\u2019extraction avant le d\u00e9cuvage. Les presses sont enti\u00e8rement ajout\u00e9es \u00e0 la cuv\u00e9e.<\/p>\n<p style=\"text-align: justify;\">Nous effectuons l\u2019entonnage en m\u00eame temps que le d\u00e9cuvage. La totalit\u00e9 de cette cuv\u00e9e est \u00e9lev\u00e9e pendant 12 mois en barrique. Nous avons choisi d\u2019utiliser seulement 10 % de f\u00fbts neufs afin de ne pas trop marquer les vins. L\u2019\u00e9levage sous-bois pr\u00e9cise la structure et compl\u00e8te la personnalit\u00e9 de ce vin.<\/p>\n\n\t\t<\/div>\n\t<\/div>\n<\/div><\/div><\/div><div class=\"wpb_animate_when_almost_visible wpb_right-to-left right-to-left wpb_column vc_column_container vc_col-sm-12 vc_col-lg-6 vc_col-md-6 vc_hidden-md vc_hidden-sm vc_hidden-xs\"><div class=\"vc_column-inner vc_custom_1637932761363\"><div class=\"wpb_wrapper\"><div class=\"vc_empty_space\"   style=\"height: 142px\"><span class=\"vc_empty_space_inner\"><\/span><\/div>\n\t<div  class=\"wpb_single_image wpb_content_element vc_align_left  vc_custom_1692178810723\">\n\t\t\n\t\t<figure class=\"wpb_wrapper vc_figure\">\n\t\t\t<div class=\"vc_single_image-wrapper   vc_box_border_grey\"><img loading=\"lazy\" decoding=\"async\" width=\"1978\" height=\"2560\" src=\"https:\/\/weinzaepfel.fr\/wp-content\/uploads\/2023\/07\/Loic-cave4-scaled.jpg\" class=\"vc_single_image-img attachment-full\" alt=\"\" srcset=\"https:\/\/weinzaepfel.fr\/wp-content\/uploads\/2023\/07\/Loic-cave4-scaled.jpg 1978w, https:\/\/weinzaepfel.fr\/wp-content\/uploads\/2023\/07\/Loic-cave4-232x300.jpg 232w, https:\/\/weinzaepfel.fr\/wp-content\/uploads\/2023\/07\/Loic-cave4-791x1024.jpg 791w, https:\/\/weinzaepfel.fr\/wp-content\/uploads\/2023\/07\/Loic-cave4-768x994.jpg 768w, https:\/\/weinzaepfel.fr\/wp-content\/uploads\/2023\/07\/Loic-cave4-1187x1536.jpg 1187w, https:\/\/weinzaepfel.fr\/wp-content\/uploads\/2023\/07\/Loic-cave4-1582x2048.jpg 1582w, https:\/\/weinzaepfel.fr\/wp-content\/uploads\/2023\/07\/Loic-cave4-9x12.jpg 9w\" sizes=\"(max-width: 1978px) 100vw, 1978px\" \/><\/div>\n\t\t<\/figure>\n\t<\/div>\n<\/div><\/div><\/div><\/div><div class=\"vc_row wpb_row vc_row-fluid vc_row-o-content-top vc_row-flex\"><div class=\"wpb_animate_when_almost_visible wpb_left-to-right left-to-right wpb_column vc_column_container vc_col-sm-12 vc_hidden-lg\"><div class=\"vc_column-inner vc_custom_1637930936277\"><div class=\"wpb_wrapper\"><div class=\"vc_empty_space\"   style=\"height: 20px\"><span class=\"vc_empty_space_inner\"><\/span><\/div>\n\t<div class=\"wpb_text_column wpb_content_element\" >\n\t\t<div class=\"wpb_wrapper\">\n\t\t\t<h2>Terroir et Situation<\/h2>\n\n\t\t<\/div>\n\t<\/div>\n\n\t<div  class=\"wpb_single_image wpb_content_element vc_align_left  vc_custom_1702671134510\">\n\t\t\n\t\t<figure class=\"wpb_wrapper vc_figure\">\n\t\t\t<div class=\"vc_single_image-wrapper   vc_box_border_grey\"><img loading=\"lazy\" decoding=\"async\" width=\"3992\" height=\"2992\" src=\"https:\/\/weinzaepfel.fr\/wp-content\/uploads\/2023\/06\/DJI_0050.png\" class=\"vc_single_image-img attachment-full\" alt=\"\" srcset=\"https:\/\/weinzaepfel.fr\/wp-content\/uploads\/2023\/06\/DJI_0050.png 3992w, https:\/\/weinzaepfel.fr\/wp-content\/uploads\/2023\/06\/DJI_0050-300x225.png 300w, https:\/\/weinzaepfel.fr\/wp-content\/uploads\/2023\/06\/DJI_0050-1024x767.png 1024w, https:\/\/weinzaepfel.fr\/wp-content\/uploads\/2023\/06\/DJI_0050-768x576.png 768w, https:\/\/weinzaepfel.fr\/wp-content\/uploads\/2023\/06\/DJI_0050-1536x1151.png 1536w, https:\/\/weinzaepfel.fr\/wp-content\/uploads\/2023\/06\/DJI_0050-2048x1535.png 2048w, https:\/\/weinzaepfel.fr\/wp-content\/uploads\/2023\/06\/DJI_0050-16x12.png 16w\" sizes=\"(max-width: 3992px) 100vw, 3992px\" \/><\/div>\n\t\t<\/figure>\n\t<\/div>\n<div class=\"vc_empty_space\"   style=\"height: 15px\"><span class=\"vc_empty_space_inner\"><\/span><\/div>\n\t<div class=\"wpb_text_column wpb_content_element  vc_custom_1702651274739\" >\n\t\t<div class=\"wpb_wrapper\">\n\t\t\t<p style=\"text-align: justify;\">Le domaine a la chance de poss\u00e9der le MONOPOLE des terres de ce Cru depuis maintenant 30 ans.<\/p>\n<p style=\"text-align: justify;\">Il faut se balader sur la colline du Mittelbourg pour comprendre les nuances qu\u2019apportent les diff\u00e9rents reliefs de ce cru. Le Finkennest jouxte la partie haute du Mittelbourg n\u00e9anmoins les vins diff\u00e8rent pleinement. La parcelle de Pinot noir Finkennest est situ\u00e9e \u00e0 l\u2019extr\u00e9mit\u00e9 gauche du Lieu-dit. Elle se situe en partie sommital o\u00f9 de puissants courants d\u2019air acc\u00e9l\u00e8rent la maturation des baies. Les acidit\u00e9s sont pr\u00e9serv\u00e9es ; ce qui donne \u00e0 ce Cru des grandes aptitudes \u00e0 la garde.<\/p>\n<p style=\"text-align: justify;\">L\u2019exposition au Sud et l\u2019orientation des rang \u00e0 l\u2019Ouest apportent un bon compromis entre richesse solaire et fraicheur aromatique.<\/p>\n<p style=\"text-align: justify;\">Le sous-sol est constitu\u00e9 de marnes et conglom\u00e9rat argileux de l\u2019Oligoc\u00e8ne. La roche-m\u00e8re marque intens\u00e9ment de son empreinte saline. En surface, les sols sont compos\u00e9s d\u2019argiles et de pierres diff\u00e9rentes\u00a0: pierres calcaire, cailloux gr\u00e9seux, nombreux sont les diff\u00e9rents alluvions qui composent la terre. La couleur rouge\u00e2tre de la terre t\u00e9moigne de la pr\u00e9sence des nombreux oxydes ferreux.<\/p>\n<p style=\"text-align: justify;\">Ce terroir majoritairement Argilo-calcaire est en tout point favorable \u00e0 l\u2019expression profonde du Pinot Noir.<\/p>\n\n\t\t<\/div>\n\t<\/div>\n<\/div><\/div><\/div><\/div><div class=\"vc_row wpb_row vc_row-fluid vc_custom_1625136973825 vc_row-has-fill vc_row-o-content-top vc_row-flex\"><div class=\"wpb_column vc_column_container vc_col-sm-12 vc_hidden-lg\"><div class=\"vc_column-inner\"><div class=\"wpb_wrapper\"><div class=\"vc_empty_space\"   style=\"height: 50px\"><span class=\"vc_empty_space_inner\"><\/span><\/div>\n\t<div class=\"wpb_text_column wpb_content_element\" >\n\t\t<div class=\"wpb_wrapper\">\n\t\t\t<h2>Culture de la vigne<\/h2>\n\n\t\t<\/div>\n\t<\/div>\n\n\t<div  class=\"wpb_single_image wpb_content_element vc_align_left  vc_custom_1692178874229\">\n\t\t\n\t\t<figure class=\"wpb_wrapper vc_figure\">\n\t\t\t<div class=\"vc_single_image-wrapper   vc_box_border_grey\"><img loading=\"lazy\" decoding=\"async\" width=\"1828\" height=\"2560\" src=\"https:\/\/weinzaepfel.fr\/wp-content\/uploads\/2023\/06\/Vignes-13-scaled.jpg\" class=\"vc_single_image-img attachment-full\" alt=\"\" srcset=\"https:\/\/weinzaepfel.fr\/wp-content\/uploads\/2023\/06\/Vignes-13-scaled.jpg 1828w, https:\/\/weinzaepfel.fr\/wp-content\/uploads\/2023\/06\/Vignes-13-214x300.jpg 214w, https:\/\/weinzaepfel.fr\/wp-content\/uploads\/2023\/06\/Vignes-13-731x1024.jpg 731w, https:\/\/weinzaepfel.fr\/wp-content\/uploads\/2023\/06\/Vignes-13-768x1075.jpg 768w, https:\/\/weinzaepfel.fr\/wp-content\/uploads\/2023\/06\/Vignes-13-1097x1536.jpg 1097w, https:\/\/weinzaepfel.fr\/wp-content\/uploads\/2023\/06\/Vignes-13-1463x2048.jpg 1463w, https:\/\/weinzaepfel.fr\/wp-content\/uploads\/2023\/06\/Vignes-13-9x12.jpg 9w\" sizes=\"(max-width: 1828px) 100vw, 1828px\" \/><\/div>\n\t\t<\/figure>\n\t<\/div>\n<div class=\"vc_empty_space\"   style=\"height: 15px\"><span class=\"vc_empty_space_inner\"><\/span><\/div>\n\t<div class=\"wpb_text_column wpb_content_element\" >\n\t\t<div class=\"wpb_wrapper\">\n\t\t\t<p style=\"text-align: justify;\">Nous avons plant\u00e9 cette parcelle de Pinot noir au d\u00e9but des ann\u00e9es 60. Depuis ce temps les racines se sont d\u00e9velopp\u00e9s en profondeur pour y chercher les min\u00e9raux. Nous semons chaque ann\u00e9e des couverts v\u00e9g\u00e9taux en alternance avec une rang\u00e9e d\u2019herbes naturelles. Le travail du sol s\u2019effectue uniquement au niveau du cavaillon (le cavaillon est une bande de 30 cm situ\u00e9e sous la rang\u00e9e de vigne). La conduite responsable du vignoble est notre priorit\u00e9. Nous apportons particuli\u00e8rement d\u2019attention au d\u00e9veloppement de la vigne, \u00e0 son adaptation aux conditions climatiques afin d\u2019effectuer les travaux en ad\u00e9quation.<\/p>\n<p style=\"text-align: justify;\">Les diff\u00e9rentes s\u00e9lections sont r\u00e9alis\u00e9es tout au long de l\u2019ann\u00e9e\u00a0: Une taille m\u00e9ticuleuse et respectueuse des flux de s\u00e8ve, la suppression des doublons au printemps, une vendange en vert pour limiter le nombre de raisins et enfin un tri sur table effectu\u00e9 directement au vignoble pendant les vendanges. Notons que les vendanges sont faites \u00e0 la main pour conserver l\u2019int\u00e9grit\u00e9 du raisin.<\/p>\n<p style=\"text-align: justify;\">Tous ces \u00e9tapes sont cruciales pour conserver la puret\u00e9 aromatique et favoriser la concentration des raisins.<\/p>\n<p style=\"text-align: justify;\">Notre vignoble est certifi\u00e9 en Agriculture biologique depuis 2022. Nos pratiques sont dict\u00e9es par les cycles lunaires. Le rendement de ce vin est de 38 hl\/ha.<\/p>\n\n\t\t<\/div>\n\t<\/div>\n<\/div><\/div><\/div><\/div><div class=\"vc_row wpb_row vc_row-fluid vc_custom_1625136982025 vc_row-has-fill vc_row-o-content-top vc_row-flex\"><div class=\"wpb_column vc_column_container vc_col-sm-12 vc_hidden-lg\"><div class=\"vc_column-inner\"><div class=\"wpb_wrapper\"><div class=\"vc_empty_space\"   style=\"height: 50px\"><span class=\"vc_empty_space_inner\"><\/span><\/div>\n\t<div class=\"title-subtitle-box\" style=\" text-align: left;\">\n\t\t<h1 style=\" font-style: normal;\">Vinification et \u00e9levage<\/h1>\n\t<\/div> \n\t<div  class=\"wpb_single_image wpb_content_element vc_align_left  vc_custom_1692178786090\">\n\t\t\n\t\t<figure class=\"wpb_wrapper vc_figure\">\n\t\t\t<div class=\"vc_single_image-wrapper   vc_box_border_grey\"><img loading=\"lazy\" decoding=\"async\" width=\"1978\" height=\"2560\" src=\"https:\/\/weinzaepfel.fr\/wp-content\/uploads\/2023\/07\/Loic-cave4-scaled.jpg\" class=\"vc_single_image-img attachment-full\" alt=\"\" srcset=\"https:\/\/weinzaepfel.fr\/wp-content\/uploads\/2023\/07\/Loic-cave4-scaled.jpg 1978w, https:\/\/weinzaepfel.fr\/wp-content\/uploads\/2023\/07\/Loic-cave4-232x300.jpg 232w, https:\/\/weinzaepfel.fr\/wp-content\/uploads\/2023\/07\/Loic-cave4-791x1024.jpg 791w, https:\/\/weinzaepfel.fr\/wp-content\/uploads\/2023\/07\/Loic-cave4-768x994.jpg 768w, https:\/\/weinzaepfel.fr\/wp-content\/uploads\/2023\/07\/Loic-cave4-1187x1536.jpg 1187w, https:\/\/weinzaepfel.fr\/wp-content\/uploads\/2023\/07\/Loic-cave4-1582x2048.jpg 1582w, https:\/\/weinzaepfel.fr\/wp-content\/uploads\/2023\/07\/Loic-cave4-9x12.jpg 9w\" sizes=\"(max-width: 1978px) 100vw, 1978px\" \/><\/div>\n\t\t<\/figure>\n\t<\/div>\n<div class=\"vc_empty_space\"   style=\"height: 15px\"><span class=\"vc_empty_space_inner\"><\/span><\/div>\n\t<div class=\"wpb_text_column wpb_content_element\" >\n\t\t<div class=\"wpb_wrapper\">\n\t\t\t<p style=\"text-align: justify;\">D\u00e9but septembre, nous avons vendang\u00e9s manuellement et tri\u00e9s m\u00e9ticuleusement dans les vignes. Erafl\u00e9s \u00e0 100%, le contact entre le jus et les peaux d\u00e9bute \u00e0 froid. Cette mac\u00e9ration pr\u00e9-fermentaire de 7 jours apporte l\u00e9g\u00e8ret\u00e9 ainsi que des ar\u00f4mes de fruits fraichement cueillis. La mac\u00e9ration se poursuit une quinzaine de jours en parall\u00e8le de la fermentation spontan\u00e9e. Les pigeages et les remontages s\u2019effectuent quotidiennement pour extraire les tannins soyeux des p\u00e9pins. Enfin un temps sous marcs compl\u00e8te l\u2019extraction avant le d\u00e9cuvage. Les presses sont enti\u00e8rement ajout\u00e9es \u00e0 la cuv\u00e9e.<\/p>\n<p style=\"text-align: justify;\">Nous effectuons l\u2019entonnage en m\u00eame temps que le d\u00e9cuvage. La totalit\u00e9 de cette cuv\u00e9e est \u00e9lev\u00e9e pendant 12 mois en barrique. Nous avons choisi d\u2019utiliser seulement 10 % de f\u00fbts neufs afin de ne pas trop marquer les vins. L\u2019\u00e9levage sous-bois pr\u00e9cise la structure et compl\u00e8te la personnalit\u00e9 de ce vin.<\/p>\n\n\t\t<\/div>\n\t<\/div>\n<\/div><\/div><\/div><\/div><div class=\"vc_row wpb_row vc_row-fluid vc_custom_1637930668084 vc_row-has-fill\"><div class=\"wpb_animate_when_almost_visible wpb_left-to-right left-to-right wpb_column vc_column_container vc_col-sm-12 vc_hidden-lg vc_hidden-md vc_hidden-sm vc_col-has-fill\"><div class=\"vc_column-inner vc_custom_1637930664529\"><div class=\"wpb_wrapper\"><div class=\"vc_empty_space\"   style=\"height: 32px\"><span class=\"vc_empty_space_inner\"><\/span><\/div>\n\t<div class=\"wpb_text_column wpb_content_element\" >\n\t\t<div class=\"wpb_wrapper\">\n\t\t\t<h1 style=\"text-align: center; font-size: 60px;\"><span style=\"color: #808080;\">D\u00e9gustation<\/span><\/h1>\n\n\t\t<\/div>\n\t<\/div>\n\n\t<div  class=\"wpb_single_image wpb_content_element vc_align_center\">\n\t\t\n\t\t<figure class=\"wpb_wrapper vc_figure\">\n\t\t\t<div class=\"vc_single_image-wrapper   vc_box_border_grey\"><img loading=\"lazy\" decoding=\"async\" width=\"133\" height=\"105\" src=\"https:\/\/weinzaepfel.fr\/wp-content\/uploads\/2021\/11\/a_03.png\" class=\"vc_single_image-img attachment-medium\" alt=\"\" \/><\/div>\n\t\t<\/figure>\n\t<\/div>\n\n\t<div class=\"wpb_text_column wpb_content_element\" >\n\t\t<div class=\"wpb_wrapper\">\n\t\t\t<p style=\"text-align: left;\"><span class=\"OYPEnA font-feature-liga-off font-feature-clig-off font-feature-calt-off text-decoration-none text-strikethrough-none\">La robe rouge intense d\u00e9voile la concentration de ce pinot noir.<\/span><\/p>\n\n\t\t<\/div>\n\t<\/div>\n<\/div><\/div><\/div><div class=\"wpb_column vc_column_container vc_col-sm-12 vc_hidden-lg vc_hidden-md vc_hidden-sm\"><div class=\"vc_column-inner\"><div class=\"wpb_wrapper\"><div class=\"vc_empty_space\"   style=\"height: 32px\"><span class=\"vc_empty_space_inner\"><\/span><\/div>\n\t<div  class=\"wpb_single_image wpb_content_element vc_align_center\">\n\t\t\n\t\t<figure class=\"wpb_wrapper vc_figure\">\n\t\t\t<div class=\"vc_single_image-wrapper   vc_box_border_grey\"><img loading=\"lazy\" decoding=\"async\" width=\"125\" height=\"151\" src=\"https:\/\/weinzaepfel.fr\/wp-content\/uploads\/2021\/11\/a_07.png\" class=\"vc_single_image-img attachment-medium\" alt=\"\" \/><\/div>\n\t\t<\/figure>\n\t<\/div>\n\n\t<div class=\"wpb_text_column wpb_content_element\" >\n\t\t<div class=\"wpb_wrapper\">\n\t\t\t<p class=\"_04xlpA direction-ltr align-justify para-style-body\"><span class=\"WdYUQQ text-decoration-none text-strikethrough-none\">Son fruit\u00e9 charmeur se combine aux notes subtilement<\/span> <span class=\"WdYUQQ text-decoration-none text-strikethrough-none\">bois\u00e9es.<\/span><\/p>\n\n\t\t<\/div>\n\t<\/div>\n<\/div><\/div><\/div><div class=\"wpb_column vc_column_container vc_col-sm-12 vc_hidden-lg vc_hidden-md vc_hidden-sm\"><div class=\"vc_column-inner\"><div class=\"wpb_wrapper\"><div class=\"vc_empty_space\"   style=\"height: 32px\"><span class=\"vc_empty_space_inner\"><\/span><\/div>\n\t<div  class=\"wpb_single_image wpb_content_element vc_align_center\">\n\t\t\n\t\t<figure class=\"wpb_wrapper vc_figure\">\n\t\t\t<div class=\"vc_single_image-wrapper   vc_box_border_grey\"><img loading=\"lazy\" decoding=\"async\" width=\"133\" height=\"108\" src=\"https:\/\/weinzaepfel.fr\/wp-content\/uploads\/2021\/11\/a_10.png\" class=\"vc_single_image-img attachment-medium\" alt=\"\" \/><\/div>\n\t\t<\/figure>\n\t<\/div>\n\n\t<div class=\"wpb_text_column wpb_content_element\" >\n\t\t<div class=\"wpb_wrapper\">\n\t\t\t<p class=\"_04xlpA direction-ltr align-justify para-style-body\" style=\"text-align: justify;\"><span class=\"WdYUQQ text-decoration-none text-strikethrough-none\">L\u2019intensit\u00e9 aromatique forte t\u00e9moigne de sa jeunesse. La bouche pleine de vitalit\u00e9 est r\u00e9v\u00e9l\u00e9e par des notes de cerises ainsi que des notes caram\u00e9lis\u00e9es.<\/span> <span class=\"WdYUQQ text-decoration-none text-strikethrough-none\">La finale de bouche nous indique son origine par cette \u00e9nergie saline<\/span> <span class=\"WdYUQQ text-decoration-none text-strikethrough-none\">particuli\u00e8re.<\/span><\/p>\n<p class=\"_04xlpA direction-ltr align-justify para-style-body\" style=\"text-align: justify;\"><span class=\"WdYUQQ text-decoration-none text-strikethrough-none\">L\u2019attaque \u00e9l\u00e9gante est soutenue par des tanins d\u2019une grande finesse qui se fondent dans une harmonie de saveurs.<\/span><\/p>\n\n\t\t<\/div>\n\t<\/div>\n<\/div><\/div><\/div><div class=\"wpb_column vc_column_container vc_col-sm-12 vc_hidden-lg vc_hidden-md vc_hidden-sm\"><div class=\"vc_column-inner\"><div class=\"wpb_wrapper\"><div class=\"vc_empty_space\"   style=\"height: 380px\"><span class=\"vc_empty_space_inner\"><\/span><\/div><\/div><\/div><\/div><\/div><div class=\"vc_row wpb_row vc_row-fluid vc_custom_1636134256641\"><div class=\"wpb_column vc_column_container vc_col-sm-4 vc_col-has-fill\"><div class=\"vc_column-inner vc_custom_1636132099713\"><div class=\"wpb_wrapper\"><\/div><\/div><\/div><div class=\"wpb_animate_when_almost_visible wpb_bottom-to-top bottom-to-top wpb_column vc_column_container vc_col-sm-4 vc_hidden-xs vc_col-has-fill\"><div class=\"vc_column-inner vc_custom_1636133633065\"><div class=\"wpb_wrapper\"><div class=\"vc_empty_space\"   style=\"height: 122px\"><span class=\"vc_empty_space_inner\"><\/span><\/div>\n\t<div  class=\"wpb_single_image wpb_content_element vc_align_center\">\n\t\t\n\t\t<figure class=\"wpb_wrapper vc_figure\">\n\t\t\t<div class=\"vc_single_image-wrapper   vc_box_border_grey\"><img loading=\"lazy\" decoding=\"async\" width=\"125\" height=\"151\" src=\"https:\/\/weinzaepfel.fr\/wp-content\/uploads\/2021\/11\/a_07.png\" class=\"vc_single_image-img attachment-medium\" alt=\"\" \/><\/div>\n\t\t<\/figure>\n\t<\/div>\n\n\t<div class=\"wpb_text_column wpb_content_element\" >\n\t\t<div class=\"wpb_wrapper\">\n\t\t\t<p class=\"_04xlpA direction-ltr align-justify para-style-body\" style=\"text-align: justify;\"><span class=\"WdYUQQ text-decoration-none text-strikethrough-none\">Son fruit\u00e9 charmeur se combine aux notes subtilement<\/span> <span class=\"WdYUQQ text-decoration-none text-strikethrough-none\">bois\u00e9es.<\/span><\/p>\n\n\t\t<\/div>\n\t<\/div>\n<\/div><\/div><\/div><div class=\"wpb_column vc_column_container vc_col-sm-4 vc_col-has-fill\"><div class=\"vc_column-inner vc_custom_1636132146199\"><div class=\"wpb_wrapper\"><\/div><\/div><\/div><\/div><div class=\"vc_row wpb_row vc_row-fluid\"><div class=\"wpb_column vc_column_container vc_col-sm-12 vc_hidden-xs\"><div class=\"vc_column-inner\"><div class=\"wpb_wrapper\">\n\t<div class=\"wpb_text_column wpb_content_element  vc_custom_1636132157631\" >\n\t\t<div class=\"wpb_wrapper\">\n\t\t\t<h1 style=\"text-align: center; font-size: 120px;\"><span style=\"color: #808080;\">D\u00e9gustation<\/span><\/h1>\n\n\t\t<\/div>\n\t<\/div>\n<\/div><\/div><\/div><\/div><div class=\"vc_row wpb_row vc_row-fluid vc_custom_1636133137811 vc_row-has-fill\"><div class=\"wpb_column vc_column_container vc_col-sm-4 vc_hidden-xs vc_col-has-fill\"><div class=\"vc_column-inner vc_custom_1637931651678\"><div class=\"wpb_wrapper\"><div class=\"vc_empty_space\"   style=\"height: 32px\"><span class=\"vc_empty_space_inner\"><\/span><\/div>\n\t<div  class=\"wpb_single_image wpb_content_element vc_align_center\">\n\t\t\n\t\t<figure class=\"wpb_wrapper vc_figure\">\n\t\t\t<div class=\"vc_single_image-wrapper   vc_box_border_grey\"><img loading=\"lazy\" decoding=\"async\" width=\"133\" height=\"105\" src=\"https:\/\/weinzaepfel.fr\/wp-content\/uploads\/2021\/11\/a_03.png\" class=\"vc_single_image-img attachment-medium\" alt=\"\" \/><\/div>\n\t\t<\/figure>\n\t<\/div>\n\n\t<div class=\"wpb_text_column wpb_content_element\" >\n\t\t<div class=\"wpb_wrapper\">\n\t\t\t<p style=\"text-align: left;\"><span class=\"WdYUQQ text-decoration-none text-strikethrough-none\">La robe rouge intense d\u00e9voile la concentration de ce pinot noir.<\/span><\/p>\n\n\t\t<\/div>\n\t<\/div>\n<\/div><\/div><\/div><div class=\"wpb_column vc_column_container vc_col-sm-4\"><div class=\"vc_column-inner\"><div class=\"wpb_wrapper\"><\/div><\/div><\/div><div class=\"wpb_column vc_column_container vc_col-sm-4 vc_hidden-xs vc_col-has-fill\"><div class=\"vc_column-inner vc_custom_1637244541359\"><div class=\"wpb_wrapper\"><div class=\"vc_empty_space\"   style=\"height: 32px\"><span class=\"vc_empty_space_inner\"><\/span><\/div>\n\t<div  class=\"wpb_single_image wpb_content_element vc_align_center\">\n\t\t\n\t\t<figure class=\"wpb_wrapper vc_figure\">\n\t\t\t<div class=\"vc_single_image-wrapper   vc_box_border_grey\"><img loading=\"lazy\" decoding=\"async\" width=\"133\" height=\"108\" src=\"https:\/\/weinzaepfel.fr\/wp-content\/uploads\/2021\/11\/a_10.png\" class=\"vc_single_image-img attachment-medium\" alt=\"\" \/><\/div>\n\t\t<\/figure>\n\t<\/div>\n\n\t<div class=\"wpb_text_column wpb_content_element\" >\n\t\t<div class=\"wpb_wrapper\">\n\t\t\t<p class=\"_04xlpA direction-ltr align-justify para-style-body\" style=\"text-align: justify;\"><span class=\"WdYUQQ text-decoration-none text-strikethrough-none\">L\u2019intensit\u00e9 aromatique forte t\u00e9moigne de sa jeunesse. La bouche pleine de vitalit\u00e9 est r\u00e9v\u00e9l\u00e9e par des notes de cerises ainsi que des notes caram\u00e9lis\u00e9es.<\/span> <span class=\"WdYUQQ text-decoration-none text-strikethrough-none\">La finale de bouche nous indique son origine par cette \u00e9nergie saline<\/span> <span class=\"WdYUQQ text-decoration-none text-strikethrough-none\">particuli\u00e8re.<\/span><\/p>\n<p class=\"_04xlpA direction-ltr align-justify para-style-body\" style=\"text-align: justify;\"><span class=\"WdYUQQ text-decoration-none text-strikethrough-none\">L\u2019attaque \u00e9l\u00e9gante est soutenue par des tanins d\u2019une grande finesse qui se fondent dans une harmonie de saveurs.<\/span><\/p>\n\n\t\t<\/div>\n\t<\/div>\n<\/div><\/div><\/div><\/div><div class=\"vc_row wpb_row vc_row-fluid\"><div class=\"wpb_column vc_column_container vc_col-sm-12\"><div class=\"vc_column-inner\"><div class=\"wpb_wrapper\"><div class=\"vc_empty_space\"   style=\"height: 32px\"><span class=\"vc_empty_space_inner\"><\/span><\/div>\n<div class=\"vc-zigzag-wrapper vc-zigzag-align-center\"><div class=\"vc-zigzag-inner\" style=\"width: 100%;min-height: 14px;background: 0 repeat-x url(&#039;data:image\/svg+xml;utf-8,%3C%3Fxml%20version%3D%221.0%22%20encoding%3D%22utf-8%22%3F%3E%3C%21DOCTYPE%20svg%20PUBLIC%20%22-%2F%2FW3C%2F%2FDTD%20SVG%201.1%2F%2FEN%22%20%22http%3A%2F%2Fwww.w3.org%2FGraphics%2FSVG%2F1.1%2FDTD%2Fsvg11.dtd%22%3E%3Csvg%20width%3D%2214px%22%20height%3D%2212px%22%20viewBox%3D%220%200%2018%2015%22%20version%3D%221.1%22%20xmlns%3D%22http%3A%2F%2Fwww.w3.org%2F2000%2Fsvg%22%20xmlns%3Axlink%3D%22http%3A%2F%2Fwww.w3.org%2F1999%2Fxlink%22%3E%3Cpolygon%20id%3D%22Combined-Shape%22%20fill%3D%22%23cec2ab%22%20points%3D%228.98762301%200%200%209.12771969%200%2014.519983%209%205.40479869%2018%2014.519983%2018%209.12771969%22%3E%3C%2Fpolygon%3E%3C%2Fsvg%3E&#039;);\"><\/div><\/div>\n\t<div class=\"wpb_text_column wpb_content_element  vc_custom_1692179090758\" >\n\t\t<div class=\"wpb_wrapper\">\n\t\t\t<h3 style=\"text-align: center;\"><span style=\"color: #b0976d;\">Id\u00e9e d\u2019accord<\/span><\/h3>\n<p style=\"text-align: center;\"><b>Agneau, canard r\u00f4ti, civet de canard<\/b><\/p>\n\n\t\t<\/div>\n\t<\/div>\n\n<div class=\"vc-zigzag-wrapper vc-zigzag-align-center\"><div class=\"vc-zigzag-inner\" style=\"width: 100%;min-height: 14px;background: 0 repeat-x url(&#039;data:image\/svg+xml;utf-8,%3C%3Fxml%20version%3D%221.0%22%20encoding%3D%22utf-8%22%3F%3E%3C%21DOCTYPE%20svg%20PUBLIC%20%22-%2F%2FW3C%2F%2FDTD%20SVG%201.1%2F%2FEN%22%20%22http%3A%2F%2Fwww.w3.org%2FGraphics%2FSVG%2F1.1%2FDTD%2Fsvg11.dtd%22%3E%3Csvg%20width%3D%2214px%22%20height%3D%2212px%22%20viewBox%3D%220%200%2018%2015%22%20version%3D%221.1%22%20xmlns%3D%22http%3A%2F%2Fwww.w3.org%2F2000%2Fsvg%22%20xmlns%3Axlink%3D%22http%3A%2F%2Fwww.w3.org%2F1999%2Fxlink%22%3E%3Cpolygon%20id%3D%22Combined-Shape%22%20fill%3D%22%23cec2ab%22%20points%3D%228.98762301%200%200%209.12771969%200%2014.519983%209%205.40479869%2018%2014.519983%2018%209.12771969%22%3E%3C%2Fpolygon%3E%3C%2Fsvg%3E&#039;);\"><\/div><\/div><\/div><\/div><\/div><\/div><div data-vc-full-width=\"true\" data-vc-full-width-init=\"false\" data-vc-stretch-content=\"true\" class=\"vc_row wpb_row vc_row-fluid vc_custom_1624287233712 vc_row-has-fill vc_row-o-content-top vc_row-flex\"><div class=\"wpb_column vc_column_container vc_col-sm-12\"><div class=\"vc_column-inner\"><div class=\"wpb_wrapper\"><div class=\"vc_empty_space\"   style=\"height: 30px\"><span class=\"vc_empty_space_inner\"><\/span><\/div><\/div><\/div><\/div><\/div><div class=\"vc_row-full-width vc_clearfix\"><\/div><div data-vc-full-width=\"true\" data-vc-full-width-init=\"false\" class=\"vc_row wpb_row vc_row-fluid vc_custom_1624974449111 vc_row-has-fill vc_row-o-content-top vc_row-flex\"><div class=\"wpb_column vc_column_container vc_col-sm-3\"><div class=\"vc_column-inner\"><div class=\"wpb_wrapper\">\n\t<div  class=\"wpb_single_image wpb_content_element vc_align_left\">\n\t\t\n\t\t<figure class=\"wpb_wrapper vc_figure\">\n\t\t\t<div class=\"vc_single_image-wrapper   vc_box_border_grey\"><img loading=\"lazy\" decoding=\"async\" width=\"160\" height=\"86\" src=\"https:\/\/weinzaepfel.fr\/wp-content\/uploads\/2021\/06\/logoWEINZ160.png\" class=\"vc_single_image-img attachment-full\" alt=\"\" \/><\/div>\n\t\t<\/figure>\n\t<\/div>\n\n\t<div class=\"wpb_text_column wpb_content_element\" >\n\t\t<div class=\"wpb_wrapper\">\n\t\t\t<p><span style=\"color: #ffffff;\">3 Rue de la Chapelle, 68360 Soultz-Haut-Rhin<\/span><\/p>\n\n\t\t<\/div>\n\t<\/div>\n<\/div><\/div><\/div><div class=\"wpb_column vc_column_container vc_col-sm-3\"><div class=\"vc_column-inner vc_custom_1624871888116\"><div class=\"wpb_wrapper\">\n\t<div class=\"wpb_text_column wpb_content_element\" >\n\t\t<div class=\"wpb_wrapper\">\n\t\t\t<p style=\"text-align: left;\"><span style=\"color: #ffffff;\"><strong>Contact<\/strong><br \/>\n<\/span><\/p>\n\n\t\t<\/div>\n\t<\/div>\n\n\t<div  class=\"wpb_single_image wpb_content_element vc_align_left\">\n\t\t\n\t\t<figure class=\"wpb_wrapper vc_figure\">\n\t\t\t<a href=\"tel:+33686653618\" target=\"_self\" class=\"vc_single_image-wrapper   vc_box_border_grey\"><img loading=\"lazy\" decoding=\"async\" width=\"224\" height=\"38\" src=\"https:\/\/weinzaepfel.fr\/wp-content\/uploads\/2021\/06\/tle.jpg\" class=\"vc_single_image-img attachment-full\" alt=\"\" \/><\/a>\n\t\t<\/figure>\n\t<\/div>\n\n\t<div  class=\"wpb_single_image wpb_content_element vc_align_left\">\n\t\t\n\t\t<figure class=\"wpb_wrapper vc_figure\">\n\t\t\t<div class=\"vc_single_image-wrapper   vc_box_border_grey\"><img loading=\"lazy\" decoding=\"async\" width=\"224\" height=\"38\" src=\"https:\/\/weinzaepfel.fr\/wp-content\/uploads\/2021\/06\/mail.jpg\" class=\"vc_single_image-img attachment-full\" alt=\"\" \/><\/div>\n\t\t<\/figure>\n\t<\/div>\n<\/div><\/div><\/div><div class=\"wpb_column vc_column_container vc_col-sm-3\"><div class=\"vc_column-inner\"><div class=\"wpb_wrapper\">\n\t<div class=\"wpb_text_column wpb_content_element\" >\n\t\t<div class=\"wpb_wrapper\">\n\t\t\t<p><span style=\"color: #ffffff;\"><strong>Schedule <\/strong><\/span><\/p>\n\n\t\t<\/div>\n\t<\/div>\n\n\t<div class=\"wpb_text_column wpb_content_element\" >\n\t\t<div class=\"wpb_wrapper\">\n\t\t\t<p><span style=\"color: #ffffff;\">Ouvert de 8h \u00e0 20h tous les jours<\/span><\/p>\n<p>&nbsp;<\/p>\n<p><em><span style=\"color: #ffffff;\">Weekends by appointment<\/span><\/em><\/p>\n\n\t\t<\/div>\n\t<\/div>\n<\/div><\/div><\/div><div class=\"wpb_column vc_column_container vc_col-sm-3\"><div class=\"vc_column-inner\"><div class=\"wpb_wrapper\">\n\t<div  class=\"wpb_single_image wpb_content_element vc_align_left\">\n\t\t\n\t\t<figure class=\"wpb_wrapper vc_figure\">\n\t\t\t<a href=\"https:\/\/www.facebook.com\/domaineweinzaepfel\" target=\"_blank\" class=\"vc_single_image-wrapper   vc_box_border_grey\"><img loading=\"lazy\" decoding=\"async\" width=\"200\" height=\"79\" src=\"https:\/\/weinzaepfel.fr\/wp-content\/uploads\/2021\/06\/suiveznousfacebook.jpg\" class=\"vc_single_image-img attachment-large\" alt=\"\" \/><\/a>\n\t\t<\/figure>\n\t<\/div>\n\n\t<div  class=\"wpb_single_image wpb_content_element vc_align_left\">\n\t\t\n\t\t<figure class=\"wpb_wrapper vc_figure\">\n\t\t\t<a href=\"https:\/\/www.facebook.com\/domaineweinzaepfel\" target=\"_self\" class=\"vc_single_image-wrapper   vc_box_border_grey\"><img loading=\"lazy\" decoding=\"async\" width=\"200\" height=\"79\" src=\"https:\/\/weinzaepfel.fr\/wp-content\/uploads\/2021\/06\/suiveznousurinsta.jpg\" class=\"vc_single_image-img attachment-large\" alt=\"\" \/><\/a>\n\t\t<\/figure>\n\t<\/div>\n<\/div><\/div><\/div><\/div><div class=\"vc_row-full-width vc_clearfix\"><\/div><div data-vc-full-width=\"true\" data-vc-full-width-init=\"false\" data-vc-stretch-content=\"true\" class=\"vc_row wpb_row vc_row-fluid vc_custom_1624287233712 vc_row-has-fill vc_row-o-content-top vc_row-flex\"><div class=\"wpb_column vc_column_container vc_col-sm-12\"><div class=\"vc_column-inner\"><div class=\"wpb_wrapper\"><div class=\"vc_empty_space\"   style=\"height: 30px\"><span class=\"vc_empty_space_inner\"><\/span><\/div><\/div><\/div><\/div><\/div><div class=\"vc_row-full-width vc_clearfix\"><\/div>","protected":false},"excerpt":{"rendered":"<p><span class=\"WdYUQQ text-decoration-none text-strikethrough-none\">Rouge Vibrant. Alliance de fra\u00eecheur et diversit\u00e9 aromatique.<\/span><\/p>","protected":false},"featured_media":4962,"template":"","meta":[],"product_cat":[55,56],"product_tag":[43,50],"class_list":["post-4776","product","type-product","status-publish","has-post-thumbnail","hentry","product_cat-pinot-noir-eleve-en-fut-de-chene","product_cat-vin-rouge","product_tag-alsace","product_tag-rouge","product_shipping_class-1-bouteille"],"_links":{"self":[{"href":"https:\/\/weinzaepfel.fr\/en\/wp-json\/wp\/v2\/product\/4776"}],"collection":[{"href":"https:\/\/weinzaepfel.fr\/en\/wp-json\/wp\/v2\/product"}],"about":[{"href":"https:\/\/weinzaepfel.fr\/en\/wp-json\/wp\/v2\/types\/product"}],"wp:featuredmedia":[{"embeddable":true,"href":"https:\/\/weinzaepfel.fr\/en\/wp-json\/wp\/v2\/media\/4962"}],"wp:attachment":[{"href":"https:\/\/weinzaepfel.fr\/en\/wp-json\/wp\/v2\/media?parent=4776"}],"wp:term":[{"taxonomy":"product_cat","embeddable":true,"href":"https:\/\/weinzaepfel.fr\/en\/wp-json\/wp\/v2\/product_cat?post=4776"},{"taxonomy":"product_tag","embeddable":true,"href":"https:\/\/weinzaepfel.fr\/en\/wp-json\/wp\/v2\/product_tag?post=4776"}],"curies":[{"name":"wp","href":"https:\/\/api.w.org\/{rel}","templated":true}]}}