{"id":5045,"date":"2023-12-19T21:20:22","date_gmt":"2023-12-19T20:20:22","guid":{"rendered":"https:\/\/weinzaepfel.fr\/?post_type=product&#038;p=5045"},"modified":"2024-05-08T18:37:17","modified_gmt":"2024-05-08T16:37:17","slug":"gewurztraminer-selections-de-grains-nobles-37-50","status":"publish","type":"product","link":"https:\/\/weinzaepfel.fr\/en\/product\/gewurztraminer-selections-de-grains-nobles-37-50\/","title":{"rendered":"Gewurztraminer S\u00e9lections de Grains Nobles 37.50 cl"},"content":{"rendered":"<div class=\"vc_row wpb_row vc_row-fluid vc_custom_1625136982025 vc_row-has-fill vc_row-o-content-top vc_row-flex\"><div class=\"wpb_animate_when_almost_visible wpb_left-to-right left-to-right wpb_column vc_column_container vc_col-sm-6 vc_col-lg-6 vc_col-md-6 vc_hidden-md vc_hidden-sm vc_hidden-xs\"><div class=\"vc_column-inner vc_custom_1637936081410\"><div class=\"wpb_wrapper\"><div class=\"vc_empty_space\"   style=\"height: 25px\"><span class=\"vc_empty_space_inner\"><\/span><\/div>\n\t<div class=\"title-subtitle-box\" style=\" text-align: left;\">\n\t\t<h1 style=\" font-style: normal;\">Terroir et Situation<\/h1>\n\t<\/div> \n\t<div class=\"wpb_text_column wpb_content_element\" >\n\t\t<div class=\"wpb_wrapper\">\n\t\t\t<p class=\"_04xlpA direction-ltr align-justify para-style-body\"><span class=\"WdYUQQ text-decoration-none text-strikethrough-none\">En sous-sol, on retrouve la m\u00eame roche calcaire qu\u2019au Mittelboug. La terre en revanche y est bien plus rouge\u00e2tre et bien plus mince. Marqu\u00e9 par le fer, ce rouge est si particulier et visible nulle part ailleurs sur la colline. La profondeur du sol est tr\u00e8s mince par sa proximit\u00e9 sommitale. Parfois il est m\u00eame compliqu\u00e9 d\u2019y enfoncer un piquet \u00e0 30 cm. La r\u00e9serve en eau est critique<\/span> <span class=\"WdYUQQ text-decoration-none text-strikethrough-none\">dans<\/span> <span class=\"WdYUQQ text-decoration-none text-strikethrough-none\">les<\/span> <span class=\"WdYUQQ text-decoration-none text-strikethrough-none\">ann\u00e9es<\/span> <span class=\"WdYUQQ text-decoration-none text-strikethrough-none\">s\u00e8ches. Les<\/span> <span class=\"WdYUQQ text-decoration-none text-strikethrough-none\">jeunes<\/span> <span class=\"WdYUQQ text-decoration-none text-strikethrough-none\">complants<\/span> <span class=\"WdYUQQ text-decoration-none text-strikethrough-none\">ont d\u00fb <\/span><span class=\"WdYUQQ text-decoration-none text-strikethrough-none\">mal \u00e0 s\u2019y implanter, mais les vieilles vignes que nos anc\u00eatres ont plant\u00e9 dans les ann\u00e9es 50-60, ont pu d\u00e9velopper leur syst\u00e8me racinaire dans les fissures rocheuses pour r\u00e9cup\u00e9rer chaque goutte d\u2019eau marqu\u00e9e intimement du terroir. La maturation des raisins est l\u00e9g\u00e8rement plus tardive du fait de son altitude avoisinant les 400 m\u00e8tres. L\u2019exposition au sud permet tout de m\u00eame d\u2019obtenir des maturit\u00e9s optimales.<\/span><\/p>\n<p class=\"_04xlpA direction-ltr align-justify para-style-body\"><span class=\"WdYUQQ text-decoration-none text-strikethrough-none\">Arrive le temps de l\u2019automne, les pluies pars\u00e8ment un climat plus humide. La pente en forme de cuvette, instaure une humidit\u00e9 consid\u00e9rable, favorable au botrytis. Depuis 30 ans, rares sont les ann\u00e9es o\u00f9 les Gewurztraminer de ce lieu ne produisent pas de Vendanges Tardives. Les S\u00e9lections de Grains Nobles sont \u00e9labor\u00e9s sur ce terroir dans les plus grandes ann\u00e9es.<\/span><\/p>\n\n\t\t<\/div>\n\t<\/div>\n<\/div><\/div><\/div><div class=\"wpb_animate_when_almost_visible wpb_right-to-left right-to-left wpb_column vc_column_container vc_col-sm-12 vc_col-lg-6 vc_col-md-6 vc_hidden-md vc_hidden-sm vc_hidden-xs\"><div class=\"vc_column-inner\"><div class=\"wpb_wrapper\"><div class=\"vc_empty_space\"   style=\"height: 42px\"><span class=\"vc_empty_space_inner\"><\/span><\/div>\n\t<div  class=\"wpb_single_image wpb_content_element vc_align_left  vc_custom_1692182444163\">\n\t\t\n\t\t<figure class=\"wpb_wrapper vc_figure\">\n\t\t\t<div class=\"vc_single_image-wrapper   vc_box_border_grey\"><img loading=\"lazy\" decoding=\"async\" width=\"2560\" height=\"1703\" src=\"https:\/\/weinzaepfel.fr\/wp-content\/uploads\/2023\/08\/Vignes-20-scaled.jpg\" class=\"vc_single_image-img attachment-full\" alt=\"\" srcset=\"https:\/\/weinzaepfel.fr\/wp-content\/uploads\/2023\/08\/Vignes-20-scaled.jpg 2560w, https:\/\/weinzaepfel.fr\/wp-content\/uploads\/2023\/08\/Vignes-20-300x200.jpg 300w, https:\/\/weinzaepfel.fr\/wp-content\/uploads\/2023\/08\/Vignes-20-1024x681.jpg 1024w, https:\/\/weinzaepfel.fr\/wp-content\/uploads\/2023\/08\/Vignes-20-768x511.jpg 768w, https:\/\/weinzaepfel.fr\/wp-content\/uploads\/2023\/08\/Vignes-20-1536x1022.jpg 1536w, https:\/\/weinzaepfel.fr\/wp-content\/uploads\/2023\/08\/Vignes-20-2048x1363.jpg 2048w, https:\/\/weinzaepfel.fr\/wp-content\/uploads\/2023\/08\/Vignes-20-18x12.jpg 18w\" sizes=\"(max-width: 2560px) 100vw, 2560px\" \/><\/div>\n\t\t<\/figure>\n\t<\/div>\n<\/div><\/div><\/div><\/div><div class=\"vc_row wpb_row vc_row-fluid vc_custom_1625136973825 vc_row-has-fill vc_row-o-content-top vc_row-flex\"><div class=\"wpb_animate_when_almost_visible wpb_left-to-right left-to-right wpb_column vc_column_container vc_col-sm-12 vc_col-lg-6 vc_col-md-6 vc_hidden-md vc_hidden-sm vc_hidden-xs\"><div class=\"vc_column-inner\"><div class=\"wpb_wrapper\"><div class=\"vc_empty_space\"   style=\"height: 142px\"><span class=\"vc_empty_space_inner\"><\/span><\/div>\n\t<div  class=\"wpb_single_image wpb_content_element vc_align_left  vc_custom_1692182460328\">\n\t\t\n\t\t<figure class=\"wpb_wrapper vc_figure\">\n\t\t\t<div class=\"vc_single_image-wrapper   vc_box_border_grey\"><img loading=\"lazy\" decoding=\"async\" width=\"1828\" height=\"2560\" src=\"https:\/\/weinzaepfel.fr\/wp-content\/uploads\/2023\/06\/Vignes-13-scaled.jpg\" class=\"vc_single_image-img attachment-full\" alt=\"\" srcset=\"https:\/\/weinzaepfel.fr\/wp-content\/uploads\/2023\/06\/Vignes-13-scaled.jpg 1828w, https:\/\/weinzaepfel.fr\/wp-content\/uploads\/2023\/06\/Vignes-13-214x300.jpg 214w, https:\/\/weinzaepfel.fr\/wp-content\/uploads\/2023\/06\/Vignes-13-731x1024.jpg 731w, https:\/\/weinzaepfel.fr\/wp-content\/uploads\/2023\/06\/Vignes-13-768x1075.jpg 768w, https:\/\/weinzaepfel.fr\/wp-content\/uploads\/2023\/06\/Vignes-13-1097x1536.jpg 1097w, https:\/\/weinzaepfel.fr\/wp-content\/uploads\/2023\/06\/Vignes-13-1463x2048.jpg 1463w, https:\/\/weinzaepfel.fr\/wp-content\/uploads\/2023\/06\/Vignes-13-9x12.jpg 9w\" sizes=\"(max-width: 1828px) 100vw, 1828px\" \/><\/div>\n\t\t<\/figure>\n\t<\/div>\n<\/div><\/div><\/div><div class=\"wpb_animate_when_almost_visible wpb_right-to-left right-to-left wpb_column vc_column_container vc_col-sm-6 vc_col-lg-6 vc_col-md-6 vc_hidden-md vc_hidden-sm vc_hidden-xs\"><div class=\"vc_column-inner vc_custom_1637936088111\"><div class=\"wpb_wrapper\"><div class=\"vc_empty_space\"   style=\"height: 105px\"><span class=\"vc_empty_space_inner\"><\/span><\/div>\n\t<div class=\"wpb_text_column wpb_content_element\" >\n\t\t<div class=\"wpb_wrapper\">\n\t\t\t<h2>Culture de la vigne<\/h2>\n\n\t\t<\/div>\n\t<\/div>\n\n\t<div class=\"wpb_text_column wpb_content_element\" >\n\t\t<div class=\"wpb_wrapper\">\n\t\t\t<p><span class=\"WdYUQQ text-decoration-none text-strikethrough-none\">Vignes en conversion (<\/span>Notre vignoble est certifi\u00e9 en Agriculture biologique depuis 2022). Nos pratiques sont dict\u00e9es par les cycles lunaires.<\/p>\n<p>Conduite du vignoble de fa\u00e7on la plus responsable possible: Nous semons chaque ann\u00e9e des couverts v\u00e9g\u00e9taux en alternance avec une rang\u00e9e d\u2019herbes naturelles. Le travail du sol s\u2019effectue uniquement au niveau du cavaillon (le cavaillon est une bande de 30 cm situ\u00e9e sous la rang\u00e9e de vigne). La conduite responsable du vignoble est notre priorit\u00e9. Nous apportons particuli\u00e8rement d\u2019attention au d\u00e9veloppement de la vigne, \u00e0 son adaptation aux conditions climatiques, afin d\u2019effectuer les travaux en ad\u00e9quation. L&rsquo;objectif est de passer le moins possible avec le tracteur afin de ne pas tasser le sol.<\/p>\n<p>Les diff\u00e9rentes s\u00e9lections sont r\u00e9alis\u00e9es tout au long de l\u2019ann\u00e9e\u00a0: Une taille m\u00e9ticuleuse et respectueuse des flux de s\u00e8ve, la suppression des doublons au printemps, une vendange en vert pour limiter le nombre de raisins et enfin un tri sur table effectu\u00e9 directement au vignoble pendant les vendanges. Notons que les vendanges sont faites \u00e0 la main pour conserver l\u2019int\u00e9grit\u00e9 du raisin.<\/p>\n<p>Tous ces \u00e9tapes sont cruciales pour conserver la puret\u00e9 aromatique et favoriser la concentration des raisins.<\/p>\n<p style=\"text-align: start;\"><span style=\"text-align: justify;\">D<\/span><span class=\"WdYUQQ text-decoration-none text-strikethrough-none\" style=\"text-align: justify;\">iff\u00e9rentes dates de r\u00e9coltes en fonction de la maturit\u00e9 (fin-octobre et mi-novembre). La \u00ab S\u00e9lection de Grains Nobles \u00bb est une mention\u00a0 qui signifie une s\u00e9lection de grains tri\u00e9s manuellement et atteints de Botrytis Cinerea donnant lieu \u00e0 la pourriture Noble.\u00a0<\/span><\/p>\n<p style=\"text-align: start;\">Vignes de 75 ans.<span style=\"text-align: justify;\">\u00a0Tr\u00e8s faible rendement.<\/span><\/p>\n\n\t\t<\/div>\n\t<\/div>\n<\/div><\/div><\/div><\/div><div class=\"vc_row wpb_row vc_row-fluid vc_custom_1625136982025 vc_row-has-fill vc_row-o-content-top vc_row-flex\"><div class=\"wpb_animate_when_almost_visible wpb_left-to-right left-to-right wpb_column vc_column_container vc_col-sm-6 vc_col-lg-6 vc_col-md-6 vc_hidden-md vc_hidden-sm vc_hidden-xs\"><div class=\"vc_column-inner vc_custom_1637936103414\"><div class=\"wpb_wrapper\"><div class=\"vc_empty_space\"   style=\"height: 120px\"><span class=\"vc_empty_space_inner\"><\/span><\/div>\n\t<div class=\"title-subtitle-box\" style=\" text-align: left;\">\n\t\t<h1 style=\" font-style: normal;\">Vinification et \u00e9levage<\/h1>\n\t<\/div> \n\t<div class=\"wpb_text_column wpb_content_element\" >\n\t\t<div class=\"wpb_wrapper\">\n\t\t\t<p class=\"_04xlpA direction-ltr align-justify para-style-body\"><span class=\"WdYUQQ text-decoration-none text-strikethrough-none\">Vendanges effectu\u00e9es mi-Novembre. Des ar\u00f4mes exotiques intenses ont marqu\u00e9 les jus d\u00e8s le pressurage long et doux. La vinification s\u2019est faite sans souffre jusqu&rsquo;\u00e0 l&rsquo;\u00e9levage sur lies fines.<\/span><\/p>\n\n\t\t<\/div>\n\t<\/div>\n<\/div><\/div><\/div><div class=\"wpb_animate_when_almost_visible wpb_right-to-left right-to-left wpb_column vc_column_container vc_col-sm-12 vc_col-lg-6 vc_col-md-6 vc_hidden-md vc_hidden-sm vc_hidden-xs\"><div class=\"vc_column-inner\"><div class=\"wpb_wrapper\"><div class=\"vc_empty_space\"   style=\"height: 142px\"><span class=\"vc_empty_space_inner\"><\/span><\/div>\n\t<div  class=\"wpb_single_image wpb_content_element vc_align_left  vc_custom_1692182674016\">\n\t\t\n\t\t<figure class=\"wpb_wrapper vc_figure\">\n\t\t\t<div class=\"vc_single_image-wrapper   vc_box_border_grey\"><img loading=\"lazy\" decoding=\"async\" width=\"2560\" height=\"1920\" src=\"https:\/\/weinzaepfel.fr\/wp-content\/uploads\/2023\/06\/Domaine-Weinzaepfel_13-scaled.jpg\" class=\"vc_single_image-img attachment-full\" alt=\"\" srcset=\"https:\/\/weinzaepfel.fr\/wp-content\/uploads\/2023\/06\/Domaine-Weinzaepfel_13-scaled.jpg 2560w, https:\/\/weinzaepfel.fr\/wp-content\/uploads\/2023\/06\/Domaine-Weinzaepfel_13-300x225.jpg 300w, https:\/\/weinzaepfel.fr\/wp-content\/uploads\/2023\/06\/Domaine-Weinzaepfel_13-1024x768.jpg 1024w, https:\/\/weinzaepfel.fr\/wp-content\/uploads\/2023\/06\/Domaine-Weinzaepfel_13-768x576.jpg 768w, https:\/\/weinzaepfel.fr\/wp-content\/uploads\/2023\/06\/Domaine-Weinzaepfel_13-1536x1152.jpg 1536w, https:\/\/weinzaepfel.fr\/wp-content\/uploads\/2023\/06\/Domaine-Weinzaepfel_13-2048x1536.jpg 2048w, https:\/\/weinzaepfel.fr\/wp-content\/uploads\/2023\/06\/Domaine-Weinzaepfel_13-16x12.jpg 16w\" sizes=\"(max-width: 2560px) 100vw, 2560px\" \/><\/div>\n\t\t<\/figure>\n\t<\/div>\n<\/div><\/div><\/div><\/div><div class=\"vc_row wpb_row vc_row-fluid vc_custom_1625136982025 vc_row-has-fill vc_row-o-content-top vc_row-flex\"><div class=\"wpb_column vc_column_container vc_col-sm-12 vc_hidden-lg\"><div class=\"vc_column-inner\"><div class=\"wpb_wrapper\"><div class=\"vc_empty_space\"   style=\"height: 20px\"><span class=\"vc_empty_space_inner\"><\/span><\/div>\n\t<div class=\"title-subtitle-box\" style=\" text-align: left;\">\n\t\t<h1 style=\" font-style: normal;\">Terroir et Situation<\/h1>\n\t<\/div> \n\t<div  class=\"wpb_single_image wpb_content_element vc_align_left  vc_custom_1692182642406\">\n\t\t\n\t\t<figure class=\"wpb_wrapper vc_figure\">\n\t\t\t<div class=\"vc_single_image-wrapper   vc_box_border_grey\"><img loading=\"lazy\" decoding=\"async\" width=\"2560\" height=\"1703\" src=\"https:\/\/weinzaepfel.fr\/wp-content\/uploads\/2023\/08\/Vignes-20-scaled.jpg\" class=\"vc_single_image-img attachment-full\" alt=\"\" srcset=\"https:\/\/weinzaepfel.fr\/wp-content\/uploads\/2023\/08\/Vignes-20-scaled.jpg 2560w, https:\/\/weinzaepfel.fr\/wp-content\/uploads\/2023\/08\/Vignes-20-300x200.jpg 300w, https:\/\/weinzaepfel.fr\/wp-content\/uploads\/2023\/08\/Vignes-20-1024x681.jpg 1024w, https:\/\/weinzaepfel.fr\/wp-content\/uploads\/2023\/08\/Vignes-20-768x511.jpg 768w, https:\/\/weinzaepfel.fr\/wp-content\/uploads\/2023\/08\/Vignes-20-1536x1022.jpg 1536w, https:\/\/weinzaepfel.fr\/wp-content\/uploads\/2023\/08\/Vignes-20-2048x1363.jpg 2048w, https:\/\/weinzaepfel.fr\/wp-content\/uploads\/2023\/08\/Vignes-20-18x12.jpg 18w\" sizes=\"(max-width: 2560px) 100vw, 2560px\" \/><\/div>\n\t\t<\/figure>\n\t<\/div>\n<div class=\"vc_empty_space\"   style=\"height: 15px\"><span class=\"vc_empty_space_inner\"><\/span><\/div>\n\t<div class=\"wpb_text_column wpb_content_element\" >\n\t\t<div class=\"wpb_wrapper\">\n\t\t\t<p class=\"_04xlpA direction-ltr align-justify para-style-body\"><span class=\"WdYUQQ text-decoration-none text-strikethrough-none\">En sous-sol, on retrouve la m\u00eame roche calcaire qu\u2019au Mittelboug. La terre en revanche y est bien plus rouge\u00e2tre et bien plus mince. Marqu\u00e9 par le fer, ce rouge est si particulier et visible nulle part ailleurs sur la colline. La profondeur du sol est tr\u00e8s mince par sa proximit\u00e9 sommitale. Parfois il est m\u00eame compliqu\u00e9 d\u2019y enfoncer un piquet \u00e0 30 cm. La r\u00e9serve en eau est critique<\/span> <span class=\"WdYUQQ text-decoration-none text-strikethrough-none\">dans<\/span> <span class=\"WdYUQQ text-decoration-none text-strikethrough-none\">les<\/span> <span class=\"WdYUQQ text-decoration-none text-strikethrough-none\">ann\u00e9es<\/span> <span class=\"WdYUQQ text-decoration-none text-strikethrough-none\">s\u00e8ches. Les<\/span> <span class=\"WdYUQQ text-decoration-none text-strikethrough-none\">jeunes<\/span> <span class=\"WdYUQQ text-decoration-none text-strikethrough-none\">complants<\/span> <span class=\"WdYUQQ text-decoration-none text-strikethrough-none\">ont d\u00fb <\/span><span class=\"WdYUQQ text-decoration-none text-strikethrough-none\">mal \u00e0 s\u2019y implanter, mais les vieilles vignes que nos anc\u00eatres ont plant\u00e9 dans les ann\u00e9es 50-60, ont pu d\u00e9velopper leur syst\u00e8me racinaire dans les fissures rocheuses pour r\u00e9cup\u00e9rer chaque goutte d\u2019eau marqu\u00e9e intimement du terroir. La maturation des raisins est l\u00e9g\u00e8rement plus tardive du fait de son altitude avoisinant les 400 m\u00e8tres. L\u2019exposition au sud permet tout de m\u00eame d\u2019obtenir des maturit\u00e9s optimales.<\/span><\/p>\n<p class=\"_04xlpA direction-ltr align-justify para-style-body\"><span class=\"WdYUQQ text-decoration-none text-strikethrough-none\">Arrive le temps de l\u2019automne, les pluies pars\u00e8ment un climat plus humide. La pente en forme de cuvette, instaure une humidit\u00e9 consid\u00e9rable, favorable au botrytis. Depuis 30 ans, rares sont les ann\u00e9es o\u00f9 les Gewurztraminer de ce lieu ne produisent pas de Vendanges Tardives. Les S\u00e9lections de Grains Nobles sont \u00e9labor\u00e9s sur ce terroir dans les plus grandes ann\u00e9es.<\/span><\/p>\n\n\t\t<\/div>\n\t<\/div>\n<\/div><\/div><\/div><\/div><div class=\"vc_row wpb_row vc_row-fluid vc_custom_1625136973825 vc_row-has-fill vc_row-o-content-top vc_row-flex\"><div class=\"wpb_column vc_column_container vc_col-sm-12 vc_hidden-lg\"><div class=\"vc_column-inner\"><div class=\"wpb_wrapper\"><div class=\"vc_empty_space\"   style=\"height: 50px\"><span class=\"vc_empty_space_inner\"><\/span><\/div>\n\t<div class=\"wpb_text_column wpb_content_element\" >\n\t\t<div class=\"wpb_wrapper\">\n\t\t\t<h2>Culture de la vigne<\/h2>\n\n\t\t<\/div>\n\t<\/div>\n\n\t<div  class=\"wpb_single_image wpb_content_element vc_align_left  vc_custom_1692182746384\">\n\t\t\n\t\t<figure class=\"wpb_wrapper vc_figure\">\n\t\t\t<div class=\"vc_single_image-wrapper   vc_box_border_grey\"><img loading=\"lazy\" decoding=\"async\" width=\"1828\" height=\"2560\" src=\"https:\/\/weinzaepfel.fr\/wp-content\/uploads\/2023\/06\/Vignes-13-scaled.jpg\" class=\"vc_single_image-img attachment-full\" alt=\"\" srcset=\"https:\/\/weinzaepfel.fr\/wp-content\/uploads\/2023\/06\/Vignes-13-scaled.jpg 1828w, https:\/\/weinzaepfel.fr\/wp-content\/uploads\/2023\/06\/Vignes-13-214x300.jpg 214w, https:\/\/weinzaepfel.fr\/wp-content\/uploads\/2023\/06\/Vignes-13-731x1024.jpg 731w, https:\/\/weinzaepfel.fr\/wp-content\/uploads\/2023\/06\/Vignes-13-768x1075.jpg 768w, https:\/\/weinzaepfel.fr\/wp-content\/uploads\/2023\/06\/Vignes-13-1097x1536.jpg 1097w, https:\/\/weinzaepfel.fr\/wp-content\/uploads\/2023\/06\/Vignes-13-1463x2048.jpg 1463w, https:\/\/weinzaepfel.fr\/wp-content\/uploads\/2023\/06\/Vignes-13-9x12.jpg 9w\" sizes=\"(max-width: 1828px) 100vw, 1828px\" \/><\/div>\n\t\t<\/figure>\n\t<\/div>\n<div class=\"vc_empty_space\"   style=\"height: 15px\"><span class=\"vc_empty_space_inner\"><\/span><\/div>\n\t<div class=\"wpb_text_column wpb_content_element\" >\n\t\t<div class=\"wpb_wrapper\">\n\t\t\t<p><span class=\"WdYUQQ text-decoration-none text-strikethrough-none\">Vignes en conversion (<\/span>Notre vignoble est certifi\u00e9 en Agriculture biologique depuis 2022). Nos pratiques sont dict\u00e9es par les cycles lunaires.<\/p>\n<p>Conduite du vignoble de fa\u00e7on la plus responsable possible: Nous semons chaque ann\u00e9e des couverts v\u00e9g\u00e9taux en alternance avec une rang\u00e9e d\u2019herbes naturelles. Le travail du sol s\u2019effectue uniquement au niveau du cavaillon (le cavaillon est une bande de 30 cm situ\u00e9e sous la rang\u00e9e de vigne). La conduite responsable du vignoble est notre priorit\u00e9. Nous apportons particuli\u00e8rement d\u2019attention au d\u00e9veloppement de la vigne, \u00e0 son adaptation aux conditions climatiques, afin d\u2019effectuer les travaux en ad\u00e9quation. L&rsquo;objectif est de passer le moins possible avec le tracteur afin de ne pas tasser le sol.<\/p>\n<p>Les diff\u00e9rentes s\u00e9lections sont r\u00e9alis\u00e9es tout au long de l\u2019ann\u00e9e\u00a0: Une taille m\u00e9ticuleuse et respectueuse des flux de s\u00e8ve, la suppression des doublons au printemps, une vendange en vert pour limiter le nombre de raisins et enfin un tri sur table effectu\u00e9 directement au vignoble pendant les vendanges. Notons que les vendanges sont faites \u00e0 la main pour conserver l\u2019int\u00e9grit\u00e9 du raisin.<\/p>\n<p>Tous ces \u00e9tapes sont cruciales pour conserver la puret\u00e9 aromatique et favoriser la concentration des raisins.<\/p>\n<p style=\"text-align: start;\"><span style=\"text-align: justify;\">D<\/span><span class=\"WdYUQQ text-decoration-none text-strikethrough-none\" style=\"text-align: justify;\">iff\u00e9rentes dates de r\u00e9coltes en fonction de la maturit\u00e9 (fin-octobre et mi-novembre). La \u00ab S\u00e9lection de Grains Nobles \u00bb est une mention\u00a0 qui signifie une s\u00e9lection de grains tri\u00e9s manuellement et atteints de Botrytis Cinerea donnant lieu \u00e0 la pourriture Noble.\u00a0<\/span><\/p>\n<p style=\"text-align: start;\">Vignes de 75 ans.<span style=\"text-align: justify;\">\u00a0Tr\u00e8s faible rendement.<\/span><\/p>\n\n\t\t<\/div>\n\t<\/div>\n<\/div><\/div><\/div><\/div><div class=\"vc_row wpb_row vc_row-fluid vc_custom_1625136982025 vc_row-has-fill vc_row-o-content-top vc_row-flex\"><div class=\"wpb_column vc_column_container vc_col-sm-12 vc_hidden-lg\"><div class=\"vc_column-inner\"><div class=\"wpb_wrapper\"><div class=\"vc_empty_space\"   style=\"height: 50px\"><span class=\"vc_empty_space_inner\"><\/span><\/div>\n\t<div class=\"title-subtitle-box\" style=\" text-align: left;\">\n\t\t<h1 style=\" font-style: normal;\">Vinification et \u00e9levage<\/h1>\n\t<\/div> \n\t<div  class=\"wpb_single_image wpb_content_element vc_align_left  vc_custom_1692182700430\">\n\t\t\n\t\t<figure class=\"wpb_wrapper vc_figure\">\n\t\t\t<div class=\"vc_single_image-wrapper   vc_box_border_grey\"><img loading=\"lazy\" decoding=\"async\" width=\"2560\" height=\"1920\" src=\"https:\/\/weinzaepfel.fr\/wp-content\/uploads\/2023\/06\/Domaine-Weinzaepfel_13-scaled.jpg\" class=\"vc_single_image-img attachment-full\" alt=\"\" srcset=\"https:\/\/weinzaepfel.fr\/wp-content\/uploads\/2023\/06\/Domaine-Weinzaepfel_13-scaled.jpg 2560w, https:\/\/weinzaepfel.fr\/wp-content\/uploads\/2023\/06\/Domaine-Weinzaepfel_13-300x225.jpg 300w, https:\/\/weinzaepfel.fr\/wp-content\/uploads\/2023\/06\/Domaine-Weinzaepfel_13-1024x768.jpg 1024w, https:\/\/weinzaepfel.fr\/wp-content\/uploads\/2023\/06\/Domaine-Weinzaepfel_13-768x576.jpg 768w, https:\/\/weinzaepfel.fr\/wp-content\/uploads\/2023\/06\/Domaine-Weinzaepfel_13-1536x1152.jpg 1536w, https:\/\/weinzaepfel.fr\/wp-content\/uploads\/2023\/06\/Domaine-Weinzaepfel_13-2048x1536.jpg 2048w, https:\/\/weinzaepfel.fr\/wp-content\/uploads\/2023\/06\/Domaine-Weinzaepfel_13-16x12.jpg 16w\" sizes=\"(max-width: 2560px) 100vw, 2560px\" \/><\/div>\n\t\t<\/figure>\n\t<\/div>\n<div class=\"vc_empty_space\"   style=\"height: 15px\"><span class=\"vc_empty_space_inner\"><\/span><\/div>\n\t<div class=\"wpb_text_column wpb_content_element\" >\n\t\t<div class=\"wpb_wrapper\">\n\t\t\t<p class=\"_04xlpA direction-ltr align-justify para-style-body\"><span class=\"WdYUQQ text-decoration-none text-strikethrough-none\">Diff\u00e9rentes s\u00e9lections sont r\u00e9alis\u00e9es tout au long de l\u2019ann\u00e9e pour favoriser les concentrations de chaque raisin. Les rendements faibles font partie de la politique de notre Domaine. Pressurage long et doux.<\/span><\/p>\n<p class=\"_04xlpA direction-ltr align-justify para-style-body\"><span class=\"WdYUQQ text-decoration-none text-strikethrough-none\">La vinification s\u2019est faite sans souffre jusqu&rsquo;\u00e0 l&rsquo;\u00e9levage sur lies fines.<\/span><\/p>\n\n\t\t<\/div>\n\t<\/div>\n<\/div><\/div><\/div><\/div><div class=\"vc_row wpb_row vc_row-fluid vc_custom_1637935783091 vc_row-has-fill\"><div class=\"wpb_animate_when_almost_visible wpb_left-to-right left-to-right wpb_column vc_column_container vc_col-sm-12 vc_hidden-lg vc_hidden-md vc_hidden-sm vc_col-has-fill\"><div class=\"vc_column-inner vc_custom_1637935849766\"><div class=\"wpb_wrapper\"><div class=\"vc_empty_space\"   style=\"height: 32px\"><span class=\"vc_empty_space_inner\"><\/span><\/div>\n\t<div class=\"wpb_text_column wpb_content_element\" >\n\t\t<div class=\"wpb_wrapper\">\n\t\t\t<h1 style=\"text-align: center; font-size: 60px;\"><span style=\"color: #808080;\">D\u00e9gustation<\/span><\/h1>\n\n\t\t<\/div>\n\t<\/div>\n\n\t<div  class=\"wpb_single_image wpb_content_element vc_align_center\">\n\t\t\n\t\t<figure class=\"wpb_wrapper vc_figure\">\n\t\t\t<div class=\"vc_single_image-wrapper   vc_box_border_grey\"><img loading=\"lazy\" decoding=\"async\" width=\"133\" height=\"105\" src=\"https:\/\/weinzaepfel.fr\/wp-content\/uploads\/2021\/11\/a_03.png\" class=\"vc_single_image-img attachment-medium\" alt=\"\" \/><\/div>\n\t\t<\/figure>\n\t<\/div>\n\n\t<div class=\"wpb_text_column wpb_content_element\" >\n\t\t<div class=\"wpb_wrapper\">\n\t\t\t<p style=\"text-align: justify;\"><span class=\"WdYUQQ text-decoration-none text-strikethrough-none\">La robe jaune intense d\u00e9voile la concentration de ce vin.<\/span><\/p>\n\n\t\t<\/div>\n\t<\/div>\n<\/div><\/div><\/div><div class=\"wpb_column vc_column_container vc_col-sm-12 vc_hidden-lg vc_hidden-md vc_hidden-sm\"><div class=\"vc_column-inner\"><div class=\"wpb_wrapper\"><div class=\"vc_empty_space\"   style=\"height: 32px\"><span class=\"vc_empty_space_inner\"><\/span><\/div>\n\t<div  class=\"wpb_single_image wpb_content_element vc_align_center\">\n\t\t\n\t\t<figure class=\"wpb_wrapper vc_figure\">\n\t\t\t<div class=\"vc_single_image-wrapper   vc_box_border_grey\"><img loading=\"lazy\" decoding=\"async\" width=\"125\" height=\"151\" src=\"https:\/\/weinzaepfel.fr\/wp-content\/uploads\/2021\/11\/a_07.png\" class=\"vc_single_image-img attachment-medium\" alt=\"\" \/><\/div>\n\t\t<\/figure>\n\t<\/div>\n\n\t<div class=\"wpb_text_column wpb_content_element\" >\n\t\t<div class=\"wpb_wrapper\">\n\t\t\t<p class=\"_04xlpA direction-ltr align-justify para-style-body\"><span class=\"WdYUQQ text-decoration-none text-strikethrough-none\">La pourriture noble ainsi que le rendement tr\u00e8s faible procure une intensit\u00e9 aromatique exceptionnelle. Bouquet exotique.<\/span><\/p>\n\n\t\t<\/div>\n\t<\/div>\n<\/div><\/div><\/div><div class=\"wpb_column vc_column_container vc_col-sm-12 vc_hidden-lg vc_hidden-md vc_hidden-sm\"><div class=\"vc_column-inner\"><div class=\"wpb_wrapper\"><div class=\"vc_empty_space\"   style=\"height: 32px\"><span class=\"vc_empty_space_inner\"><\/span><\/div>\n\t<div  class=\"wpb_single_image wpb_content_element vc_align_center\">\n\t\t\n\t\t<figure class=\"wpb_wrapper vc_figure\">\n\t\t\t<div class=\"vc_single_image-wrapper   vc_box_border_grey\"><img loading=\"lazy\" decoding=\"async\" width=\"133\" height=\"108\" src=\"https:\/\/weinzaepfel.fr\/wp-content\/uploads\/2021\/11\/a_10.png\" class=\"vc_single_image-img attachment-medium\" alt=\"\" \/><\/div>\n\t\t<\/figure>\n\t<\/div>\n\n\t<div class=\"wpb_text_column wpb_content_element\" >\n\t\t<div class=\"wpb_wrapper\">\n\t\t\t<p class=\"_04xlpA direction-ltr align-justify para-style-body\"><span class=\"WdYUQQ text-decoration-none text-strikethrough-none\">Les vieilles vignes associ\u00e9es au sol calcaire nous immergent entre gourmandise et droiture saline. Ce mill\u00e9sime solaire r\u00e9v\u00e8le la g\u00e9n\u00e9rosit\u00e9 de ce vin \u00e0 travers les fruits exotiques et l\u2019\u00e9corce d\u2019agrumes. Grande concentration en bouche avec une acidit\u00e9 importante ,et \u00e0 maturit\u00e9, procurant un magnifique \u00e9quilibre.<\/span><\/p>\n\n\t\t<\/div>\n\t<\/div>\n<\/div><\/div><\/div><div class=\"wpb_column vc_column_container vc_col-sm-12 vc_hidden-lg vc_hidden-md vc_hidden-sm\"><div class=\"vc_column-inner\"><div class=\"wpb_wrapper\"><div class=\"vc_empty_space\"   style=\"height: 380px\"><span class=\"vc_empty_space_inner\"><\/span><\/div><\/div><\/div><\/div><\/div><div class=\"vc_row wpb_row vc_row-fluid vc_custom_1636134256641\"><div class=\"wpb_column vc_column_container vc_col-sm-4 vc_col-has-fill\"><div class=\"vc_column-inner vc_custom_1636132099713\"><div class=\"wpb_wrapper\"><\/div><\/div><\/div><div class=\"wpb_column vc_column_container vc_col-sm-4 vc_hidden-xs vc_col-has-fill\"><div class=\"vc_column-inner vc_custom_1637701694941\"><div class=\"wpb_wrapper\"><div class=\"vc_empty_space\"   style=\"height: 122px\"><span class=\"vc_empty_space_inner\"><\/span><\/div>\n\t<div  class=\"wpb_single_image wpb_content_element vc_align_center\">\n\t\t\n\t\t<figure class=\"wpb_wrapper vc_figure\">\n\t\t\t<div class=\"vc_single_image-wrapper   vc_box_border_grey\"><img loading=\"lazy\" decoding=\"async\" width=\"125\" height=\"151\" src=\"https:\/\/weinzaepfel.fr\/wp-content\/uploads\/2021\/11\/a_07.png\" class=\"vc_single_image-img attachment-medium\" alt=\"\" \/><\/div>\n\t\t<\/figure>\n\t<\/div>\n\n\t<div class=\"wpb_text_column wpb_content_element\" >\n\t\t<div class=\"wpb_wrapper\">\n\t\t\t<p class=\"_04xlpA direction-ltr align-justify para-style-body\"><span class=\"WdYUQQ text-decoration-none text-strikethrough-none\">La pourriture noble ainsi que le rendement tr\u00e8s faible procure une intensit\u00e9 aromatique exceptionnelle. Bouquet exotique.<\/span><\/p>\n\n\t\t<\/div>\n\t<\/div>\n<\/div><\/div><\/div><div class=\"wpb_column vc_column_container vc_col-sm-4 vc_col-has-fill\"><div class=\"vc_column-inner vc_custom_1636132146199\"><div class=\"wpb_wrapper\"><\/div><\/div><\/div><\/div><div class=\"vc_row wpb_row vc_row-fluid\"><div class=\"wpb_column vc_column_container vc_col-sm-12 vc_hidden-xs\"><div class=\"vc_column-inner\"><div class=\"wpb_wrapper\">\n\t<div class=\"wpb_text_column wpb_content_element  vc_custom_1636132157631\" >\n\t\t<div class=\"wpb_wrapper\">\n\t\t\t<h1 style=\"text-align: center; font-size: 120px;\"><span style=\"color: #808080;\">D\u00e9gustation<\/span><\/h1>\n\n\t\t<\/div>\n\t<\/div>\n<\/div><\/div><\/div><\/div><div class=\"vc_row wpb_row vc_row-fluid wpb_animate_when_almost_visible wpb_bottom-to-top bottom-to-top vc_custom_1637701722644 vc_row-has-fill\"><div class=\"wpb_column vc_column_container vc_col-sm-4 vc_hidden-xs vc_col-has-fill\"><div class=\"vc_column-inner vc_custom_1637701794677\"><div class=\"wpb_wrapper\"><div class=\"vc_empty_space\"   style=\"height: 32px\"><span class=\"vc_empty_space_inner\"><\/span><\/div>\n\t<div  class=\"wpb_single_image wpb_content_element vc_align_center\">\n\t\t\n\t\t<figure class=\"wpb_wrapper vc_figure\">\n\t\t\t<div class=\"vc_single_image-wrapper   vc_box_border_grey\"><img loading=\"lazy\" decoding=\"async\" width=\"133\" height=\"105\" src=\"https:\/\/weinzaepfel.fr\/wp-content\/uploads\/2021\/11\/a_03.png\" class=\"vc_single_image-img attachment-medium\" alt=\"\" \/><\/div>\n\t\t<\/figure>\n\t<\/div>\n\n\t<div class=\"wpb_text_column wpb_content_element\" >\n\t\t<div class=\"wpb_wrapper\">\n\t\t\t<p style=\"text-align: justify;\"><span class=\"WdYUQQ text-decoration-none text-strikethrough-none\">La robe or intense annonce la concentration de ce Gewurztraminer<\/span><\/p>\n\n\t\t<\/div>\n\t<\/div>\n<\/div><\/div><\/div><div class=\"wpb_column vc_column_container vc_col-sm-4\"><div class=\"vc_column-inner\"><div class=\"wpb_wrapper\"><\/div><\/div><\/div><div class=\"wpb_column vc_column_container vc_col-sm-4 vc_hidden-xs vc_col-has-fill\"><div class=\"vc_column-inner vc_custom_1637701789108\"><div class=\"wpb_wrapper\"><div class=\"vc_empty_space\"   style=\"height: 32px\"><span class=\"vc_empty_space_inner\"><\/span><\/div>\n\t<div  class=\"wpb_single_image wpb_content_element vc_align_center\">\n\t\t\n\t\t<figure class=\"wpb_wrapper vc_figure\">\n\t\t\t<div class=\"vc_single_image-wrapper   vc_box_border_grey\"><img loading=\"lazy\" decoding=\"async\" width=\"133\" height=\"108\" src=\"https:\/\/weinzaepfel.fr\/wp-content\/uploads\/2021\/11\/a_10.png\" class=\"vc_single_image-img attachment-medium\" alt=\"\" \/><\/div>\n\t\t<\/figure>\n\t<\/div>\n\n\t<div class=\"wpb_text_column wpb_content_element\" >\n\t\t<div class=\"wpb_wrapper\">\n\t\t\t<p class=\"_04xlpA direction-ltr align-justify para-style-body\"><span class=\"WdYUQQ text-decoration-none text-strikethrough-none\">Les vieilles vignes associ\u00e9es au sol calcaire nous immergent entre gourmandise et droiture saline. Ce mill\u00e9sime solaire r\u00e9v\u00e8le la g\u00e9n\u00e9rosit\u00e9 de ce vin \u00e0 travers les fruits exotiques et l\u2019\u00e9corce d\u2019agrumes. Grande concentration en bouche avec une acidit\u00e9 importante ,et \u00e0 maturit\u00e9, procurant un magnifique \u00e9quilibre.<\/span><\/p>\n\n\t\t<\/div>\n\t<\/div>\n<\/div><\/div><\/div><\/div><div class=\"vc_row wpb_row vc_row-fluid\"><div class=\"wpb_column vc_column_container vc_col-sm-12\"><div class=\"vc_column-inner\"><div class=\"wpb_wrapper\"><div class=\"vc_empty_space\"   style=\"height: 32px\"><span class=\"vc_empty_space_inner\"><\/span><\/div>\n<div class=\"vc-zigzag-wrapper vc-zigzag-align-center\"><div class=\"vc-zigzag-inner\" style=\"width: 100%;min-height: 14px;background: 0 repeat-x url(&#039;data:image\/svg+xml;utf-8,%3C%3Fxml%20version%3D%221.0%22%20encoding%3D%22utf-8%22%3F%3E%3C%21DOCTYPE%20svg%20PUBLIC%20%22-%2F%2FW3C%2F%2FDTD%20SVG%201.1%2F%2FEN%22%20%22http%3A%2F%2Fwww.w3.org%2FGraphics%2FSVG%2F1.1%2FDTD%2Fsvg11.dtd%22%3E%3Csvg%20width%3D%2214px%22%20height%3D%2212px%22%20viewBox%3D%220%200%2018%2015%22%20version%3D%221.1%22%20xmlns%3D%22http%3A%2F%2Fwww.w3.org%2F2000%2Fsvg%22%20xmlns%3Axlink%3D%22http%3A%2F%2Fwww.w3.org%2F1999%2Fxlink%22%3E%3Cpolygon%20id%3D%22Combined-Shape%22%20fill%3D%22%23cec2ab%22%20points%3D%228.98762301%200%200%209.12771969%200%2014.519983%209%205.40479869%2018%2014.519983%2018%209.12771969%22%3E%3C%2Fpolygon%3E%3C%2Fsvg%3E&#039;);\"><\/div><\/div>\n\t<div class=\"wpb_text_column wpb_content_element  vc_custom_1692182964107\" >\n\t\t<div class=\"wpb_wrapper\">\n\t\t\t<h3 style=\"text-align: center;\"><span style=\"color: #b0976d;\">Id\u00e9e d\u2019accord<\/span><\/h3>\n<p style=\"text-align: center;\"><strong>S&rsquo;accorde parfaitement avec l&rsquo;amertume du chocolat ou avec une multitudes de desserts.<\/strong><\/p>\n<h3 style=\"text-align: center;\"><span style=\"color: #b0976d;\">Optimum de d\u00e9gustation<\/span><\/h3>\n<p style=\"text-align: center;\">Servir d\u00e8s maintenant \u00e0 10 degr\u00e9s. Possibilit\u00e9 de le laisser vieillir en cave jusqu&rsquo;\u00e0 25 ann\u00e9es. <span class=\"WdYUQQ text-decoration-none text-strikethrough-none\">Il n\u2019est qu\u2019au d\u00e9but de sa longue carri\u00e8re.<\/span><\/p>\n\n\t\t<\/div>\n\t<\/div>\n\n<div class=\"vc-zigzag-wrapper vc-zigzag-align-center\"><div class=\"vc-zigzag-inner\" style=\"width: 100%;min-height: 14px;background: 0 repeat-x url(&#039;data:image\/svg+xml;utf-8,%3C%3Fxml%20version%3D%221.0%22%20encoding%3D%22utf-8%22%3F%3E%3C%21DOCTYPE%20svg%20PUBLIC%20%22-%2F%2FW3C%2F%2FDTD%20SVG%201.1%2F%2FEN%22%20%22http%3A%2F%2Fwww.w3.org%2FGraphics%2FSVG%2F1.1%2FDTD%2Fsvg11.dtd%22%3E%3Csvg%20width%3D%2214px%22%20height%3D%2212px%22%20viewBox%3D%220%200%2018%2015%22%20version%3D%221.1%22%20xmlns%3D%22http%3A%2F%2Fwww.w3.org%2F2000%2Fsvg%22%20xmlns%3Axlink%3D%22http%3A%2F%2Fwww.w3.org%2F1999%2Fxlink%22%3E%3Cpolygon%20id%3D%22Combined-Shape%22%20fill%3D%22%23cec2ab%22%20points%3D%228.98762301%200%200%209.12771969%200%2014.519983%209%205.40479869%2018%2014.519983%2018%209.12771969%22%3E%3C%2Fpolygon%3E%3C%2Fsvg%3E&#039;);\"><\/div><\/div><\/div><\/div><\/div><\/div><div data-vc-full-width=\"true\" data-vc-full-width-init=\"false\" data-vc-stretch-content=\"true\" class=\"vc_row wpb_row vc_row-fluid vc_custom_1624287233712 vc_row-has-fill vc_row-o-content-top vc_row-flex\"><div class=\"wpb_column vc_column_container vc_col-sm-12\"><div class=\"vc_column-inner\"><div class=\"wpb_wrapper\"><div class=\"vc_empty_space\"   style=\"height: 30px\"><span class=\"vc_empty_space_inner\"><\/span><\/div><\/div><\/div><\/div><\/div><div class=\"vc_row-full-width vc_clearfix\"><\/div><div data-vc-full-width=\"true\" data-vc-full-width-init=\"false\" class=\"vc_row wpb_row vc_row-fluid vc_custom_1624974449111 vc_row-has-fill vc_row-o-content-top vc_row-flex\"><div class=\"wpb_column vc_column_container vc_col-sm-3\"><div class=\"vc_column-inner\"><div class=\"wpb_wrapper\">\n\t<div  class=\"wpb_single_image wpb_content_element vc_align_left\">\n\t\t\n\t\t<figure class=\"wpb_wrapper vc_figure\">\n\t\t\t<div class=\"vc_single_image-wrapper   vc_box_border_grey\"><img loading=\"lazy\" decoding=\"async\" width=\"160\" height=\"86\" src=\"https:\/\/weinzaepfel.fr\/wp-content\/uploads\/2021\/06\/logoWEINZ160.png\" class=\"vc_single_image-img attachment-full\" alt=\"\" \/><\/div>\n\t\t<\/figure>\n\t<\/div>\n\n\t<div class=\"wpb_text_column wpb_content_element\" >\n\t\t<div class=\"wpb_wrapper\">\n\t\t\t<p><span style=\"color: #ffffff;\">3 Rue de la Chapelle, 68360 Soultz-Haut-Rhin<\/span><\/p>\n\n\t\t<\/div>\n\t<\/div>\n<\/div><\/div><\/div><div class=\"wpb_column vc_column_container vc_col-sm-3\"><div class=\"vc_column-inner vc_custom_1624871888116\"><div class=\"wpb_wrapper\">\n\t<div class=\"wpb_text_column wpb_content_element\" >\n\t\t<div class=\"wpb_wrapper\">\n\t\t\t<p style=\"text-align: left;\"><span style=\"color: #ffffff;\"><strong>Contact<\/strong><br \/>\n<\/span><\/p>\n\n\t\t<\/div>\n\t<\/div>\n\n\t<div  class=\"wpb_single_image wpb_content_element vc_align_left\">\n\t\t\n\t\t<figure class=\"wpb_wrapper vc_figure\">\n\t\t\t<a href=\"tel:+33686653618\" target=\"_self\" class=\"vc_single_image-wrapper   vc_box_border_grey\"><img loading=\"lazy\" decoding=\"async\" width=\"224\" height=\"38\" src=\"https:\/\/weinzaepfel.fr\/wp-content\/uploads\/2021\/06\/tle.jpg\" class=\"vc_single_image-img attachment-full\" alt=\"\" \/><\/a>\n\t\t<\/figure>\n\t<\/div>\n\n\t<div  class=\"wpb_single_image wpb_content_element vc_align_left\">\n\t\t\n\t\t<figure class=\"wpb_wrapper vc_figure\">\n\t\t\t<div class=\"vc_single_image-wrapper   vc_box_border_grey\"><img loading=\"lazy\" decoding=\"async\" width=\"224\" height=\"38\" src=\"https:\/\/weinzaepfel.fr\/wp-content\/uploads\/2021\/06\/mail.jpg\" class=\"vc_single_image-img attachment-full\" alt=\"\" \/><\/div>\n\t\t<\/figure>\n\t<\/div>\n<\/div><\/div><\/div><div class=\"wpb_column vc_column_container vc_col-sm-3\"><div class=\"vc_column-inner\"><div class=\"wpb_wrapper\">\n\t<div class=\"wpb_text_column wpb_content_element\" >\n\t\t<div class=\"wpb_wrapper\">\n\t\t\t<p><span style=\"color: #ffffff;\"><strong>Schedule <\/strong><\/span><\/p>\n\n\t\t<\/div>\n\t<\/div>\n\n\t<div class=\"wpb_text_column wpb_content_element\" >\n\t\t<div class=\"wpb_wrapper\">\n\t\t\t<p><span style=\"color: #ffffff;\">Ouvert de 8h \u00e0 20h tous les jours<\/span><\/p>\n<p>&nbsp;<\/p>\n<p><em><span style=\"color: #ffffff;\">Weekends by appointment<\/span><\/em><\/p>\n\n\t\t<\/div>\n\t<\/div>\n<\/div><\/div><\/div><div class=\"wpb_column vc_column_container vc_col-sm-3\"><div class=\"vc_column-inner\"><div class=\"wpb_wrapper\">\n\t<div  class=\"wpb_single_image wpb_content_element vc_align_left\">\n\t\t\n\t\t<figure class=\"wpb_wrapper vc_figure\">\n\t\t\t<a href=\"https:\/\/www.facebook.com\/domaineweinzaepfel\" target=\"_blank\" class=\"vc_single_image-wrapper   vc_box_border_grey\"><img loading=\"lazy\" decoding=\"async\" width=\"200\" height=\"79\" src=\"https:\/\/weinzaepfel.fr\/wp-content\/uploads\/2021\/06\/suiveznousfacebook.jpg\" class=\"vc_single_image-img attachment-large\" alt=\"\" \/><\/a>\n\t\t<\/figure>\n\t<\/div>\n\n\t<div  class=\"wpb_single_image wpb_content_element vc_align_left\">\n\t\t\n\t\t<figure class=\"wpb_wrapper vc_figure\">\n\t\t\t<a href=\"https:\/\/www.facebook.com\/domaineweinzaepfel\" target=\"_self\" class=\"vc_single_image-wrapper   vc_box_border_grey\"><img loading=\"lazy\" decoding=\"async\" width=\"200\" height=\"79\" src=\"https:\/\/weinzaepfel.fr\/wp-content\/uploads\/2021\/06\/suiveznousurinsta.jpg\" class=\"vc_single_image-img attachment-large\" alt=\"\" \/><\/a>\n\t\t<\/figure>\n\t<\/div>\n<\/div><\/div><\/div><\/div><div class=\"vc_row-full-width vc_clearfix\"><\/div><div data-vc-full-width=\"true\" data-vc-full-width-init=\"false\" data-vc-stretch-content=\"true\" class=\"vc_row wpb_row vc_row-fluid vc_custom_1624287233712 vc_row-has-fill vc_row-o-content-top vc_row-flex\"><div class=\"wpb_column vc_column_container vc_col-sm-12\"><div class=\"vc_column-inner\"><div class=\"wpb_wrapper\"><div class=\"vc_empty_space\"   style=\"height: 30px\"><span class=\"vc_empty_space_inner\"><\/span><\/div><\/div><\/div><\/div><\/div><div class=\"vc_row-full-width vc_clearfix\"><\/div>","protected":false},"excerpt":{"rendered":"<h4><\/h4>\n<h4><em><span class=\"WdYUQQ text-decoration-none text-strikethrough-none\">Vin qui surprend par son exotisme et son \u00e9quilibre hors du commun.<\/span><\/em><\/h4>","protected":false},"featured_media":4866,"template":"","meta":[],"product_cat":[57,46],"product_tag":[43,45],"class_list":["post-5045","product","type-product","status-publish","has-post-thumbnail","hentry","product_cat-gewurztraminer-vendange-tardive","product_cat-vins-blancs","product_tag-alsace","product_tag-blanc"],"_links":{"self":[{"href":"https:\/\/weinzaepfel.fr\/en\/wp-json\/wp\/v2\/product\/5045"}],"collection":[{"href":"https:\/\/weinzaepfel.fr\/en\/wp-json\/wp\/v2\/product"}],"about":[{"href":"https:\/\/weinzaepfel.fr\/en\/wp-json\/wp\/v2\/types\/product"}],"wp:featuredmedia":[{"embeddable":true,"href":"https:\/\/weinzaepfel.fr\/en\/wp-json\/wp\/v2\/media\/4866"}],"wp:attachment":[{"href":"https:\/\/weinzaepfel.fr\/en\/wp-json\/wp\/v2\/media?parent=5045"}],"wp:term":[{"taxonomy":"product_cat","embeddable":true,"href":"https:\/\/weinzaepfel.fr\/en\/wp-json\/wp\/v2\/product_cat?post=5045"},{"taxonomy":"product_tag","embeddable":true,"href":"https:\/\/weinzaepfel.fr\/en\/wp-json\/wp\/v2\/product_tag?post=5045"}],"curies":[{"name":"wp","href":"https:\/\/api.w.org\/{rel}","templated":true}]}}