{"id":5051,"date":"2023-12-20T13:17:49","date_gmt":"2023-12-20T12:17:49","guid":{"rendered":"https:\/\/weinzaepfel.fr\/?post_type=product&#038;p=5051"},"modified":"2024-05-08T18:24:05","modified_gmt":"2024-05-08T16:24:05","slug":"gewurztraminer-vendanges-tardives-50cl","status":"publish","type":"product","link":"https:\/\/weinzaepfel.fr\/en\/product\/gewurztraminer-vendanges-tardives-50cl\/","title":{"rendered":"Gewurztraminer Vendanges Tardives 50cl"},"content":{"rendered":"<div class=\"vc_row wpb_row vc_row-fluid vc_custom_1625136982025 vc_row-has-fill vc_row-o-content-top vc_row-flex\"><div class=\"wpb_animate_when_almost_visible wpb_left-to-right left-to-right wpb_column vc_column_container vc_col-sm-6 vc_col-lg-6 vc_col-md-6 vc_hidden-md vc_hidden-sm vc_hidden-xs\"><div class=\"vc_column-inner vc_custom_1637936081410\"><div class=\"wpb_wrapper\"><div class=\"vc_empty_space\"   style=\"height: 25px\"><span class=\"vc_empty_space_inner\"><\/span><\/div>\n\t<div class=\"title-subtitle-box\" style=\" text-align: left;\">\n\t\t<h1 style=\" font-style: normal;\">Terroir et Situation<\/h1>\n\t<\/div> \n\t<div class=\"wpb_text_column wpb_content_element\" >\n\t\t<div class=\"wpb_wrapper\">\n\t\t\t<p class=\"_04xlpA direction-ltr align-justify para-style-body\"><span class=\"WdYUQQ text-decoration-none text-strikethrough-none\">Cette cuv\u00e9e produite en petite quantit\u00e9, est issue de nos vieilles vignes situ\u00e9es sur les lieux-dits Finkennest et Mittelbourg. Les pentes du lieu-dit Mittelbourg avoisinent les 30%.<\/span><\/p>\n<p class=\"_04xlpA direction-ltr align-justify para-style-body\"><span class=\"WdYUQQ text-decoration-none text-strikethrough-none\">Sur le lieu dit Finkennest, en sous-sol, on retrouve la m\u00eame roche calcaire qu\u2019au Mittelboug. La terre en revanche y est bien plus rouge\u00e2tre et bien plus mince. La maturation des raisins est l\u00e9g\u00e8rement plus tardive du fait de son altitude avoisinant les 400 m\u00e8tres. L\u2019exposition au sud permet tout de m\u00eame d\u2019obtenir des maturit\u00e9s optimales.<\/span><\/p>\n\n\t\t<\/div>\n\t<\/div>\n<\/div><\/div><\/div><div class=\"wpb_animate_when_almost_visible wpb_right-to-left right-to-left wpb_column vc_column_container vc_col-sm-12 vc_col-lg-6 vc_col-md-6 vc_hidden-md vc_hidden-sm vc_hidden-xs\"><div class=\"vc_column-inner\"><div class=\"wpb_wrapper\"><div class=\"vc_empty_space\"   style=\"height: 42px\"><span class=\"vc_empty_space_inner\"><\/span><\/div>\n\t<div  class=\"wpb_single_image wpb_content_element vc_align_left  vc_custom_1692177838072\">\n\t\t\n\t\t<figure class=\"wpb_wrapper vc_figure\">\n\t\t\t<div class=\"vc_single_image-wrapper   vc_box_border_grey\"><img loading=\"lazy\" decoding=\"async\" width=\"2560\" height=\"1440\" src=\"https:\/\/weinzaepfel.fr\/wp-content\/uploads\/2023\/06\/Vignes-32-scaled.jpg\" class=\"vc_single_image-img attachment-full\" alt=\"\" srcset=\"https:\/\/weinzaepfel.fr\/wp-content\/uploads\/2023\/06\/Vignes-32-scaled.jpg 2560w, https:\/\/weinzaepfel.fr\/wp-content\/uploads\/2023\/06\/Vignes-32-300x169.jpg 300w, https:\/\/weinzaepfel.fr\/wp-content\/uploads\/2023\/06\/Vignes-32-1024x576.jpg 1024w, https:\/\/weinzaepfel.fr\/wp-content\/uploads\/2023\/06\/Vignes-32-768x432.jpg 768w, https:\/\/weinzaepfel.fr\/wp-content\/uploads\/2023\/06\/Vignes-32-1536x864.jpg 1536w, https:\/\/weinzaepfel.fr\/wp-content\/uploads\/2023\/06\/Vignes-32-2048x1152.jpg 2048w, https:\/\/weinzaepfel.fr\/wp-content\/uploads\/2023\/06\/Vignes-32-18x10.jpg 18w\" sizes=\"(max-width: 2560px) 100vw, 2560px\" \/><\/div>\n\t\t<\/figure>\n\t<\/div>\n<\/div><\/div><\/div><\/div><div class=\"vc_row wpb_row vc_row-fluid vc_custom_1625136973825 vc_row-has-fill vc_row-o-content-top vc_row-flex\"><div class=\"wpb_animate_when_almost_visible wpb_left-to-right left-to-right wpb_column vc_column_container vc_col-sm-12 vc_col-lg-6 vc_col-md-6 vc_hidden-md vc_hidden-sm vc_hidden-xs\"><div class=\"vc_column-inner\"><div class=\"wpb_wrapper\"><div class=\"vc_empty_space\"   style=\"height: 142px\"><span class=\"vc_empty_space_inner\"><\/span><\/div>\n\t<div  class=\"wpb_single_image wpb_content_element vc_align_left  vc_custom_1692177823749\">\n\t\t\n\t\t<figure class=\"wpb_wrapper vc_figure\">\n\t\t\t<div class=\"vc_single_image-wrapper   vc_box_border_grey\"><img loading=\"lazy\" decoding=\"async\" width=\"2560\" height=\"1440\" src=\"https:\/\/weinzaepfel.fr\/wp-content\/uploads\/2023\/06\/Vignes-15-scaled.jpg\" class=\"vc_single_image-img attachment-full\" alt=\"\" srcset=\"https:\/\/weinzaepfel.fr\/wp-content\/uploads\/2023\/06\/Vignes-15-scaled.jpg 2560w, https:\/\/weinzaepfel.fr\/wp-content\/uploads\/2023\/06\/Vignes-15-300x169.jpg 300w, https:\/\/weinzaepfel.fr\/wp-content\/uploads\/2023\/06\/Vignes-15-1024x576.jpg 1024w, https:\/\/weinzaepfel.fr\/wp-content\/uploads\/2023\/06\/Vignes-15-768x432.jpg 768w, https:\/\/weinzaepfel.fr\/wp-content\/uploads\/2023\/06\/Vignes-15-1536x864.jpg 1536w, https:\/\/weinzaepfel.fr\/wp-content\/uploads\/2023\/06\/Vignes-15-2048x1152.jpg 2048w, https:\/\/weinzaepfel.fr\/wp-content\/uploads\/2023\/06\/Vignes-15-18x10.jpg 18w\" sizes=\"(max-width: 2560px) 100vw, 2560px\" \/><\/div>\n\t\t<\/figure>\n\t<\/div>\n<\/div><\/div><\/div><div class=\"wpb_animate_when_almost_visible wpb_right-to-left right-to-left wpb_column vc_column_container vc_col-sm-6 vc_col-lg-6 vc_col-md-6 vc_hidden-md vc_hidden-sm vc_hidden-xs\"><div class=\"vc_column-inner vc_custom_1637936088111\"><div class=\"wpb_wrapper\"><div class=\"vc_empty_space\"   style=\"height: 105px\"><span class=\"vc_empty_space_inner\"><\/span><\/div>\n\t<div class=\"wpb_text_column wpb_content_element\" >\n\t\t<div class=\"wpb_wrapper\">\n\t\t\t<h2>Culture de la vigne<\/h2>\n\n\t\t<\/div>\n\t<\/div>\n\n\t<div class=\"wpb_text_column wpb_content_element\" >\n\t\t<div class=\"wpb_wrapper\">\n\t\t\t<p>Notre vignoble est certifi\u00e9 en Agriculture biologique depuis 2022. Ses vignes sont en conversion. Nos pratiques sont dict\u00e9es par les cycles lunaires.<\/p>\n<p>Nous semons chaque ann\u00e9e des couverts v\u00e9g\u00e9taux en alternance avec une rang\u00e9e d\u2019herbes naturelles. Le travail du sol s\u2019effectue uniquement au niveau du cavaillon (le cavaillon est une bande de 30 cm situ\u00e9e sous la rang\u00e9e de vigne). La conduite responsable du vignoble est notre priorit\u00e9. Nous apportons particuli\u00e8rement d\u2019attention au d\u00e9veloppement de la vigne, \u00e0 son adaptation aux conditions climatiques, afin d\u2019effectuer les travaux en ad\u00e9quation. L&rsquo;objectif est de passer le moins possible avec le tracteur afin de ne pas tasser le sol.<\/p>\n<p>Les diff\u00e9rentes s\u00e9lections sont r\u00e9alis\u00e9es tout au long de l\u2019ann\u00e9e\u00a0: Une taille m\u00e9ticuleuse et respectueuse des flux de s\u00e8ve, la suppression des doublons au printemps, une vendange en vert pour limiter le nombre de raisins et enfin un tri sur table effectu\u00e9 directement au vignoble pendant les vendanges. Notons que les vendanges sont faites \u00e0 la main pour conserver l\u2019int\u00e9grit\u00e9 du raisin.<\/p>\n<p>Tous ces \u00e9tapes sont cruciales pour conserver la puret\u00e9 aromatique et favoriser la concentration des raisins.<\/p>\n<p style=\"text-align: start;\"><span style=\"text-align: justify;\">D<\/span><span class=\"WdYUQQ text-decoration-none text-strikethrough-none\" style=\"text-align: justify;\">iff\u00e9rentes dates de r\u00e9coltes en fonction de la maturit\u00e9 (mi-octobre et mi-novembre).<\/span> <span class=\"WdYUQQ text-decoration-none text-strikethrough-none\" style=\"text-align: justify;\">Raisins r\u00e9colt\u00e9s \u00e0 19 degr\u00e9s. Tr\u00e8s faible rendement.<\/span><\/p>\n\n\t\t<\/div>\n\t<\/div>\n<\/div><\/div><\/div><\/div><div class=\"vc_row wpb_row vc_row-fluid vc_custom_1625136982025 vc_row-has-fill vc_row-o-content-top vc_row-flex\"><div class=\"wpb_animate_when_almost_visible wpb_left-to-right left-to-right wpb_column vc_column_container vc_col-sm-6 vc_col-lg-6 vc_col-md-6 vc_hidden-md vc_hidden-sm vc_hidden-xs\"><div class=\"vc_column-inner vc_custom_1637936103414\"><div class=\"wpb_wrapper\"><div class=\"vc_empty_space\"   style=\"height: 120px\"><span class=\"vc_empty_space_inner\"><\/span><\/div>\n\t<div class=\"title-subtitle-box\" style=\" text-align: left;\">\n\t\t<h1 style=\" font-style: normal;\">Vinification et \u00e9levage<\/h1>\n\t<\/div> \n\t<div class=\"wpb_text_column wpb_content_element\" >\n\t\t<div class=\"wpb_wrapper\">\n\t\t\t<p class=\"_04xlpA direction-ltr align-justify para-style-body\"><span class=\"WdYUQQ text-decoration-none text-strikethrough-none\">Diff\u00e9rentes s\u00e9lections sont r\u00e9alis\u00e9es tout au long de l\u2019ann\u00e9e pour favoriser les concentrations de chaque raisin. Les rendements faibles font partie de la politique de notre Domaine. Pressurage long et doux.<\/span><\/p>\n<p class=\"_04xlpA direction-ltr align-justify para-style-body\"><span class=\"WdYUQQ text-decoration-none text-strikethrough-none\">La vinification s\u2019est faite sans souffre jusqu&rsquo;\u00e0 l&rsquo;\u00e9levage sur lies fines.<\/span><\/p>\n\n\t\t<\/div>\n\t<\/div>\n<\/div><\/div><\/div><div class=\"wpb_animate_when_almost_visible wpb_right-to-left right-to-left wpb_column vc_column_container vc_col-sm-12 vc_col-lg-6 vc_col-md-6 vc_hidden-md vc_hidden-sm vc_hidden-xs\"><div class=\"vc_column-inner\"><div class=\"wpb_wrapper\"><div class=\"vc_empty_space\"   style=\"height: 142px\"><span class=\"vc_empty_space_inner\"><\/span><\/div>\n\t<div  class=\"wpb_single_image wpb_content_element vc_align_left  vc_custom_1692177801110\">\n\t\t\n\t\t<figure class=\"wpb_wrapper vc_figure\">\n\t\t\t<div class=\"vc_single_image-wrapper   vc_box_border_grey\"><img loading=\"lazy\" decoding=\"async\" width=\"2560\" height=\"1707\" src=\"https:\/\/weinzaepfel.fr\/wp-content\/uploads\/2023\/08\/Domaine-Weinzaepfel_27-scaled.jpg\" class=\"vc_single_image-img attachment-full\" alt=\"\" srcset=\"https:\/\/weinzaepfel.fr\/wp-content\/uploads\/2023\/08\/Domaine-Weinzaepfel_27-scaled.jpg 2560w, https:\/\/weinzaepfel.fr\/wp-content\/uploads\/2023\/08\/Domaine-Weinzaepfel_27-300x200.jpg 300w, https:\/\/weinzaepfel.fr\/wp-content\/uploads\/2023\/08\/Domaine-Weinzaepfel_27-1024x683.jpg 1024w, https:\/\/weinzaepfel.fr\/wp-content\/uploads\/2023\/08\/Domaine-Weinzaepfel_27-768x512.jpg 768w, https:\/\/weinzaepfel.fr\/wp-content\/uploads\/2023\/08\/Domaine-Weinzaepfel_27-1536x1024.jpg 1536w, https:\/\/weinzaepfel.fr\/wp-content\/uploads\/2023\/08\/Domaine-Weinzaepfel_27-2048x1365.jpg 2048w, https:\/\/weinzaepfel.fr\/wp-content\/uploads\/2023\/08\/Domaine-Weinzaepfel_27-18x12.jpg 18w\" sizes=\"(max-width: 2560px) 100vw, 2560px\" \/><\/div>\n\t\t<\/figure>\n\t<\/div>\n<\/div><\/div><\/div><\/div><div class=\"vc_row wpb_row vc_row-fluid vc_custom_1625136982025 vc_row-has-fill vc_row-o-content-top vc_row-flex\"><div class=\"wpb_column vc_column_container vc_col-sm-12 vc_hidden-lg\"><div class=\"vc_column-inner\"><div class=\"wpb_wrapper\"><div class=\"vc_empty_space\"   style=\"height: 20px\"><span class=\"vc_empty_space_inner\"><\/span><\/div>\n\t<div class=\"title-subtitle-box\" style=\" text-align: left;\">\n\t\t<h1 style=\" font-style: normal;\">Terroir et Situation<\/h1>\n\t<\/div> \n\t<div  class=\"wpb_single_image wpb_content_element vc_align_left  vc_custom_1637231128919\">\n\t\t\n\t\t<figure class=\"wpb_wrapper vc_figure\">\n\t\t\t<div class=\"vc_single_image-wrapper   vc_box_border_grey\"><img loading=\"lazy\" decoding=\"async\" width=\"1920\" height=\"993\" src=\"https:\/\/weinzaepfel.fr\/wp-content\/uploads\/2021\/11\/Mittelbourg-e1637224153193.png\" class=\"vc_single_image-img attachment-full\" alt=\"\" srcset=\"https:\/\/weinzaepfel.fr\/wp-content\/uploads\/2021\/11\/Mittelbourg-e1637224153193.png 1920w, https:\/\/weinzaepfel.fr\/wp-content\/uploads\/2021\/11\/Mittelbourg-e1637224153193-300x155.png 300w, https:\/\/weinzaepfel.fr\/wp-content\/uploads\/2021\/11\/Mittelbourg-e1637224153193-1024x530.png 1024w, https:\/\/weinzaepfel.fr\/wp-content\/uploads\/2021\/11\/Mittelbourg-e1637224153193-768x397.png 768w, https:\/\/weinzaepfel.fr\/wp-content\/uploads\/2021\/11\/Mittelbourg-e1637224153193-1536x794.png 1536w\" sizes=\"(max-width: 1920px) 100vw, 1920px\" \/><\/div>\n\t\t<\/figure>\n\t<\/div>\n<div class=\"vc_empty_space\"   style=\"height: 15px\"><span class=\"vc_empty_space_inner\"><\/span><\/div>\n\t<div class=\"wpb_text_column wpb_content_element\" >\n\t\t<div class=\"wpb_wrapper\">\n\t\t\t<p class=\"_04xlpA direction-ltr align-justify para-style-body\"><span class=\"WdYUQQ text-decoration-none text-strikethrough-none\">Cette cuv\u00e9e produite en petite quantit\u00e9, est issue de nos vieilles vignes situ\u00e9es sur les lieux-dits Finkennest et Mittelbourg. Les pentes du lieu-dit Mittelbourg avoisinent les 30%.<\/span><\/p>\n<p class=\"_04xlpA direction-ltr align-justify para-style-body\"><span class=\"WdYUQQ text-decoration-none text-strikethrough-none\">Sur le lieu dit Finkennest, en sous-sol, on retrouve la m\u00eame roche calcaire qu\u2019au Mittelboug. La terre en revanche y est bien plus rouge\u00e2tre et bien plus mince. La maturation des raisins est l\u00e9g\u00e8rement plus tardive du fait de son altitude avoisinant les 400 m\u00e8tres. L\u2019exposition au sud permet tout de m\u00eame d\u2019obtenir des maturit\u00e9s optimales.<\/span><\/p>\n\n\t\t<\/div>\n\t<\/div>\n<\/div><\/div><\/div><\/div><div class=\"vc_row wpb_row vc_row-fluid vc_custom_1625136973825 vc_row-has-fill vc_row-o-content-top vc_row-flex\"><div class=\"wpb_column vc_column_container vc_col-sm-12 vc_hidden-lg\"><div class=\"vc_column-inner\"><div class=\"wpb_wrapper\"><div class=\"vc_empty_space\"   style=\"height: 50px\"><span class=\"vc_empty_space_inner\"><\/span><\/div>\n\t<div class=\"wpb_text_column wpb_content_element\" >\n\t\t<div class=\"wpb_wrapper\">\n\t\t\t<h2>Culture de la vigne<\/h2>\n\n\t\t<\/div>\n\t<\/div>\n\n\t<div  class=\"wpb_single_image wpb_content_element vc_align_left  vc_custom_1692177783089\">\n\t\t\n\t\t<figure class=\"wpb_wrapper vc_figure\">\n\t\t\t<div class=\"vc_single_image-wrapper   vc_box_border_grey\"><img loading=\"lazy\" decoding=\"async\" width=\"2560\" height=\"1440\" src=\"https:\/\/weinzaepfel.fr\/wp-content\/uploads\/2023\/06\/Vignes-15-scaled.jpg\" class=\"vc_single_image-img attachment-full\" alt=\"\" srcset=\"https:\/\/weinzaepfel.fr\/wp-content\/uploads\/2023\/06\/Vignes-15-scaled.jpg 2560w, https:\/\/weinzaepfel.fr\/wp-content\/uploads\/2023\/06\/Vignes-15-300x169.jpg 300w, https:\/\/weinzaepfel.fr\/wp-content\/uploads\/2023\/06\/Vignes-15-1024x576.jpg 1024w, https:\/\/weinzaepfel.fr\/wp-content\/uploads\/2023\/06\/Vignes-15-768x432.jpg 768w, https:\/\/weinzaepfel.fr\/wp-content\/uploads\/2023\/06\/Vignes-15-1536x864.jpg 1536w, https:\/\/weinzaepfel.fr\/wp-content\/uploads\/2023\/06\/Vignes-15-2048x1152.jpg 2048w, https:\/\/weinzaepfel.fr\/wp-content\/uploads\/2023\/06\/Vignes-15-18x10.jpg 18w\" sizes=\"(max-width: 2560px) 100vw, 2560px\" \/><\/div>\n\t\t<\/figure>\n\t<\/div>\n<div class=\"vc_empty_space\"   style=\"height: 15px\"><span class=\"vc_empty_space_inner\"><\/span><\/div>\n\t<div class=\"wpb_text_column wpb_content_element\" >\n\t\t<div class=\"wpb_wrapper\">\n\t\t\t<p>Notre vignoble est certifi\u00e9 en Agriculture biologique depuis 2022. Ses vignes sont en conversion. Nos pratiques sont dict\u00e9es par les cycles lunaires.<\/p>\n<p>Nous semons chaque ann\u00e9e des couverts v\u00e9g\u00e9taux en alternance avec une rang\u00e9e d\u2019herbes naturelles. Le travail du sol s\u2019effectue uniquement au niveau du cavaillon (le cavaillon est une bande de 30 cm situ\u00e9e sous la rang\u00e9e de vigne). La conduite responsable du vignoble est notre priorit\u00e9. Nous apportons particuli\u00e8rement d\u2019attention au d\u00e9veloppement de la vigne, \u00e0 son adaptation aux conditions climatiques, afin d\u2019effectuer les travaux en ad\u00e9quation. L&rsquo;objectif est de passer le moins possible avec le tracteur afin de ne pas tasser le sol.<\/p>\n<p>Les diff\u00e9rentes s\u00e9lections sont r\u00e9alis\u00e9es tout au long de l\u2019ann\u00e9e\u00a0: Une taille m\u00e9ticuleuse et respectueuse des flux de s\u00e8ve, la suppression des doublons au printemps, une vendange en vert pour limiter le nombre de raisins et enfin un tri sur table effectu\u00e9 directement au vignoble pendant les vendanges. Notons que les vendanges sont faites \u00e0 la main pour conserver l\u2019int\u00e9grit\u00e9 du raisin.<\/p>\n<p>Tous ces \u00e9tapes sont cruciales pour conserver la puret\u00e9 aromatique et favoriser la concentration des raisins.<\/p>\n<p style=\"text-align: start;\"><span style=\"text-align: justify;\">D<\/span><span class=\"WdYUQQ text-decoration-none text-strikethrough-none\" style=\"text-align: justify;\">iff\u00e9rentes dates de r\u00e9coltes en fonction de la maturit\u00e9 (mi-octobre et mi-novembre).<\/span> <span class=\"WdYUQQ text-decoration-none text-strikethrough-none\" style=\"text-align: justify;\">Raisins r\u00e9colt\u00e9s \u00e0 19 degr\u00e9s. Tr\u00e8s faible rendement.<\/span><\/p>\n\n\t\t<\/div>\n\t<\/div>\n<\/div><\/div><\/div><\/div><div class=\"vc_row wpb_row vc_row-fluid vc_custom_1625136982025 vc_row-has-fill vc_row-o-content-top vc_row-flex\"><div class=\"wpb_column vc_column_container vc_col-sm-12 vc_hidden-lg\"><div class=\"vc_column-inner\"><div class=\"wpb_wrapper\"><div class=\"vc_empty_space\"   style=\"height: 50px\"><span class=\"vc_empty_space_inner\"><\/span><\/div>\n\t<div class=\"title-subtitle-box\" style=\" text-align: left;\">\n\t\t<h1 style=\" font-style: normal;\">Vinification et \u00e9levage<\/h1>\n\t<\/div> \n\t<div  class=\"wpb_single_image wpb_content_element vc_align_left  vc_custom_1692177893054\">\n\t\t\n\t\t<figure class=\"wpb_wrapper vc_figure\">\n\t\t\t<div class=\"vc_single_image-wrapper   vc_box_border_grey\"><img loading=\"lazy\" decoding=\"async\" width=\"2560\" height=\"1707\" src=\"https:\/\/weinzaepfel.fr\/wp-content\/uploads\/2023\/08\/Domaine-Weinzaepfel_27-scaled.jpg\" class=\"vc_single_image-img attachment-full\" alt=\"\" srcset=\"https:\/\/weinzaepfel.fr\/wp-content\/uploads\/2023\/08\/Domaine-Weinzaepfel_27-scaled.jpg 2560w, https:\/\/weinzaepfel.fr\/wp-content\/uploads\/2023\/08\/Domaine-Weinzaepfel_27-300x200.jpg 300w, https:\/\/weinzaepfel.fr\/wp-content\/uploads\/2023\/08\/Domaine-Weinzaepfel_27-1024x683.jpg 1024w, https:\/\/weinzaepfel.fr\/wp-content\/uploads\/2023\/08\/Domaine-Weinzaepfel_27-768x512.jpg 768w, https:\/\/weinzaepfel.fr\/wp-content\/uploads\/2023\/08\/Domaine-Weinzaepfel_27-1536x1024.jpg 1536w, https:\/\/weinzaepfel.fr\/wp-content\/uploads\/2023\/08\/Domaine-Weinzaepfel_27-2048x1365.jpg 2048w, https:\/\/weinzaepfel.fr\/wp-content\/uploads\/2023\/08\/Domaine-Weinzaepfel_27-18x12.jpg 18w\" sizes=\"(max-width: 2560px) 100vw, 2560px\" \/><\/div>\n\t\t<\/figure>\n\t<\/div>\n<div class=\"vc_empty_space\"   style=\"height: 15px\"><span class=\"vc_empty_space_inner\"><\/span><\/div>\n\t<div class=\"wpb_text_column wpb_content_element\" >\n\t\t<div class=\"wpb_wrapper\">\n\t\t\t<p class=\"_04xlpA direction-ltr align-justify para-style-body\"><span class=\"WdYUQQ text-decoration-none text-strikethrough-none\">Diff\u00e9rentes s\u00e9lections sont r\u00e9alis\u00e9es tout au long de l\u2019ann\u00e9e pour favoriser les concentrations de chaque raisin. Les rendements faibles font partie de la politique de notre Domaine. Pressurage long et doux.<\/span><\/p>\n<p class=\"_04xlpA direction-ltr align-justify para-style-body\"><span class=\"WdYUQQ text-decoration-none text-strikethrough-none\">La vinification s\u2019est faite sans souffre jusqu&rsquo;\u00e0 l&rsquo;\u00e9levage sur lies fines.<\/span><\/p>\n\n\t\t<\/div>\n\t<\/div>\n<\/div><\/div><\/div><\/div><div class=\"vc_row wpb_row vc_row-fluid vc_custom_1637935783091 vc_row-has-fill\"><div class=\"wpb_animate_when_almost_visible wpb_left-to-right left-to-right wpb_column vc_column_container vc_col-sm-12 vc_hidden-lg vc_hidden-md vc_hidden-sm vc_col-has-fill\"><div class=\"vc_column-inner vc_custom_1637935849766\"><div class=\"wpb_wrapper\"><div class=\"vc_empty_space\"   style=\"height: 32px\"><span class=\"vc_empty_space_inner\"><\/span><\/div>\n\t<div class=\"wpb_text_column wpb_content_element\" >\n\t\t<div class=\"wpb_wrapper\">\n\t\t\t<h1 style=\"text-align: center; font-size: 60px;\"><span style=\"color: #808080;\">D\u00e9gustation<\/span><\/h1>\n\n\t\t<\/div>\n\t<\/div>\n\n\t<div  class=\"wpb_single_image wpb_content_element vc_align_center\">\n\t\t\n\t\t<figure class=\"wpb_wrapper vc_figure\">\n\t\t\t<div class=\"vc_single_image-wrapper   vc_box_border_grey\"><img loading=\"lazy\" decoding=\"async\" width=\"133\" height=\"105\" src=\"https:\/\/weinzaepfel.fr\/wp-content\/uploads\/2021\/11\/a_03.png\" class=\"vc_single_image-img attachment-medium\" alt=\"\" \/><\/div>\n\t\t<\/figure>\n\t<\/div>\n\n\t<div class=\"wpb_text_column wpb_content_element\" >\n\t\t<div class=\"wpb_wrapper\">\n\t\t\t<p style=\"text-align: justify;\"><span class=\"WdYUQQ text-decoration-none text-strikethrough-none\">La robe or intense annonce la concentration de ce Gewurztraminer<\/span><\/p>\n\n\t\t<\/div>\n\t<\/div>\n<\/div><\/div><\/div><div class=\"wpb_column vc_column_container vc_col-sm-12 vc_hidden-lg vc_hidden-md vc_hidden-sm\"><div class=\"vc_column-inner\"><div class=\"wpb_wrapper\"><div class=\"vc_empty_space\"   style=\"height: 32px\"><span class=\"vc_empty_space_inner\"><\/span><\/div>\n\t<div  class=\"wpb_single_image wpb_content_element vc_align_center\">\n\t\t\n\t\t<figure class=\"wpb_wrapper vc_figure\">\n\t\t\t<div class=\"vc_single_image-wrapper   vc_box_border_grey\"><img loading=\"lazy\" decoding=\"async\" width=\"125\" height=\"151\" src=\"https:\/\/weinzaepfel.fr\/wp-content\/uploads\/2021\/11\/a_07.png\" class=\"vc_single_image-img attachment-medium\" alt=\"\" \/><\/div>\n\t\t<\/figure>\n\t<\/div>\n\n\t<div class=\"wpb_text_column wpb_content_element\" >\n\t\t<div class=\"wpb_wrapper\">\n\t\t\t<p class=\"_04xlpA direction-ltr align-justify para-style-body\"><span class=\"WdYUQQ text-decoration-none text-strikethrough-none\">Son fruit\u00e9 charmeur se combine aux notes subtile de menthe et de poivre.<\/span> <span class=\"WdYUQQ text-decoration-none text-strikethrough-none\">Vient ensuite des notes exotiques.<\/span><\/p>\n\n\t\t<\/div>\n\t<\/div>\n<\/div><\/div><\/div><div class=\"wpb_column vc_column_container vc_col-sm-12 vc_hidden-lg vc_hidden-md vc_hidden-sm\"><div class=\"vc_column-inner\"><div class=\"wpb_wrapper\"><div class=\"vc_empty_space\"   style=\"height: 32px\"><span class=\"vc_empty_space_inner\"><\/span><\/div>\n\t<div  class=\"wpb_single_image wpb_content_element vc_align_center\">\n\t\t\n\t\t<figure class=\"wpb_wrapper vc_figure\">\n\t\t\t<div class=\"vc_single_image-wrapper   vc_box_border_grey\"><img loading=\"lazy\" decoding=\"async\" width=\"133\" height=\"108\" src=\"https:\/\/weinzaepfel.fr\/wp-content\/uploads\/2021\/11\/a_10.png\" class=\"vc_single_image-img attachment-medium\" alt=\"\" \/><\/div>\n\t\t<\/figure>\n\t<\/div>\n\n\t<div class=\"wpb_text_column wpb_content_element\" >\n\t\t<div class=\"wpb_wrapper\">\n\t\t\t<p class=\"_04xlpA direction-ltr align-justify para-style-body\"><span class=\"WdYUQQ text-decoration-none text-strikethrough-none\">L\u2019intensit\u00e9 aromatique forte t\u00e9moigne la richesse de ce vin.<\/span><\/p>\n<p class=\"_04xlpA direction-ltr align-justify para-style-body\"><span class=\"WdYUQQ text-decoration-none text-strikethrough-none\">La bouche pleine de vitalit\u00e9 est r\u00e9v\u00e9l\u00e9e par des notes exotiques. En finale, une belle acidit\u00e9 am\u00e8ne de la l\u00e9g\u00e8ret\u00e9.<\/span><\/p>\n<p class=\"_04xlpA direction-ltr align-justify para-style-body\"><span class=\"WdYUQQ text-decoration-none text-strikethrough-none\">La gourmandise est contrebalanc\u00e9e par la vivacit\u00e9 et la forte emprise saline.<\/span><\/p>\n\n\t\t<\/div>\n\t<\/div>\n<\/div><\/div><\/div><div class=\"wpb_column vc_column_container vc_col-sm-12 vc_hidden-lg vc_hidden-md vc_hidden-sm\"><div class=\"vc_column-inner\"><div class=\"wpb_wrapper\"><div class=\"vc_empty_space\"   style=\"height: 380px\"><span class=\"vc_empty_space_inner\"><\/span><\/div><\/div><\/div><\/div><\/div><div class=\"vc_row wpb_row vc_row-fluid vc_custom_1636134256641\"><div class=\"wpb_column vc_column_container vc_col-sm-4 vc_col-has-fill\"><div class=\"vc_column-inner vc_custom_1636132099713\"><div class=\"wpb_wrapper\"><\/div><\/div><\/div><div class=\"wpb_column vc_column_container vc_col-sm-4 vc_hidden-xs vc_col-has-fill\"><div class=\"vc_column-inner vc_custom_1637701694941\"><div class=\"wpb_wrapper\"><div class=\"vc_empty_space\"   style=\"height: 122px\"><span class=\"vc_empty_space_inner\"><\/span><\/div>\n\t<div  class=\"wpb_single_image wpb_content_element vc_align_center\">\n\t\t\n\t\t<figure class=\"wpb_wrapper vc_figure\">\n\t\t\t<div class=\"vc_single_image-wrapper   vc_box_border_grey\"><img loading=\"lazy\" decoding=\"async\" width=\"125\" height=\"151\" src=\"https:\/\/weinzaepfel.fr\/wp-content\/uploads\/2021\/11\/a_07.png\" class=\"vc_single_image-img attachment-medium\" alt=\"\" \/><\/div>\n\t\t<\/figure>\n\t<\/div>\n\n\t<div class=\"wpb_text_column wpb_content_element\" >\n\t\t<div class=\"wpb_wrapper\">\n\t\t\t<p class=\"_04xlpA direction-ltr align-justify para-style-body\"><span class=\"WdYUQQ text-decoration-none text-strikethrough-none\">Son fruit\u00e9 charmeur se combine aux notes subtile de menthe et de poivre.<\/span> <span class=\"WdYUQQ text-decoration-none text-strikethrough-none\">Vient ensuite des notes exotiques.<\/span><\/p>\n\n\t\t<\/div>\n\t<\/div>\n<\/div><\/div><\/div><div class=\"wpb_column vc_column_container vc_col-sm-4 vc_col-has-fill\"><div class=\"vc_column-inner vc_custom_1636132146199\"><div class=\"wpb_wrapper\"><\/div><\/div><\/div><\/div><div class=\"vc_row wpb_row vc_row-fluid\"><div class=\"wpb_column vc_column_container vc_col-sm-12 vc_hidden-xs\"><div class=\"vc_column-inner\"><div class=\"wpb_wrapper\">\n\t<div class=\"wpb_text_column wpb_content_element  vc_custom_1636132157631\" >\n\t\t<div class=\"wpb_wrapper\">\n\t\t\t<h1 style=\"text-align: center; font-size: 120px;\"><span style=\"color: #808080;\">D\u00e9gustation<\/span><\/h1>\n\n\t\t<\/div>\n\t<\/div>\n<\/div><\/div><\/div><\/div><div class=\"vc_row wpb_row vc_row-fluid wpb_animate_when_almost_visible wpb_bottom-to-top bottom-to-top vc_custom_1637701722644 vc_row-has-fill\"><div class=\"wpb_column vc_column_container vc_col-sm-4 vc_hidden-xs vc_col-has-fill\"><div class=\"vc_column-inner vc_custom_1637701794677\"><div class=\"wpb_wrapper\"><div class=\"vc_empty_space\"   style=\"height: 32px\"><span class=\"vc_empty_space_inner\"><\/span><\/div>\n\t<div  class=\"wpb_single_image wpb_content_element vc_align_center\">\n\t\t\n\t\t<figure class=\"wpb_wrapper vc_figure\">\n\t\t\t<div class=\"vc_single_image-wrapper   vc_box_border_grey\"><img loading=\"lazy\" decoding=\"async\" width=\"133\" height=\"105\" src=\"https:\/\/weinzaepfel.fr\/wp-content\/uploads\/2021\/11\/a_03.png\" class=\"vc_single_image-img attachment-medium\" alt=\"\" \/><\/div>\n\t\t<\/figure>\n\t<\/div>\n\n\t<div class=\"wpb_text_column wpb_content_element\" >\n\t\t<div class=\"wpb_wrapper\">\n\t\t\t<p style=\"text-align: justify;\"><span class=\"WdYUQQ text-decoration-none text-strikethrough-none\">La robe or intense annonce la concentration de ce Gewurztraminer<\/span><\/p>\n\n\t\t<\/div>\n\t<\/div>\n<\/div><\/div><\/div><div class=\"wpb_column vc_column_container vc_col-sm-4\"><div class=\"vc_column-inner\"><div class=\"wpb_wrapper\"><\/div><\/div><\/div><div class=\"wpb_column vc_column_container vc_col-sm-4 vc_hidden-xs vc_col-has-fill\"><div class=\"vc_column-inner vc_custom_1637701789108\"><div class=\"wpb_wrapper\"><div class=\"vc_empty_space\"   style=\"height: 32px\"><span class=\"vc_empty_space_inner\"><\/span><\/div>\n\t<div  class=\"wpb_single_image wpb_content_element vc_align_center\">\n\t\t\n\t\t<figure class=\"wpb_wrapper vc_figure\">\n\t\t\t<div class=\"vc_single_image-wrapper   vc_box_border_grey\"><img loading=\"lazy\" decoding=\"async\" width=\"133\" height=\"108\" src=\"https:\/\/weinzaepfel.fr\/wp-content\/uploads\/2021\/11\/a_10.png\" class=\"vc_single_image-img attachment-medium\" alt=\"\" \/><\/div>\n\t\t<\/figure>\n\t<\/div>\n\n\t<div class=\"wpb_text_column wpb_content_element\" >\n\t\t<div class=\"wpb_wrapper\">\n\t\t\t<p class=\"_04xlpA direction-ltr align-justify para-style-body\"><span class=\"WdYUQQ text-decoration-none text-strikethrough-none\">L\u2019intensit\u00e9 aromatique forte t\u00e9moigne la richesse de ce vin.<\/span><\/p>\n<p class=\"_04xlpA direction-ltr align-justify para-style-body\"><span class=\"WdYUQQ text-decoration-none text-strikethrough-none\">La bouche pleine de vitalit\u00e9 est r\u00e9v\u00e9l\u00e9e par des notes exotiques. En finale, une belle acidit\u00e9 am\u00e8ne de la l\u00e9g\u00e8ret\u00e9.<\/span><\/p>\n<p class=\"_04xlpA direction-ltr align-justify para-style-body\"><span class=\"WdYUQQ text-decoration-none text-strikethrough-none\">La gourmandise est contrebalanc\u00e9e par la vivacit\u00e9 et la forte emprise saline.<\/span><\/p>\n\n\t\t<\/div>\n\t<\/div>\n<\/div><\/div><\/div><\/div><div class=\"vc_row wpb_row vc_row-fluid\"><div class=\"wpb_column vc_column_container vc_col-sm-12\"><div class=\"vc_column-inner\"><div class=\"wpb_wrapper\"><div class=\"vc_empty_space\"   style=\"height: 32px\"><span class=\"vc_empty_space_inner\"><\/span><\/div>\n<div class=\"vc-zigzag-wrapper vc-zigzag-align-center\"><div class=\"vc-zigzag-inner\" style=\"width: 100%;min-height: 14px;background: 0 repeat-x url(&#039;data:image\/svg+xml;utf-8,%3C%3Fxml%20version%3D%221.0%22%20encoding%3D%22utf-8%22%3F%3E%3C%21DOCTYPE%20svg%20PUBLIC%20%22-%2F%2FW3C%2F%2FDTD%20SVG%201.1%2F%2FEN%22%20%22http%3A%2F%2Fwww.w3.org%2FGraphics%2FSVG%2F1.1%2FDTD%2Fsvg11.dtd%22%3E%3Csvg%20width%3D%2214px%22%20height%3D%2212px%22%20viewBox%3D%220%200%2018%2015%22%20version%3D%221.1%22%20xmlns%3D%22http%3A%2F%2Fwww.w3.org%2F2000%2Fsvg%22%20xmlns%3Axlink%3D%22http%3A%2F%2Fwww.w3.org%2F1999%2Fxlink%22%3E%3Cpolygon%20id%3D%22Combined-Shape%22%20fill%3D%22%23cec2ab%22%20points%3D%228.98762301%200%200%209.12771969%200%2014.519983%209%205.40479869%2018%2014.519983%2018%209.12771969%22%3E%3C%2Fpolygon%3E%3C%2Fsvg%3E&#039;);\"><\/div><\/div>\n\t<div class=\"wpb_text_column wpb_content_element  vc_custom_1692178127999\" >\n\t\t<div class=\"wpb_wrapper\">\n\t\t\t<h3 style=\"text-align: center;\"><span style=\"color: #b0976d;\">Id\u00e9e d\u2019accord<\/span><\/h3>\n<p style=\"text-align: center;\"><strong>S&rsquo;accorde parfaitement avec l&rsquo;amertume du chocolat ou avec une multitudes de desserts.<\/strong><\/p>\n<h3 style=\"text-align: center;\"><span style=\"color: #b0976d;\">Optimum de d\u00e9gustation<\/span><\/h3>\n<p style=\"text-align: center;\">Servir d\u00e8s maintenant \u00e0 10 \u00e0 12 degr\u00e9s. Possibilit\u00e9 de le laisser vieillir en cave jusqu&rsquo;\u00e0 25 ann\u00e9es.<\/p>\n\n\t\t<\/div>\n\t<\/div>\n\n<div class=\"vc-zigzag-wrapper vc-zigzag-align-center\"><div class=\"vc-zigzag-inner\" style=\"width: 100%;min-height: 14px;background: 0 repeat-x url(&#039;data:image\/svg+xml;utf-8,%3C%3Fxml%20version%3D%221.0%22%20encoding%3D%22utf-8%22%3F%3E%3C%21DOCTYPE%20svg%20PUBLIC%20%22-%2F%2FW3C%2F%2FDTD%20SVG%201.1%2F%2FEN%22%20%22http%3A%2F%2Fwww.w3.org%2FGraphics%2FSVG%2F1.1%2FDTD%2Fsvg11.dtd%22%3E%3Csvg%20width%3D%2214px%22%20height%3D%2212px%22%20viewBox%3D%220%200%2018%2015%22%20version%3D%221.1%22%20xmlns%3D%22http%3A%2F%2Fwww.w3.org%2F2000%2Fsvg%22%20xmlns%3Axlink%3D%22http%3A%2F%2Fwww.w3.org%2F1999%2Fxlink%22%3E%3Cpolygon%20id%3D%22Combined-Shape%22%20fill%3D%22%23cec2ab%22%20points%3D%228.98762301%200%200%209.12771969%200%2014.519983%209%205.40479869%2018%2014.519983%2018%209.12771969%22%3E%3C%2Fpolygon%3E%3C%2Fsvg%3E&#039;);\"><\/div><\/div><\/div><\/div><\/div><\/div><div data-vc-full-width=\"true\" data-vc-full-width-init=\"false\" data-vc-stretch-content=\"true\" class=\"vc_row wpb_row vc_row-fluid vc_custom_1624287233712 vc_row-has-fill vc_row-o-content-top vc_row-flex\"><div class=\"wpb_column vc_column_container vc_col-sm-12\"><div class=\"vc_column-inner\"><div class=\"wpb_wrapper\"><div class=\"vc_empty_space\"   style=\"height: 30px\"><span class=\"vc_empty_space_inner\"><\/span><\/div><\/div><\/div><\/div><\/div><div class=\"vc_row-full-width vc_clearfix\"><\/div><div data-vc-full-width=\"true\" data-vc-full-width-init=\"false\" class=\"vc_row wpb_row vc_row-fluid vc_custom_1624974449111 vc_row-has-fill vc_row-o-content-top vc_row-flex\"><div class=\"wpb_column vc_column_container vc_col-sm-3\"><div class=\"vc_column-inner\"><div class=\"wpb_wrapper\">\n\t<div  class=\"wpb_single_image wpb_content_element vc_align_left\">\n\t\t\n\t\t<figure class=\"wpb_wrapper vc_figure\">\n\t\t\t<div class=\"vc_single_image-wrapper   vc_box_border_grey\"><img loading=\"lazy\" decoding=\"async\" width=\"160\" height=\"86\" src=\"https:\/\/weinzaepfel.fr\/wp-content\/uploads\/2021\/06\/logoWEINZ160.png\" class=\"vc_single_image-img attachment-full\" alt=\"\" \/><\/div>\n\t\t<\/figure>\n\t<\/div>\n\n\t<div class=\"wpb_text_column wpb_content_element\" >\n\t\t<div class=\"wpb_wrapper\">\n\t\t\t<p><span style=\"color: #ffffff;\">3 Rue de la Chapelle, 68360 Soultz-Haut-Rhin<\/span><\/p>\n\n\t\t<\/div>\n\t<\/div>\n<\/div><\/div><\/div><div class=\"wpb_column vc_column_container vc_col-sm-3\"><div class=\"vc_column-inner vc_custom_1624871888116\"><div class=\"wpb_wrapper\">\n\t<div class=\"wpb_text_column wpb_content_element\" >\n\t\t<div class=\"wpb_wrapper\">\n\t\t\t<p style=\"text-align: left;\"><span style=\"color: #ffffff;\"><strong>Contact<\/strong><br \/>\n<\/span><\/p>\n\n\t\t<\/div>\n\t<\/div>\n\n\t<div  class=\"wpb_single_image wpb_content_element vc_align_left\">\n\t\t\n\t\t<figure class=\"wpb_wrapper vc_figure\">\n\t\t\t<a href=\"tel:+33686653618\" target=\"_self\" class=\"vc_single_image-wrapper   vc_box_border_grey\"><img loading=\"lazy\" decoding=\"async\" width=\"224\" height=\"38\" src=\"https:\/\/weinzaepfel.fr\/wp-content\/uploads\/2021\/06\/tle.jpg\" class=\"vc_single_image-img attachment-full\" alt=\"\" \/><\/a>\n\t\t<\/figure>\n\t<\/div>\n\n\t<div  class=\"wpb_single_image wpb_content_element vc_align_left\">\n\t\t\n\t\t<figure class=\"wpb_wrapper vc_figure\">\n\t\t\t<div class=\"vc_single_image-wrapper   vc_box_border_grey\"><img loading=\"lazy\" decoding=\"async\" width=\"224\" height=\"38\" src=\"https:\/\/weinzaepfel.fr\/wp-content\/uploads\/2021\/06\/mail.jpg\" class=\"vc_single_image-img attachment-full\" alt=\"\" \/><\/div>\n\t\t<\/figure>\n\t<\/div>\n<\/div><\/div><\/div><div class=\"wpb_column vc_column_container vc_col-sm-3\"><div class=\"vc_column-inner\"><div class=\"wpb_wrapper\">\n\t<div class=\"wpb_text_column wpb_content_element\" >\n\t\t<div class=\"wpb_wrapper\">\n\t\t\t<p><span style=\"color: #ffffff;\"><strong>Schedule <\/strong><\/span><\/p>\n\n\t\t<\/div>\n\t<\/div>\n\n\t<div class=\"wpb_text_column wpb_content_element\" >\n\t\t<div class=\"wpb_wrapper\">\n\t\t\t<p><span style=\"color: #ffffff;\">Ouvert de 8h \u00e0 20h tous les jours<\/span><\/p>\n<p>&nbsp;<\/p>\n<p><em><span style=\"color: #ffffff;\">Weekends by appointment<\/span><\/em><\/p>\n\n\t\t<\/div>\n\t<\/div>\n<\/div><\/div><\/div><div class=\"wpb_column vc_column_container vc_col-sm-3\"><div class=\"vc_column-inner\"><div class=\"wpb_wrapper\">\n\t<div  class=\"wpb_single_image wpb_content_element vc_align_left\">\n\t\t\n\t\t<figure class=\"wpb_wrapper vc_figure\">\n\t\t\t<a href=\"https:\/\/www.facebook.com\/domaineweinzaepfel\" target=\"_blank\" class=\"vc_single_image-wrapper   vc_box_border_grey\"><img loading=\"lazy\" decoding=\"async\" width=\"200\" height=\"79\" src=\"https:\/\/weinzaepfel.fr\/wp-content\/uploads\/2021\/06\/suiveznousfacebook.jpg\" class=\"vc_single_image-img attachment-large\" alt=\"\" \/><\/a>\n\t\t<\/figure>\n\t<\/div>\n\n\t<div  class=\"wpb_single_image wpb_content_element vc_align_left\">\n\t\t\n\t\t<figure class=\"wpb_wrapper vc_figure\">\n\t\t\t<a href=\"https:\/\/www.facebook.com\/domaineweinzaepfel\" target=\"_self\" class=\"vc_single_image-wrapper   vc_box_border_grey\"><img loading=\"lazy\" decoding=\"async\" width=\"200\" height=\"79\" src=\"https:\/\/weinzaepfel.fr\/wp-content\/uploads\/2021\/06\/suiveznousurinsta.jpg\" class=\"vc_single_image-img attachment-large\" alt=\"\" \/><\/a>\n\t\t<\/figure>\n\t<\/div>\n<\/div><\/div><\/div><\/div><div class=\"vc_row-full-width vc_clearfix\"><\/div><div data-vc-full-width=\"true\" data-vc-full-width-init=\"false\" data-vc-stretch-content=\"true\" class=\"vc_row wpb_row vc_row-fluid vc_custom_1624287233712 vc_row-has-fill vc_row-o-content-top vc_row-flex\"><div class=\"wpb_column vc_column_container vc_col-sm-12\"><div class=\"vc_column-inner\"><div class=\"wpb_wrapper\"><div class=\"vc_empty_space\"   style=\"height: 30px\"><span class=\"vc_empty_space_inner\"><\/span><\/div><\/div><\/div><\/div><\/div><div class=\"vc_row-full-width vc_clearfix\"><\/div>","protected":false},"excerpt":{"rendered":"<h4><\/h4>\n<h4><em><span class=\"WdYUQQ text-decoration-none text-strikethrough-none\">Vin d&rsquo;exception d&rsquo;une gourmandise intense offrant une fra\u00eecheur inattendue.<\/span><\/em><\/h4>","protected":false},"featured_media":4889,"template":"","meta":[],"product_cat":[57,46],"product_tag":[43,45],"class_list":["post-5051","product","type-product","status-publish","has-post-thumbnail","hentry","product_cat-gewurztraminer-vendange-tardive","product_cat-vins-blancs","product_tag-alsace","product_tag-blanc"],"_links":{"self":[{"href":"https:\/\/weinzaepfel.fr\/en\/wp-json\/wp\/v2\/product\/5051"}],"collection":[{"href":"https:\/\/weinzaepfel.fr\/en\/wp-json\/wp\/v2\/product"}],"about":[{"href":"https:\/\/weinzaepfel.fr\/en\/wp-json\/wp\/v2\/types\/product"}],"wp:featuredmedia":[{"embeddable":true,"href":"https:\/\/weinzaepfel.fr\/en\/wp-json\/wp\/v2\/media\/4889"}],"wp:attachment":[{"href":"https:\/\/weinzaepfel.fr\/en\/wp-json\/wp\/v2\/media?parent=5051"}],"wp:term":[{"taxonomy":"product_cat","embeddable":true,"href":"https:\/\/weinzaepfel.fr\/en\/wp-json\/wp\/v2\/product_cat?post=5051"},{"taxonomy":"product_tag","embeddable":true,"href":"https:\/\/weinzaepfel.fr\/en\/wp-json\/wp\/v2\/product_tag?post=5051"}],"curies":[{"name":"wp","href":"https:\/\/api.w.org\/{rel}","templated":true}]}}