{"id":5212,"date":"2024-12-16T15:35:03","date_gmt":"2024-12-16T14:35:03","guid":{"rendered":"https:\/\/weinzaepfel.fr\/?post_type=product&#038;p=5212"},"modified":"2025-03-17T11:48:32","modified_gmt":"2025-03-17T10:48:32","slug":"vignes-quasi-centenaires","status":"publish","type":"product","link":"https:\/\/weinzaepfel.fr\/en\/product\/vignes-quasi-centenaires\/","title":{"rendered":"Riesling W S\u00e9lection de vignes quasi centenaires"},"content":{"rendered":"<div class=\"vc_row wpb_row vc_row-fluid vc_row-o-content-top vc_row-flex\"><div class=\"wpb_animate_when_almost_visible wpb_left-to-right left-to-right wpb_column vc_column_container vc_col-sm-6 vc_hidden-md vc_hidden-sm vc_hidden-xs\"><div class=\"vc_column-inner vc_custom_1637932358338\"><div class=\"wpb_wrapper\">\n\t<div class=\"wpb_text_column wpb_content_element\" >\n\t\t<div class=\"wpb_wrapper\">\n\t\t\t<h2>Terroir et Situation<\/h2>\n\n\t\t<\/div>\n\t<\/div>\n\n\t<div class=\"wpb_text_column wpb_content_element  vc_custom_1742208107728\" >\n\t\t<div class=\"wpb_wrapper\">\n\t\t\t<p class=\"cvGsUA direction-ltr align-justify para-style-body\"><span class=\"OYPEnA font-feature-liga-off font-feature-clig-off font-feature-calt-off text-decoration-none text-strikethrough-none\">Fleuron de la gamme, ce riesling est issu de nos plus vieilles vignes de s\u00e9lections massales. Il provient d\u2019une s\u00e9lection ultime des trois parcelles les plus anciennes du domaine. Situ\u00e9es sur la partie sommitale de la colline du Mittelbourg, les parcelles b\u00e9n\u00e9ficient d\u2019un ensoleillement id\u00e9al pour la maturation des rieslings. Le profil p\u00e9dologique apporte son empreinte pour nous \u00e9mouvoir..<\/span> <span class=\"OYPEnA font-feature-liga-off font-feature-clig-off font-feature-calt-off text-decoration-none text-strikethrough-none\">Ce vin est un assemblage du Finkennest et du Mittelbourg, des terroirs relativement similaires expos\u00e9s au sud. Toute la richesse du sol brun calcaire sur Marnes et conglom\u00e9rats argileux de l\u2019Oligoc\u00e8ne se d\u00e9voile dans ce vin.<\/span><\/p>\n\n\t\t<\/div>\n\t<\/div>\n<\/div><\/div><\/div><div class=\"wpb_animate_when_almost_visible wpb_right-to-left right-to-left wpb_column vc_column_container vc_col-sm-6 vc_hidden-md vc_hidden-sm vc_hidden-xs\"><div class=\"vc_column-inner\"><div class=\"wpb_wrapper\"><div class=\"vc_empty_space\"   style=\"height: 42px\"><span class=\"vc_empty_space_inner\"><\/span><\/div>\n\t<div  class=\"wpb_single_image wpb_content_element vc_align_left  vc_custom_1742208491847\">\n\t\t\n\t\t<figure class=\"wpb_wrapper vc_figure\">\n\t\t\t<div class=\"vc_single_image-wrapper   vc_box_border_grey\"><img loading=\"lazy\" decoding=\"async\" width=\"2438\" height=\"1861\" src=\"https:\/\/weinzaepfel.fr\/wp-content\/uploads\/2024\/12\/photo-new-depliant-autre-plan.jpg\" class=\"vc_single_image-img attachment-full\" alt=\"\" srcset=\"https:\/\/weinzaepfel.fr\/wp-content\/uploads\/2024\/12\/photo-new-depliant-autre-plan.jpg 2438w, https:\/\/weinzaepfel.fr\/wp-content\/uploads\/2024\/12\/photo-new-depliant-autre-plan-300x229.jpg 300w, https:\/\/weinzaepfel.fr\/wp-content\/uploads\/2024\/12\/photo-new-depliant-autre-plan-1024x782.jpg 1024w, https:\/\/weinzaepfel.fr\/wp-content\/uploads\/2024\/12\/photo-new-depliant-autre-plan-768x586.jpg 768w, https:\/\/weinzaepfel.fr\/wp-content\/uploads\/2024\/12\/photo-new-depliant-autre-plan-1536x1172.jpg 1536w, https:\/\/weinzaepfel.fr\/wp-content\/uploads\/2024\/12\/photo-new-depliant-autre-plan-2048x1563.jpg 2048w, https:\/\/weinzaepfel.fr\/wp-content\/uploads\/2024\/12\/photo-new-depliant-autre-plan-16x12.jpg 16w\" sizes=\"(max-width: 2438px) 100vw, 2438px\" \/><\/div>\n\t\t<\/figure>\n\t<\/div>\n<\/div><\/div><\/div><\/div><div class=\"vc_row wpb_row vc_row-fluid vc_custom_1625136973825 vc_row-has-fill vc_row-o-content-top vc_row-flex\"><div class=\"wpb_animate_when_almost_visible wpb_left-to-right left-to-right wpb_column vc_column_container vc_col-sm-12 vc_col-lg-6 vc_col-md-6 vc_hidden-md vc_hidden-sm vc_hidden-xs\"><div class=\"vc_column-inner\"><div class=\"wpb_wrapper\"><div class=\"vc_empty_space\"   style=\"height: 142px\"><span class=\"vc_empty_space_inner\"><\/span><\/div>\n\t<div  class=\"wpb_single_image wpb_content_element vc_align_left  vc_custom_1637224351624\">\n\t\t\n\t\t<figure class=\"wpb_wrapper vc_figure\">\n\t\t\t<div class=\"vc_single_image-wrapper   vc_box_border_grey\"><img loading=\"lazy\" decoding=\"async\" width=\"1440\" height=\"1800\" src=\"https:\/\/weinzaepfel.fr\/wp-content\/uploads\/2021\/07\/GEJJ4257.jpg\" class=\"vc_single_image-img attachment-full\" alt=\"\" srcset=\"https:\/\/weinzaepfel.fr\/wp-content\/uploads\/2021\/07\/GEJJ4257.jpg 1440w, https:\/\/weinzaepfel.fr\/wp-content\/uploads\/2021\/07\/GEJJ4257-240x300.jpg 240w, https:\/\/weinzaepfel.fr\/wp-content\/uploads\/2021\/07\/GEJJ4257-819x1024.jpg 819w, https:\/\/weinzaepfel.fr\/wp-content\/uploads\/2021\/07\/GEJJ4257-768x960.jpg 768w, https:\/\/weinzaepfel.fr\/wp-content\/uploads\/2021\/07\/GEJJ4257-1229x1536.jpg 1229w\" sizes=\"(max-width: 1440px) 100vw, 1440px\" \/><\/div>\n\t\t<\/figure>\n\t<\/div>\n<\/div><\/div><\/div><div class=\"wpb_column vc_column_container vc_col-sm-6 vc_col-lg-6 vc_col-md-6 vc_hidden-md vc_hidden-sm vc_hidden-xs\"><div class=\"vc_column-inner vc_custom_1637932365520\"><div class=\"wpb_wrapper\"><div class=\"vc_empty_space\"   style=\"height: 105px\"><span class=\"vc_empty_space_inner\"><\/span><\/div>\n\t<div class=\"wpb_text_column wpb_content_element\" >\n\t\t<div class=\"wpb_wrapper\">\n\t\t\t<h2>Culture de la vigne<\/h2>\n\n\t\t<\/div>\n\t<\/div>\n\n\t<div class=\"wpb_text_column wpb_content_element\" >\n\t\t<div class=\"wpb_wrapper\">\n\t\t\t<p>Notre vignoble est certifi\u00e9 en Agriculture biologique depuis 2022. Nos pratiques sont dict\u00e9es par les cycles lunaires.<\/p>\n<p style=\"text-align: justify;\">Vieilles vignes quasi centenaires permettant de chercher en profondeur la splendeur du terroir. Le rendement de ce vin est de 30 hl\/ha.<\/p>\n<p style=\"text-align: justify;\">Nous semons chaque ann\u00e9e des couverts v\u00e9g\u00e9taux en alternance avec une rang\u00e9e d\u2019herbes naturelles. Le travail du sol s\u2019effectue uniquement au niveau du cavaillon (le cavaillon est une bande de 30 cm situ\u00e9e sous la rang\u00e9e de vigne). La conduite responsable du vignoble est notre priorit\u00e9. Nous apportons particuli\u00e8rement d\u2019attention au d\u00e9veloppement de la vigne, \u00e0 son adaptation aux conditions climatiques afin d\u2019effectuer les travaux en ad\u00e9quation.<\/p>\n<p style=\"text-align: justify;\">Les diff\u00e9rentes s\u00e9lections sont r\u00e9alis\u00e9es tout au long de l\u2019ann\u00e9e\u00a0: Une taille m\u00e9ticuleuse et respectueuse des flux de s\u00e8ve, la suppression des doublons au printemps, une vendange en vert pour limiter le nombre de raisins et enfin un tri sur table effectu\u00e9 directement au vignoble pendant les vendanges. Notons que les vendanges sont faites \u00e0 la main pour conserver l\u2019int\u00e9grit\u00e9 du raisin.<\/p>\n<p style=\"text-align: justify;\">Tous ces \u00e9tapes sont cruciales pour conserver la puret\u00e9 aromatique et favoriser la concentration des raisins.<\/p>\n\n\t\t<\/div>\n\t<\/div>\n<\/div><\/div><\/div><\/div><div class=\"vc_row wpb_row vc_row-fluid vc_custom_1625136982025 vc_row-has-fill vc_row-o-content-top vc_row-flex\"><div class=\"wpb_animate_when_almost_visible wpb_left-to-right left-to-right wpb_column vc_column_container vc_col-sm-6 vc_col-lg-6 vc_col-md-6 vc_hidden-md vc_hidden-sm vc_hidden-xs\"><div class=\"vc_column-inner vc_custom_1637932381790\"><div class=\"wpb_wrapper\"><div class=\"vc_empty_space\"   style=\"height: 100px\"><span class=\"vc_empty_space_inner\"><\/span><\/div>\n\t<div class=\"title-subtitle-box\" style=\" text-align: left;\">\n\t\t<h1 style=\" font-style: normal;\">Vinification et \u00e9levage<\/h1>\n\t<\/div> \n\t<div class=\"wpb_text_column wpb_content_element\" >\n\t\t<div class=\"wpb_wrapper\">\n\t\t\t<p class=\"cvGsUA direction-ltr align-justify para-style-body\"><span class=\"OYPEnA text-decoration-none text-strikethrough-none\">Les rendements faibles de 30hl\/ha conf\u00e8rent \u00e0 ce vin une certaine maturit\u00e9 et un \u00e9quilibre. Les jus clairs sont obtenus suite \u00e0 un d\u00e9bourbage statique \u00e0 froid avec une terre de filtration. Les fermentations alcoolique (spontan\u00e9e) et malolactique sont r\u00e9alis\u00e9es sur ce vin.<\/span><\/p>\n<p class=\"cvGsUA direction-ltr align-justify para-style-body\"><span class=\"OYPEnA text-decoration-none text-strikethrough-none\">Un sulfitage \u00e0 3g\/hl est r\u00e9alis\u00e9 juste avant l&rsquo;\u00e9levage sur lies fines pour prot\u00e9ger le vin.<\/span><\/p>\n\n\t\t<\/div>\n\t<\/div>\n<\/div><\/div><\/div><div class=\"wpb_animate_when_almost_visible wpb_right-to-left right-to-left wpb_column vc_column_container vc_col-sm-12 vc_col-lg-6 vc_col-md-6 vc_hidden-md vc_hidden-sm vc_hidden-xs\"><div class=\"vc_column-inner\"><div class=\"wpb_wrapper\"><div class=\"vc_empty_space\"   style=\"height: 142px\"><span class=\"vc_empty_space_inner\"><\/span><\/div>\n\t<div  class=\"wpb_single_image wpb_content_element vc_align_left  vc_custom_1637224489736\">\n\t\t\n\t\t<figure class=\"wpb_wrapper vc_figure\">\n\t\t\t<div class=\"vc_single_image-wrapper   vc_box_border_grey\"><img loading=\"lazy\" decoding=\"async\" width=\"1124\" height=\"1124\" src=\"https:\/\/weinzaepfel.fr\/wp-content\/uploads\/2021\/11\/IMG_5532.jpg\" class=\"vc_single_image-img attachment-full\" alt=\"\" srcset=\"https:\/\/weinzaepfel.fr\/wp-content\/uploads\/2021\/11\/IMG_5532.jpg 1124w, https:\/\/weinzaepfel.fr\/wp-content\/uploads\/2021\/11\/IMG_5532-140x140.jpg 140w, https:\/\/weinzaepfel.fr\/wp-content\/uploads\/2021\/11\/IMG_5532-300x300.jpg 300w, https:\/\/weinzaepfel.fr\/wp-content\/uploads\/2021\/11\/IMG_5532-1024x1024.jpg 1024w, https:\/\/weinzaepfel.fr\/wp-content\/uploads\/2021\/11\/IMG_5532-150x150.jpg 150w, https:\/\/weinzaepfel.fr\/wp-content\/uploads\/2021\/11\/IMG_5532-768x768.jpg 768w\" sizes=\"(max-width: 1124px) 100vw, 1124px\" \/><\/div>\n\t\t<\/figure>\n\t<\/div>\n<\/div><\/div><\/div><\/div><div class=\"vc_row wpb_row vc_row-fluid vc_row-o-content-top vc_row-flex\"><div class=\"wpb_animate_when_almost_visible wpb_left-to-right left-to-right wpb_column vc_column_container vc_col-sm-12 vc_hidden-lg\"><div class=\"vc_column-inner vc_custom_1637932234141\"><div class=\"wpb_wrapper\"><div class=\"vc_empty_space\"   style=\"height: 20px\"><span class=\"vc_empty_space_inner\"><\/span><\/div>\n\t<div class=\"wpb_text_column wpb_content_element\" >\n\t\t<div class=\"wpb_wrapper\">\n\t\t\t<h2>Terroir et Situation<\/h2>\n\n\t\t<\/div>\n\t<\/div>\n\n\t<div  class=\"wpb_single_image wpb_content_element vc_align_left  vc_custom_1742208507828\">\n\t\t\n\t\t<figure class=\"wpb_wrapper vc_figure\">\n\t\t\t<div class=\"vc_single_image-wrapper   vc_box_border_grey\"><img loading=\"lazy\" decoding=\"async\" width=\"2438\" height=\"1861\" src=\"https:\/\/weinzaepfel.fr\/wp-content\/uploads\/2024\/12\/photo-new-depliant-autre-plan.jpg\" class=\"vc_single_image-img attachment-full\" alt=\"\" srcset=\"https:\/\/weinzaepfel.fr\/wp-content\/uploads\/2024\/12\/photo-new-depliant-autre-plan.jpg 2438w, https:\/\/weinzaepfel.fr\/wp-content\/uploads\/2024\/12\/photo-new-depliant-autre-plan-300x229.jpg 300w, https:\/\/weinzaepfel.fr\/wp-content\/uploads\/2024\/12\/photo-new-depliant-autre-plan-1024x782.jpg 1024w, https:\/\/weinzaepfel.fr\/wp-content\/uploads\/2024\/12\/photo-new-depliant-autre-plan-768x586.jpg 768w, https:\/\/weinzaepfel.fr\/wp-content\/uploads\/2024\/12\/photo-new-depliant-autre-plan-1536x1172.jpg 1536w, https:\/\/weinzaepfel.fr\/wp-content\/uploads\/2024\/12\/photo-new-depliant-autre-plan-2048x1563.jpg 2048w, https:\/\/weinzaepfel.fr\/wp-content\/uploads\/2024\/12\/photo-new-depliant-autre-plan-16x12.jpg 16w\" sizes=\"(max-width: 2438px) 100vw, 2438px\" \/><\/div>\n\t\t<\/figure>\n\t<\/div>\n<div class=\"vc_empty_space\"   style=\"height: 15px\"><span class=\"vc_empty_space_inner\"><\/span><\/div>\n\t<div class=\"wpb_text_column wpb_content_element  vc_custom_1742208094709\" >\n\t\t<div class=\"wpb_wrapper\">\n\t\t\t<p class=\"cvGsUA direction-ltr align-justify para-style-body\"><span class=\"OYPEnA font-feature-liga-off font-feature-clig-off font-feature-calt-off text-decoration-none text-strikethrough-none\">Fleuron de la gamme, ce riesling est issu de nos plus vieilles vignes de s\u00e9lections massales. Il provient d\u2019une s\u00e9lection ultime des trois parcelles les plus anciennes du domaine. Situ\u00e9es sur la partie sommitale de la colline du Mittelbourg, les parcelles b\u00e9n\u00e9ficient d\u2019un ensoleillement id\u00e9al pour la maturation des rieslings. Le profil p\u00e9dologique apporte son empreinte pour nous \u00e9mouvoir..<\/span> <span class=\"OYPEnA font-feature-liga-off font-feature-clig-off font-feature-calt-off text-decoration-none text-strikethrough-none\">Ce vin est un assemblage du Finkennest et du Mittelbourg, des terroirs relativement similaires expos\u00e9s au sud. Toute la richesse du sol brun calcaire sur Marnes et conglom\u00e9rats argileux de l\u2019Oligoc\u00e8ne se d\u00e9voile dans ce vin.<\/span><\/p>\n\n\t\t<\/div>\n\t<\/div>\n<\/div><\/div><\/div><\/div><div class=\"vc_row wpb_row vc_row-fluid vc_custom_1625136973825 vc_row-has-fill vc_row-o-content-top vc_row-flex\"><div class=\"wpb_column vc_column_container vc_col-sm-12 vc_hidden-lg\"><div class=\"vc_column-inner\"><div class=\"wpb_wrapper\"><div class=\"vc_empty_space\"   style=\"height: 20px\"><span class=\"vc_empty_space_inner\"><\/span><\/div>\n\t<div class=\"wpb_text_column wpb_content_element\" >\n\t\t<div class=\"wpb_wrapper\">\n\t\t\t<h2>Culture de la vigne<\/h2>\n\n\t\t<\/div>\n\t<\/div>\n\n\t<div  class=\"wpb_single_image wpb_content_element vc_align_left  vc_custom_1637224351624\">\n\t\t\n\t\t<figure class=\"wpb_wrapper vc_figure\">\n\t\t\t<div class=\"vc_single_image-wrapper   vc_box_border_grey\"><img loading=\"lazy\" decoding=\"async\" width=\"1440\" height=\"1800\" src=\"https:\/\/weinzaepfel.fr\/wp-content\/uploads\/2021\/07\/GEJJ4257.jpg\" class=\"vc_single_image-img attachment-full\" alt=\"\" srcset=\"https:\/\/weinzaepfel.fr\/wp-content\/uploads\/2021\/07\/GEJJ4257.jpg 1440w, https:\/\/weinzaepfel.fr\/wp-content\/uploads\/2021\/07\/GEJJ4257-240x300.jpg 240w, https:\/\/weinzaepfel.fr\/wp-content\/uploads\/2021\/07\/GEJJ4257-819x1024.jpg 819w, https:\/\/weinzaepfel.fr\/wp-content\/uploads\/2021\/07\/GEJJ4257-768x960.jpg 768w, https:\/\/weinzaepfel.fr\/wp-content\/uploads\/2021\/07\/GEJJ4257-1229x1536.jpg 1229w\" sizes=\"(max-width: 1440px) 100vw, 1440px\" \/><\/div>\n\t\t<\/figure>\n\t<\/div>\n<div class=\"vc_empty_space\"   style=\"height: 15px\"><span class=\"vc_empty_space_inner\"><\/span><\/div>\n\t<div class=\"wpb_text_column wpb_content_element\" >\n\t\t<div class=\"wpb_wrapper\">\n\t\t\t<p>Notre vignoble est certifi\u00e9 en Agriculture biologique depuis 2022. Nos pratiques sont dict\u00e9es par les cycles lunaires.<\/p>\n<p style=\"text-align: justify;\">Vieilles vignes quasi centenaires permettant de chercher en profondeur la splendeur du terroir. Le rendement de ce vin est de 30 hl\/ha.<\/p>\n<p style=\"text-align: justify;\">Nous semons chaque ann\u00e9e des couverts v\u00e9g\u00e9taux en alternance avec une rang\u00e9e d\u2019herbes naturelles. Le travail du sol s\u2019effectue uniquement au niveau du cavaillon (le cavaillon est une bande de 30 cm situ\u00e9e sous la rang\u00e9e de vigne). La conduite responsable du vignoble est notre priorit\u00e9. Nous apportons particuli\u00e8rement d\u2019attention au d\u00e9veloppement de la vigne, \u00e0 son adaptation aux conditions climatiques afin d\u2019effectuer les travaux en ad\u00e9quation.<\/p>\n<p style=\"text-align: justify;\">Les diff\u00e9rentes s\u00e9lections sont r\u00e9alis\u00e9es tout au long de l\u2019ann\u00e9e\u00a0: Une taille m\u00e9ticuleuse et respectueuse des flux de s\u00e8ve, la suppression des doublons au printemps, une vendange en vert pour limiter le nombre de raisins et enfin un tri sur table effectu\u00e9 directement au vignoble pendant les vendanges. Notons que les vendanges sont faites \u00e0 la main pour conserver l\u2019int\u00e9grit\u00e9 du raisin.<\/p>\n<p style=\"text-align: justify;\">Tous ces \u00e9tapes sont cruciales pour conserver la puret\u00e9 aromatique et favoriser la concentration des raisins.<\/p>\n\n\t\t<\/div>\n\t<\/div>\n<\/div><\/div><\/div><\/div><div class=\"vc_row wpb_row vc_row-fluid vc_custom_1625136982025 vc_row-has-fill vc_row-o-content-top vc_row-flex\"><div class=\"wpb_column vc_column_container vc_col-sm-12 vc_hidden-lg\"><div class=\"vc_column-inner\"><div class=\"wpb_wrapper\"><div class=\"vc_empty_space\"   style=\"height: 20px\"><span class=\"vc_empty_space_inner\"><\/span><\/div>\n\t<div class=\"title-subtitle-box\" style=\" text-align: left;\">\n\t\t<h1 style=\" font-style: normal;\">Vinification et \u00e9levage<\/h1>\n\t<\/div> \n\t<div  class=\"wpb_single_image wpb_content_element vc_align_left  vc_custom_1637224489736\">\n\t\t\n\t\t<figure class=\"wpb_wrapper vc_figure\">\n\t\t\t<div class=\"vc_single_image-wrapper   vc_box_border_grey\"><img loading=\"lazy\" decoding=\"async\" width=\"1124\" height=\"1124\" src=\"https:\/\/weinzaepfel.fr\/wp-content\/uploads\/2021\/11\/IMG_5532.jpg\" class=\"vc_single_image-img attachment-full\" alt=\"\" srcset=\"https:\/\/weinzaepfel.fr\/wp-content\/uploads\/2021\/11\/IMG_5532.jpg 1124w, https:\/\/weinzaepfel.fr\/wp-content\/uploads\/2021\/11\/IMG_5532-140x140.jpg 140w, https:\/\/weinzaepfel.fr\/wp-content\/uploads\/2021\/11\/IMG_5532-300x300.jpg 300w, https:\/\/weinzaepfel.fr\/wp-content\/uploads\/2021\/11\/IMG_5532-1024x1024.jpg 1024w, https:\/\/weinzaepfel.fr\/wp-content\/uploads\/2021\/11\/IMG_5532-150x150.jpg 150w, https:\/\/weinzaepfel.fr\/wp-content\/uploads\/2021\/11\/IMG_5532-768x768.jpg 768w\" sizes=\"(max-width: 1124px) 100vw, 1124px\" \/><\/div>\n\t\t<\/figure>\n\t<\/div>\n<div class=\"vc_empty_space\"   style=\"height: 15px\"><span class=\"vc_empty_space_inner\"><\/span><\/div>\n\t<div class=\"wpb_text_column wpb_content_element\" >\n\t\t<div class=\"wpb_wrapper\">\n\t\t\t<p class=\"cvGsUA direction-ltr align-justify para-style-body\"><span class=\"OYPEnA text-decoration-none text-strikethrough-none\">Les rendements faibles de 30hl\/ha conf\u00e8rent \u00e0 ce vin une certaine maturit\u00e9 et un \u00e9quilibre. Les jus clairs sont obtenus suite \u00e0 un d\u00e9bourbage statique \u00e0 froid avec une terre de filtration. Les fermentations alcoolique (spontan\u00e9e) et malolactique sont r\u00e9alis\u00e9es sur ce vin.<\/span><\/p>\n<p class=\"cvGsUA direction-ltr align-justify para-style-body\"><span class=\"OYPEnA text-decoration-none text-strikethrough-none\">Un sulfitage \u00e0 3g\/hl est r\u00e9alis\u00e9 juste avant l&rsquo;\u00e9levage sur lies fines pour prot\u00e9ger le vin.<\/span><\/p>\n\n\t\t<\/div>\n\t<\/div>\n<\/div><\/div><\/div><\/div><div class=\"vc_row wpb_row vc_row-fluid vc_custom_1637932007381 vc_row-has-fill\"><div class=\"wpb_animate_when_almost_visible wpb_left-to-right left-to-right wpb_column vc_column_container vc_col-sm-12 vc_hidden-lg vc_hidden-md vc_hidden-sm vc_col-has-fill\"><div class=\"vc_column-inner vc_custom_1637932105880\"><div class=\"wpb_wrapper\">\n\t<div class=\"wpb_text_column wpb_content_element\" >\n\t\t<div class=\"wpb_wrapper\">\n\t\t\t<h1 style=\"text-align: center; font-size: 60px;\"><span style=\"color: #808080;\">D\u00e9gustation<\/span><\/h1>\n\n\t\t<\/div>\n\t<\/div>\n<div class=\"vc_empty_space\"   style=\"height: 32px\"><span class=\"vc_empty_space_inner\"><\/span><\/div>\n\t<div  class=\"wpb_single_image wpb_content_element vc_align_center\">\n\t\t\n\t\t<figure class=\"wpb_wrapper vc_figure\">\n\t\t\t<div class=\"vc_single_image-wrapper   vc_box_border_grey\"><img loading=\"lazy\" decoding=\"async\" width=\"133\" height=\"105\" src=\"https:\/\/weinzaepfel.fr\/wp-content\/uploads\/2021\/11\/a_03.png\" class=\"vc_single_image-img attachment-medium\" alt=\"\" \/><\/div>\n\t\t<\/figure>\n\t<\/div>\n\n\t<div class=\"wpb_text_column wpb_content_element\" >\n\t\t<div class=\"wpb_wrapper\">\n\t\t\t<p style=\"text-align: left;\">Une couleur or blanc tr\u00e8s brillante parsem\u00e9e de reflets or.<\/p>\n\n\t\t<\/div>\n\t<\/div>\n<\/div><\/div><\/div><div class=\"wpb_column vc_column_container vc_col-sm-12 vc_hidden-lg vc_hidden-md vc_hidden-sm\"><div class=\"vc_column-inner\"><div class=\"wpb_wrapper\"><div class=\"vc_empty_space\"   style=\"height: 32px\"><span class=\"vc_empty_space_inner\"><\/span><\/div>\n\t<div  class=\"wpb_single_image wpb_content_element vc_align_center\">\n\t\t\n\t\t<figure class=\"wpb_wrapper vc_figure\">\n\t\t\t<div class=\"vc_single_image-wrapper   vc_box_border_grey\"><img loading=\"lazy\" decoding=\"async\" width=\"125\" height=\"151\" src=\"https:\/\/weinzaepfel.fr\/wp-content\/uploads\/2021\/11\/a_07.png\" class=\"vc_single_image-img attachment-medium\" alt=\"\" \/><\/div>\n\t\t<\/figure>\n\t<\/div>\n\n\t<div class=\"wpb_text_column wpb_content_element\" >\n\t\t<div class=\"wpb_wrapper\">\n\t\t\t<p class=\"cvGsUA direction-ltr align-justify para-style-body\"><span class=\"OYPEnA font-feature-liga-off font-feature-clig-off font-feature-calt-off text-decoration-none text-strikethrough-none\">Nez explosif de saveurs. \u00c9vocation premi\u00e8re de fruits \u00e0 chaire jaune.<\/span><\/p>\n<p class=\"cvGsUA direction-ltr align-justify para-style-body\"><span class=\"OYPEnA text-decoration-none text-strikethrough-none\">Le mill\u00e9sime 2022 r\u00e9v\u00e8le une complexit\u00e9 aromatique \u00e9minemment intense.<\/span><\/p>\n\n\t\t<\/div>\n\t<\/div>\n<\/div><\/div><\/div><div class=\"wpb_column vc_column_container vc_col-sm-12 vc_hidden-lg vc_hidden-md vc_hidden-sm\"><div class=\"vc_column-inner\"><div class=\"wpb_wrapper\"><div class=\"vc_empty_space\"   style=\"height: 32px\"><span class=\"vc_empty_space_inner\"><\/span><\/div>\n\t<div  class=\"wpb_single_image wpb_content_element vc_align_center\">\n\t\t\n\t\t<figure class=\"wpb_wrapper vc_figure\">\n\t\t\t<div class=\"vc_single_image-wrapper   vc_box_border_grey\"><img loading=\"lazy\" decoding=\"async\" width=\"133\" height=\"108\" src=\"https:\/\/weinzaepfel.fr\/wp-content\/uploads\/2021\/11\/a_10.png\" class=\"vc_single_image-img attachment-medium\" alt=\"\" \/><\/div>\n\t\t<\/figure>\n\t<\/div>\n\n\t<div class=\"wpb_text_column wpb_content_element\" >\n\t\t<div class=\"wpb_wrapper\">\n\t\t\t<p style=\"text-align: justify;\"><span class=\"OYPEnA text-decoration-none text-strikethrough-none\">Les vieilles vignes implant\u00e9es se sont adapt\u00e9es au climat pour affirmer les caract\u00e9ristiques du terroir. <span class=\"OYPEnA font-feature-liga-off font-feature-clig-off font-feature-calt-off text-decoration-none text-strikethrough-none\">Intensit\u00e9, salinit\u00e9, puret\u00e9 de fruit, subtils amers, allonge rac\u00e9e, conf\u00e8rent \u00e0 cette cuv\u00e9e un \u00e9quilibre unique.<\/span><\/span><\/p>\n\n\t\t<\/div>\n\t<\/div>\n<\/div><\/div><\/div><div class=\"wpb_column vc_column_container vc_col-sm-12 vc_hidden-lg vc_hidden-md vc_hidden-sm\"><div class=\"vc_column-inner\"><div class=\"wpb_wrapper\"><div class=\"vc_empty_space\"   style=\"height: 380px\"><span class=\"vc_empty_space_inner\"><\/span><\/div><\/div><\/div><\/div><\/div><div class=\"vc_row wpb_row vc_row-fluid vc_custom_1636134256641\"><div class=\"wpb_column vc_column_container vc_col-sm-4 vc_col-has-fill\"><div class=\"vc_column-inner vc_custom_1636132099713\"><div class=\"wpb_wrapper\"><\/div><\/div><\/div><div class=\"wpb_animate_when_almost_visible wpb_bottom-to-top bottom-to-top wpb_column vc_column_container vc_col-sm-4 vc_hidden-xs vc_col-has-fill\"><div class=\"vc_column-inner vc_custom_1636133633065\"><div class=\"wpb_wrapper\"><div class=\"vc_empty_space\"   style=\"height: 122px\"><span class=\"vc_empty_space_inner\"><\/span><\/div>\n\t<div  class=\"wpb_single_image wpb_content_element vc_align_center\">\n\t\t\n\t\t<figure class=\"wpb_wrapper vc_figure\">\n\t\t\t<div class=\"vc_single_image-wrapper   vc_box_border_grey\"><img loading=\"lazy\" decoding=\"async\" width=\"125\" height=\"151\" src=\"https:\/\/weinzaepfel.fr\/wp-content\/uploads\/2021\/11\/a_07.png\" class=\"vc_single_image-img attachment-medium\" alt=\"\" \/><\/div>\n\t\t<\/figure>\n\t<\/div>\n\n\t<div class=\"wpb_text_column wpb_content_element\" >\n\t\t<div class=\"wpb_wrapper\">\n\t\t\t<p class=\"cvGsUA direction-ltr align-justify para-style-body\"><span class=\"OYPEnA font-feature-liga-off font-feature-clig-off font-feature-calt-off text-decoration-none text-strikethrough-none\">Nez explosif de saveurs. \u00c9vocation premi\u00e8re de fruits \u00e0 chaire jaune.<\/span><\/p>\n<p class=\"cvGsUA direction-ltr align-justify para-style-body\"><span class=\"OYPEnA text-decoration-none text-strikethrough-none\">Le mill\u00e9sime 2022 r\u00e9v\u00e8le une complexit\u00e9 aromatique \u00e9minemment intense.<\/span><\/p>\n\n\t\t<\/div>\n\t<\/div>\n<\/div><\/div><\/div><div class=\"wpb_column vc_column_container vc_col-sm-4 vc_col-has-fill\"><div class=\"vc_column-inner vc_custom_1636132146199\"><div class=\"wpb_wrapper\"><\/div><\/div><\/div><\/div><div class=\"vc_row wpb_row vc_row-fluid\"><div class=\"wpb_column vc_column_container vc_col-sm-12 vc_hidden-xs\"><div class=\"vc_column-inner\"><div class=\"wpb_wrapper\">\n\t<div class=\"wpb_text_column wpb_content_element  vc_custom_1636132157631\" >\n\t\t<div class=\"wpb_wrapper\">\n\t\t\t<h1 style=\"text-align: center; font-size: 120px;\"><span style=\"color: #808080;\">D\u00e9gustation<\/span><\/h1>\n\n\t\t<\/div>\n\t<\/div>\n<\/div><\/div><\/div><\/div><div class=\"vc_row wpb_row vc_row-fluid vc_custom_1636133137811 vc_row-has-fill\"><div class=\"wpb_column vc_column_container vc_col-sm-4 vc_hidden-xs vc_col-has-fill\"><div class=\"vc_column-inner vc_custom_1637865096213\"><div class=\"wpb_wrapper\"><div class=\"vc_empty_space\"   style=\"height: 32px\"><span class=\"vc_empty_space_inner\"><\/span><\/div>\n\t<div  class=\"wpb_single_image wpb_content_element vc_align_center\">\n\t\t\n\t\t<figure class=\"wpb_wrapper vc_figure\">\n\t\t\t<div class=\"vc_single_image-wrapper   vc_box_border_grey\"><img loading=\"lazy\" decoding=\"async\" width=\"133\" height=\"105\" src=\"https:\/\/weinzaepfel.fr\/wp-content\/uploads\/2021\/11\/a_03.png\" class=\"vc_single_image-img attachment-medium\" alt=\"\" \/><\/div>\n\t\t<\/figure>\n\t<\/div>\n\n\t<div class=\"wpb_text_column wpb_content_element\" >\n\t\t<div class=\"wpb_wrapper\">\n\t\t\t<p style=\"text-align: left;\">Une couleur or blanc tr\u00e8s brillante parsem\u00e9e de reflets or.<\/p>\n\n\t\t<\/div>\n\t<\/div>\n<\/div><\/div><\/div><div class=\"wpb_column vc_column_container vc_col-sm-4\"><div class=\"vc_column-inner\"><div class=\"wpb_wrapper\"><\/div><\/div><\/div><div class=\"wpb_column vc_column_container vc_col-sm-4 vc_hidden-xs vc_col-has-fill\"><div class=\"vc_column-inner vc_custom_1637865104631\"><div class=\"wpb_wrapper\"><div class=\"vc_empty_space\"   style=\"height: 32px\"><span class=\"vc_empty_space_inner\"><\/span><\/div>\n\t<div  class=\"wpb_single_image wpb_content_element vc_align_center\">\n\t\t\n\t\t<figure class=\"wpb_wrapper vc_figure\">\n\t\t\t<div class=\"vc_single_image-wrapper   vc_box_border_grey\"><img loading=\"lazy\" decoding=\"async\" width=\"133\" height=\"108\" src=\"https:\/\/weinzaepfel.fr\/wp-content\/uploads\/2021\/11\/a_10.png\" class=\"vc_single_image-img attachment-medium\" alt=\"\" \/><\/div>\n\t\t<\/figure>\n\t<\/div>\n\n\t<div class=\"wpb_text_column wpb_content_element\" >\n\t\t<div class=\"wpb_wrapper\">\n\t\t\t<p style=\"text-align: justify;\"><span class=\"OYPEnA text-decoration-none text-strikethrough-none\">Les vieilles vignes implant\u00e9es se sont adapt\u00e9es au climat pour affirmer les caract\u00e9ristiques du terroir. <span class=\"OYPEnA font-feature-liga-off font-feature-clig-off font-feature-calt-off text-decoration-none text-strikethrough-none\">Intensit\u00e9, salinit\u00e9, puret\u00e9 de fruit, subtils amers, allonge rac\u00e9e, conf\u00e8rent \u00e0 cette cuv\u00e9e un \u00e9quilibre unique.<\/span><\/span><\/p>\n\n\t\t<\/div>\n\t<\/div>\n<\/div><\/div><\/div><\/div><div class=\"vc_row wpb_row vc_row-fluid\"><div class=\"wpb_column vc_column_container vc_col-sm-12\"><div class=\"vc_column-inner\"><div class=\"wpb_wrapper\"><div class=\"vc_empty_space\"   style=\"height: 32px\"><span class=\"vc_empty_space_inner\"><\/span><\/div>\n<div class=\"vc-zigzag-wrapper vc-zigzag-align-center\"><div class=\"vc-zigzag-inner\" style=\"width: 100%;min-height: 14px;background: 0 repeat-x url(&#039;data:image\/svg+xml;utf-8,%3C%3Fxml%20version%3D%221.0%22%20encoding%3D%22utf-8%22%3F%3E%3C%21DOCTYPE%20svg%20PUBLIC%20%22-%2F%2FW3C%2F%2FDTD%20SVG%201.1%2F%2FEN%22%20%22http%3A%2F%2Fwww.w3.org%2FGraphics%2FSVG%2F1.1%2FDTD%2Fsvg11.dtd%22%3E%3Csvg%20width%3D%2214px%22%20height%3D%2212px%22%20viewBox%3D%220%200%2018%2015%22%20version%3D%221.1%22%20xmlns%3D%22http%3A%2F%2Fwww.w3.org%2F2000%2Fsvg%22%20xmlns%3Axlink%3D%22http%3A%2F%2Fwww.w3.org%2F1999%2Fxlink%22%3E%3Cpolygon%20id%3D%22Combined-Shape%22%20fill%3D%22%23cec2ab%22%20points%3D%228.98762301%200%200%209.12771969%200%2014.519983%209%205.40479869%2018%2014.519983%2018%209.12771969%22%3E%3C%2Fpolygon%3E%3C%2Fsvg%3E&#039;);\"><\/div><\/div>\n\t<div class=\"wpb_text_column wpb_content_element  wpb_animate_when_almost_visible wpb_bounceIn bounceIn vc_custom_1742208326245\" >\n\t\t<div class=\"wpb_wrapper\">\n\t\t\t<h3 style=\"text-align: center;\"><span style=\"color: #b0976d;\">Id\u00e9e d\u2019accord<\/span><\/h3>\n<p style=\"text-align: center;\"><b>Sa vivacit\u00e9 fera de beaux accords \u00e0 table, notamment avec des poissons.\u00a0<\/b><\/p>\n<h3 style=\"text-align: center;\"><span style=\"color: #b0976d;\">Optimum de d\u00e9gustation<\/span><\/h3>\n<p style=\"text-align: center;\">Grand potentiel de garde de 20 ans<\/p>\n\n\t\t<\/div>\n\t<\/div>\n\n<div class=\"vc-zigzag-wrapper vc-zigzag-align-center\"><div class=\"vc-zigzag-inner\" style=\"width: 100%;min-height: 14px;background: 0 repeat-x url(&#039;data:image\/svg+xml;utf-8,%3C%3Fxml%20version%3D%221.0%22%20encoding%3D%22utf-8%22%3F%3E%3C%21DOCTYPE%20svg%20PUBLIC%20%22-%2F%2FW3C%2F%2FDTD%20SVG%201.1%2F%2FEN%22%20%22http%3A%2F%2Fwww.w3.org%2FGraphics%2FSVG%2F1.1%2FDTD%2Fsvg11.dtd%22%3E%3Csvg%20width%3D%2214px%22%20height%3D%2212px%22%20viewBox%3D%220%200%2018%2015%22%20version%3D%221.1%22%20xmlns%3D%22http%3A%2F%2Fwww.w3.org%2F2000%2Fsvg%22%20xmlns%3Axlink%3D%22http%3A%2F%2Fwww.w3.org%2F1999%2Fxlink%22%3E%3Cpolygon%20id%3D%22Combined-Shape%22%20fill%3D%22%23cec2ab%22%20points%3D%228.98762301%200%200%209.12771969%200%2014.519983%209%205.40479869%2018%2014.519983%2018%209.12771969%22%3E%3C%2Fpolygon%3E%3C%2Fsvg%3E&#039;);\"><\/div><\/div><\/div><\/div><\/div><\/div><div data-vc-full-width=\"true\" data-vc-full-width-init=\"false\" data-vc-stretch-content=\"true\" class=\"vc_row wpb_row vc_row-fluid vc_custom_1624287233712 vc_row-has-fill vc_row-o-content-top vc_row-flex\"><div class=\"wpb_column vc_column_container vc_col-sm-12\"><div class=\"vc_column-inner\"><div class=\"wpb_wrapper\"><div class=\"vc_empty_space\"   style=\"height: 30px\"><span class=\"vc_empty_space_inner\"><\/span><\/div><\/div><\/div><\/div><\/div><div class=\"vc_row-full-width vc_clearfix\"><\/div><div data-vc-full-width=\"true\" data-vc-full-width-init=\"false\" class=\"vc_row wpb_row vc_row-fluid vc_custom_1624974449111 vc_row-has-fill vc_row-o-content-top vc_row-flex\"><div class=\"wpb_column vc_column_container vc_col-sm-3\"><div class=\"vc_column-inner\"><div class=\"wpb_wrapper\">\n\t<div  class=\"wpb_single_image wpb_content_element vc_align_left\">\n\t\t\n\t\t<figure class=\"wpb_wrapper vc_figure\">\n\t\t\t<div class=\"vc_single_image-wrapper   vc_box_border_grey\"><img loading=\"lazy\" decoding=\"async\" width=\"160\" height=\"86\" src=\"https:\/\/weinzaepfel.fr\/wp-content\/uploads\/2021\/06\/logoWEINZ160.png\" class=\"vc_single_image-img attachment-full\" alt=\"\" \/><\/div>\n\t\t<\/figure>\n\t<\/div>\n\n\t<div class=\"wpb_text_column wpb_content_element\" >\n\t\t<div class=\"wpb_wrapper\">\n\t\t\t<p><span style=\"color: #ffffff;\">3 Rue de la Chapelle, 68360 Soultz-Haut-Rhin<\/span><\/p>\n\n\t\t<\/div>\n\t<\/div>\n<\/div><\/div><\/div><div class=\"wpb_column vc_column_container vc_col-sm-3\"><div class=\"vc_column-inner vc_custom_1624871888116\"><div class=\"wpb_wrapper\">\n\t<div class=\"wpb_text_column wpb_content_element\" >\n\t\t<div class=\"wpb_wrapper\">\n\t\t\t<p style=\"text-align: left;\"><span style=\"color: #ffffff;\"><strong>Contact<\/strong><br \/>\n<\/span><\/p>\n\n\t\t<\/div>\n\t<\/div>\n\n\t<div  class=\"wpb_single_image wpb_content_element vc_align_left\">\n\t\t\n\t\t<figure class=\"wpb_wrapper vc_figure\">\n\t\t\t<a href=\"tel:+33686653618\" target=\"_self\" class=\"vc_single_image-wrapper   vc_box_border_grey\"><img loading=\"lazy\" decoding=\"async\" width=\"224\" height=\"38\" src=\"https:\/\/weinzaepfel.fr\/wp-content\/uploads\/2021\/06\/tle.jpg\" class=\"vc_single_image-img attachment-full\" alt=\"\" \/><\/a>\n\t\t<\/figure>\n\t<\/div>\n\n\t<div  class=\"wpb_single_image wpb_content_element vc_align_left\">\n\t\t\n\t\t<figure class=\"wpb_wrapper vc_figure\">\n\t\t\t<div class=\"vc_single_image-wrapper   vc_box_border_grey\"><img loading=\"lazy\" decoding=\"async\" width=\"224\" height=\"38\" src=\"https:\/\/weinzaepfel.fr\/wp-content\/uploads\/2021\/06\/mail.jpg\" class=\"vc_single_image-img attachment-full\" alt=\"\" \/><\/div>\n\t\t<\/figure>\n\t<\/div>\n<\/div><\/div><\/div><div class=\"wpb_column vc_column_container vc_col-sm-3\"><div class=\"vc_column-inner\"><div class=\"wpb_wrapper\">\n\t<div class=\"wpb_text_column wpb_content_element\" >\n\t\t<div class=\"wpb_wrapper\">\n\t\t\t<p><span style=\"color: #ffffff;\"><strong>Schedule <\/strong><\/span><\/p>\n\n\t\t<\/div>\n\t<\/div>\n\n\t<div class=\"wpb_text_column wpb_content_element\" >\n\t\t<div class=\"wpb_wrapper\">\n\t\t\t<p><span style=\"color: #ffffff;\">Ouvert de 8h \u00e0 20h tous les jours<\/span><\/p>\n<p>&nbsp;<\/p>\n<p><em><span style=\"color: #ffffff;\">Weekends by appointment<\/span><\/em><\/p>\n\n\t\t<\/div>\n\t<\/div>\n<\/div><\/div><\/div><div class=\"wpb_column vc_column_container vc_col-sm-3\"><div class=\"vc_column-inner\"><div class=\"wpb_wrapper\">\n\t<div  class=\"wpb_single_image wpb_content_element vc_align_left\">\n\t\t\n\t\t<figure class=\"wpb_wrapper vc_figure\">\n\t\t\t<a href=\"https:\/\/www.facebook.com\/domaineweinzaepfel\" target=\"_blank\" class=\"vc_single_image-wrapper   vc_box_border_grey\"><img loading=\"lazy\" decoding=\"async\" width=\"200\" height=\"79\" src=\"https:\/\/weinzaepfel.fr\/wp-content\/uploads\/2021\/06\/suiveznousfacebook.jpg\" class=\"vc_single_image-img attachment-large\" alt=\"\" \/><\/a>\n\t\t<\/figure>\n\t<\/div>\n\n\t<div  class=\"wpb_single_image wpb_content_element vc_align_left\">\n\t\t\n\t\t<figure class=\"wpb_wrapper vc_figure\">\n\t\t\t<a href=\"https:\/\/www.facebook.com\/domaineweinzaepfel\" target=\"_self\" class=\"vc_single_image-wrapper   vc_box_border_grey\"><img loading=\"lazy\" decoding=\"async\" width=\"200\" height=\"79\" src=\"https:\/\/weinzaepfel.fr\/wp-content\/uploads\/2021\/06\/suiveznousurinsta.jpg\" class=\"vc_single_image-img attachment-large\" alt=\"\" \/><\/a>\n\t\t<\/figure>\n\t<\/div>\n<\/div><\/div><\/div><\/div><div class=\"vc_row-full-width vc_clearfix\"><\/div><div data-vc-full-width=\"true\" data-vc-full-width-init=\"false\" data-vc-stretch-content=\"true\" class=\"vc_row wpb_row vc_row-fluid vc_custom_1624287233712 vc_row-has-fill vc_row-o-content-top vc_row-flex\"><div class=\"wpb_column vc_column_container vc_col-sm-12\"><div class=\"vc_column-inner\"><div class=\"wpb_wrapper\"><div class=\"vc_empty_space\"   style=\"height: 30px\"><span class=\"vc_empty_space_inner\"><\/span><\/div><\/div><\/div><\/div><\/div><div class=\"vc_row-full-width vc_clearfix\"><\/div>","protected":false},"excerpt":{"rendered":"<h4><span class=\"OYPEnA font-feature-liga-off font-feature-clig-off font-feature-calt-off text-decoration-none text-strikethrough-none\">Blanc par excellence, richesse hors normes. Vignes quasi centenaires.<\/span><\/h4>","protected":false},"featured_media":0,"template":"","meta":[],"product_cat":[35,46],"product_tag":[43,45],"class_list":["post-5212","product","type-product","status-publish","hentry","product_cat-riesling","product_cat-vins-blancs","product_tag-alsace","product_tag-blanc"],"_links":{"self":[{"href":"https:\/\/weinzaepfel.fr\/en\/wp-json\/wp\/v2\/product\/5212"}],"collection":[{"href":"https:\/\/weinzaepfel.fr\/en\/wp-json\/wp\/v2\/product"}],"about":[{"href":"https:\/\/weinzaepfel.fr\/en\/wp-json\/wp\/v2\/types\/product"}],"wp:attachment":[{"href":"https:\/\/weinzaepfel.fr\/en\/wp-json\/wp\/v2\/media?parent=5212"}],"wp:term":[{"taxonomy":"product_cat","embeddable":true,"href":"https:\/\/weinzaepfel.fr\/en\/wp-json\/wp\/v2\/product_cat?post=5212"},{"taxonomy":"product_tag","embeddable":true,"href":"https:\/\/weinzaepfel.fr\/en\/wp-json\/wp\/v2\/product_tag?post=5212"}],"curies":[{"name":"wp","href":"https:\/\/api.w.org\/{rel}","templated":true}]}}